{"id":1145,"date":"2013-03-23T13:56:25","date_gmt":"2013-03-23T13:56:25","guid":{"rendered":"http:\/\/maquisdelorris.fr\/resistance\/?page_id=1145"},"modified":"2025-03-05T16:07:06","modified_gmt":"2025-03-05T16:07:06","slug":"lafaam-2","status":"publish","type":"page","link":"https:\/\/maquisdelorris.fr\/resistance\/?page_id=1145","title":{"rendered":"Origines, missions"},"content":{"rendered":"\n<h4 class=\"wp-block-heading\">Une Amicale des Anciens du maquis de 1945 \u00e0 2003<\/h4>\n\n\n\n<p>D\u00e8s 1945, un m\u00e9morial a \u00e9t\u00e9 \u00e9rig\u00e9 au Carrefour d\u2019Orl\u00e9ans devenu le <a href=\"https:\/\/maquisdelorris.fr\/resistance\/?page_id=109\" target=\"_blank\" rel=\"noopener\" title=\"\">Carrefour de la R\u00e9sistance<\/a> et une <strong>Amicale des Anciens du Maquis <\/strong>perp\u00e9tue chaque ann\u00e9e le souvenir des \u00e9v\u00e9nements tragiques qui ont fortement marqu\u00e9 l\u2019histoire locale.<\/p>\n\n\n\n<p><strong>Albert Paul<\/strong>, ancien r\u00e9sistant du Maquis de Lorris, se voit confier par le <a href=\"https:\/\/maquisdelorris.fr\/resistance\/?page_id=299\" target=\"_blank\" rel=\"noopener\" title=\"\">Colonel O&rsquo;Neill<\/a> la t\u00e2che de cr\u00e9er et diriger l&rsquo;amicale, charge qu&rsquo;il a assum\u00e9e pendant pr\u00e8s de 40 ans, entre 1945 et 1985, dans des conditions souvent difficiles et avec un d\u00e9vouement sans limite, avec le concours de nombreux amis. Cette amicale a ensuite \u00e9t\u00e9 dirig\u00e9e par <strong><a href=\"https:\/\/maquisdelorris.fr\/resistance\/?page_id=5952\" target=\"_blank\" rel=\"noopener\" title=\"\">Bernard Chalopin<\/a><\/strong>, pr\u00e9sident de 1985 \u00e0 2003. <\/p>\n\n\n\n<div class=\"wp-block-media-text is-stacked-on-mobile\" style=\"grid-template-columns:64% auto\"><figure class=\"wp-block-media-text__media\"><img loading=\"lazy\" decoding=\"async\" width=\"1024\" height=\"763\" src=\"https:\/\/maquisdelorris.fr\/resistance\/wp-content\/uploads\/2016\/11\/R\u00e9union-maquisards-lorris-1024x763.jpg\" alt=\"\" class=\"wp-image-4324 size-full\" srcset=\"https:\/\/maquisdelorris.fr\/resistance\/wp-content\/uploads\/2016\/11\/R\u00e9union-maquisards-lorris-1024x763.jpg 1024w, https:\/\/maquisdelorris.fr\/resistance\/wp-content\/uploads\/2016\/11\/R\u00e9union-maquisards-lorris-300x223.jpg 300w, https:\/\/maquisdelorris.fr\/resistance\/wp-content\/uploads\/2016\/11\/R\u00e9union-maquisards-lorris-768x572.jpg 768w, https:\/\/maquisdelorris.fr\/resistance\/wp-content\/uploads\/2016\/11\/R\u00e9union-maquisards-lorris.jpg 1709w\" sizes=\"auto, (max-width: 1024px) 100vw, 1024px\" \/><\/figure><div class=\"wp-block-media-text__content\">\n<p><em><br>Devant la maison foresti\u00e8re de Lorris, Carrefour de la R\u00e9sistance, les anciens maquisards prennent la pose, 1946<\/em><\/p>\n\n\n\n<p><em>(Droits r\u00e9serv\u00e9s, AFAAM)<\/em><\/p>\n<\/div><\/div>\n\n\n\n<p>Voici alors les objectifs de l\u2019Amicale, extraits de son journal de marche :<\/p>\n\n\n\n<h4 class=\"wp-block-heading\"><em><strong> &#8211; Se regrouper dans une AMICALE,<br> &#8211; Edifier un monument \u00e0 la m\u00e9moire de leurs camarades \u00ab\u00a0MORTS POUR LA FRANCE\u00a0\u00bb,<br> &#8211; Perp\u00e9tuer une c\u00e9r\u00e9monie annuelle en souvenir du 14 Ao\u00fbt 1944,<br> &#8211; Cr\u00e9er leur journal de marche retra\u00e7ant les faits r\u00e9els qui se sont d\u00e9roul\u00e9s pour la d\u00e9fense de la FRANCE<\/strong><\/em>.<\/h4>\n\n\n\n<p>C&rsquo;est ainsi que l&rsquo;amicale a pris en charge la cr\u00e9ation du monument aux Morts et du cimeti\u00e8re au Carrefour de la R\u00e9sistance en for\u00eat d&rsquo;Orl\u00e9ans, y assurant \u00e9galement les c\u00e9r\u00e9monies comm\u00e9moratives des <a href=\"https:\/\/maquisdelorris.fr\/resistance\/?page_id=105\" target=\"_blank\" rel=\"noopener\" title=\"\">combats du 14 Ao\u00fbt 1944<\/a>, avec le soutien \u00e0 l&rsquo;\u00e9poque de l&rsquo;Administration des Eaux et For\u00eats, des Municipalit\u00e9s de Montargis et Lorris. <\/p>\n\n\n<div class=\"wp-block-image\">\n<figure class=\"aligncenter size-large is-resized\"><a href=\"https:\/\/maquisdelorris.fr\/resistance\/wp-content\/uploads\/2023\/08\/14-aout-1946.jpg\"><img loading=\"lazy\" decoding=\"async\" width=\"1024\" height=\"404\" src=\"https:\/\/maquisdelorris.fr\/resistance\/wp-content\/uploads\/2023\/08\/14-aout-1946-1024x404.jpg\" alt=\"\" class=\"wp-image-8304\" style=\"width:947px;height:374px\" srcset=\"https:\/\/maquisdelorris.fr\/resistance\/wp-content\/uploads\/2023\/08\/14-aout-1946-1024x404.jpg 1024w, https:\/\/maquisdelorris.fr\/resistance\/wp-content\/uploads\/2023\/08\/14-aout-1946-300x118.jpg 300w, https:\/\/maquisdelorris.fr\/resistance\/wp-content\/uploads\/2023\/08\/14-aout-1946-768x303.jpg 768w, https:\/\/maquisdelorris.fr\/resistance\/wp-content\/uploads\/2023\/08\/14-aout-1946-1536x606.jpg 1536w, https:\/\/maquisdelorris.fr\/resistance\/wp-content\/uploads\/2023\/08\/14-aout-1946-2048x808.jpg 2048w, https:\/\/maquisdelorris.fr\/resistance\/wp-content\/uploads\/2023\/08\/14-aout-1946-640x253.jpg 640w, https:\/\/maquisdelorris.fr\/resistance\/wp-content\/uploads\/2023\/08\/14-aout-1946-969x382.jpg 969w\" sizes=\"auto, (max-width: 1024px) 100vw, 1024px\" \/><\/a><\/figure>\n<\/div>\n\n<div class=\"wp-block-image\">\n<figure class=\"aligncenter size-large is-resized\"><a href=\"https:\/\/maquisdelorris.fr\/resistance\/wp-content\/uploads\/2023\/08\/14-aout-1946-2.jpg\"><img loading=\"lazy\" decoding=\"async\" width=\"1024\" height=\"348\" src=\"https:\/\/maquisdelorris.fr\/resistance\/wp-content\/uploads\/2023\/08\/14-aout-1946-2-1024x348.jpg\" alt=\"\" class=\"wp-image-8305\" style=\"object-fit:cover;width:953px;height:322px\" srcset=\"https:\/\/maquisdelorris.fr\/resistance\/wp-content\/uploads\/2023\/08\/14-aout-1946-2-1024x348.jpg 1024w, https:\/\/maquisdelorris.fr\/resistance\/wp-content\/uploads\/2023\/08\/14-aout-1946-2-300x102.jpg 300w, https:\/\/maquisdelorris.fr\/resistance\/wp-content\/uploads\/2023\/08\/14-aout-1946-2-768x261.jpg 768w, https:\/\/maquisdelorris.fr\/resistance\/wp-content\/uploads\/2023\/08\/14-aout-1946-2-1536x522.jpg 1536w, https:\/\/maquisdelorris.fr\/resistance\/wp-content\/uploads\/2023\/08\/14-aout-1946-2-2048x696.jpg 2048w, https:\/\/maquisdelorris.fr\/resistance\/wp-content\/uploads\/2023\/08\/14-aout-1946-2-640x217.jpg 640w, https:\/\/maquisdelorris.fr\/resistance\/wp-content\/uploads\/2023\/08\/14-aout-1946-2-969x329.jpg 969w\" sizes=\"auto, (max-width: 1024px) 100vw, 1024px\" \/><\/a><figcaption class=\"wp-element-caption\">La premi\u00e8re c\u00e9r\u00e9monie au Carrefour le 14 ao\u00fbt 1946, \u00e0 l&rsquo;initiative de l&rsquo;Amicale des Anciens du Maquis<br>(Droits r\u00e9serv\u00e9s AFAAM, coll. Monique Goy, fille de Jean Goy, garde forestier domicili\u00e9 au Carrefour dans la maison de Montereau<br> avec sa femme Marthe, leurs deux filles, Monique 8 ans, Fran\u00e7oise 10 mois n\u00e9e au Carrefour, et assassin\u00e9 le 14 ao\u00fbt 1944 par les Allemands)<\/figcaption><\/figure>\n<\/div>\n\n<div class=\"wp-block-image\">\n<figure class=\"alignright is-resized\"><a href=\"https:\/\/maquisdelorris.fr\/resistance\/wp-content\/uploads\/2011\/04\/livre-vert.jpg\"><img loading=\"lazy\" decoding=\"async\" width=\"219\" height=\"300\" src=\"https:\/\/maquisdelorris.fr\/resistance\/wp-content\/uploads\/2011\/04\/livre-vert-219x300.jpg\" alt=\"Le journal de marche des anciens du Maquis de Lorris r\u00e9actualis\u00e9 (en vente au Mus\u00e9e d\u00e9partemental de la R\u00e9sistance et de la D\u00e9portation de Lorris)\" class=\"wp-image-266\" style=\"width:169px;height:232px\" srcset=\"https:\/\/maquisdelorris.fr\/resistance\/wp-content\/uploads\/2011\/04\/livre-vert-219x300.jpg 219w, https:\/\/maquisdelorris.fr\/resistance\/wp-content\/uploads\/2011\/04\/livre-vert-748x1024.jpg 748w, https:\/\/maquisdelorris.fr\/resistance\/wp-content\/uploads\/2011\/04\/livre-vert.jpg 1759w\" sizes=\"auto, (max-width: 219px) 100vw, 219px\" \/><\/a><figcaption class=\"wp-element-caption\">Le journal de marche des anciens du Maquis de Lorris r\u00e9actualis\u00e9 (en vente au Mus\u00e9e d\u00e9partemental de la R\u00e9sistance et de la D\u00e9portation de Lorris)<\/figcaption><\/figure>\n<\/div>\n\n\n<p>En 1947, paraissait le premier journal de marche, un livre avant tout d\u00e9di\u00e9 \u00e0 la m\u00e9moire de ceux qui ont \u00e9t\u00e9 tu\u00e9s. Cette \u0153uvre collective voulue par l&rsquo;amicale est destin\u00e9e \u00e0 \u00e9voluer dans le temps, les anciens tentant de rassembler de nouveaux t\u00e9moignages, des documents in\u00e9dits, des informations diverses, aupr\u00e8s de leurs compagnons d&rsquo;armes, alors dispers\u00e9s. Les \u00e9ditions se succ\u00e8dent ainsi, mais toujours avec sa couverture immuable, ainsi que sa pr\u00e9face sign\u00e9e du Commandant d&rsquo;Aboville.<\/p>\n\n\n\n<p><\/p>\n\n\n\n<h4 class=\"wp-block-heading\">2003, cr\u00e9ation de l&rsquo;AFAAM, <strong>Association des Familles et Amis des Anciens du Maquis de Lorris<\/strong><\/h4>\n\n\n\n<p>L\u2019<strong>AFAAM<\/strong> a \u00e9t\u00e9 cr\u00e9\u00e9e en mars 2003 suite \u00e0 la dissolution de l\u2019Amicale des Anciens du Maquis, pour se pr\u00e9parer \u00e0 prendre la rel\u00e8ve de nos anciens dont les effectifs se r\u00e9duisent alors naturellement d&rsquo;ann\u00e9e en ann\u00e9e. Entre 2003 et 2015, l\u2019AFAAM est pr\u00e9sid\u00e9e par <strong>Monique H\u00e9au<\/strong>, fille de Jean H\u00e9au, ancien du Maquis de Lorris.<\/p>\n\n\n\n<p>C&rsquo;est au lendemain des c\u00e9r\u00e9monies du&nbsp;<a href=\"https:\/\/maquisdelorris.fr\/resistance\/?page_id=3817\" target=\"_blank\" rel=\"noopener\" title=\"\">70<sup>\u00e8me<\/sup> anniversaire<\/a> de l\u2019attaque du maquis le 14 ao\u00fbt 1944 que l&rsquo;association d\u00e9cide de prendre un nouveau d\u00e9part : nouvelles orientations, d\u00e9veloppement de nouvelles activit\u00e9s, nouvelles formes d&rsquo;organisation, le d\u00e9fi est de taille pour&nbsp;perp\u00e9tuer la m\u00e9moire des anciens du maquis. L\u2019assembl\u00e9e g\u00e9n\u00e9rale annuelle de l\u2019association qui a eu lieu le 10 mai 2015 a en effet vu le d\u00e9part de sa pr\u00e9sidente \u00ab&nbsp;historique&nbsp;\u00bb Monique H\u00e9au, qui reste n\u00e9anmoins bien pr\u00e9sente dans l&rsquo;organigramme du nouveau Conseil d&rsquo;administration apr\u00e8s 12 ann\u00e9es d\u00e9vou\u00e9es \u00e0 la cause de l&rsquo;association.<\/p>\n\n\n\n<p><strong>Denis Godeau<\/strong> est \u00e9lu pour prendre la succession de Monique H\u00e9au \u00e0 la t\u00eate d\u2019une association qui compte aujourd\u2019hui quelques dizaines de membres, et d\u00e9sormais essentiellement constitu\u00e9e avec la <a href=\"https:\/\/maquisdelorris.fr\/resistance\/?page_id=5952\" target=\"_blank\" rel=\"noopener\" title=\"\">disparition des anciens du maquis<\/a> de leurs enfants, d&rsquo;amis et de sympathisants.<\/p>\n\n\n<div class=\"wp-block-image\">\n<figure class=\"aligncenter is-resized\"><a href=\"https:\/\/maquisdelorris.fr\/resistance\/wp-content\/uploads\/2015\/06\/1-A.G.-2015.jpg\"><img loading=\"lazy\" decoding=\"async\" width=\"1024\" height=\"768\" src=\"https:\/\/maquisdelorris.fr\/resistance\/wp-content\/uploads\/2015\/06\/1-A.G.-2015-1024x768.jpg\" alt=\"1 A.G. 2015\" class=\"wp-image-3681\" style=\"width:530px;height:397px\" srcset=\"https:\/\/maquisdelorris.fr\/resistance\/wp-content\/uploads\/2015\/06\/1-A.G.-2015-1024x768.jpg 1024w, https:\/\/maquisdelorris.fr\/resistance\/wp-content\/uploads\/2015\/06\/1-A.G.-2015-300x225.jpg 300w\" sizes=\"auto, (max-width: 1024px) 100vw, 1024px\" \/><\/a><figcaption class=\"wp-element-caption\">(de g.\u00e0 d.) M.Poirier, Mme Cassignol, M.Chalopin, Mme H\u00e9au, M.Godeau, Assembl\u00e9e G\u00e9n\u00e9rale de l&rsquo;AFAAM, 10 mai 2015 (Droits r\u00e9serv\u00e9s, AFAAM)<\/figcaption><\/figure>\n<\/div>\n\n<div class=\"wp-block-image\">\n<figure class=\"aligncenter is-resized\"><a href=\"https:\/\/maquisdelorris.fr\/resistance\/wp-content\/uploads\/2015\/06\/20150510_122858.jpg\"><img loading=\"lazy\" decoding=\"async\" width=\"1024\" height=\"576\" src=\"https:\/\/maquisdelorris.fr\/resistance\/wp-content\/uploads\/2015\/06\/20150510_122858-1024x576.jpg\" alt=\"20150510_122858\" class=\"wp-image-3682\" style=\"width:706px;height:397px\" srcset=\"https:\/\/maquisdelorris.fr\/resistance\/wp-content\/uploads\/2015\/06\/20150510_122858-1024x576.jpg 1024w, https:\/\/maquisdelorris.fr\/resistance\/wp-content\/uploads\/2015\/06\/20150510_122858-300x169.jpg 300w\" sizes=\"auto, (max-width: 1024px) 100vw, 1024px\" \/><\/a><figcaption class=\"wp-element-caption\">Devant le monument aux morts, Lorris, 10 mai 2015 (Droits r\u00e9serv\u00e9s, AFAAM)<\/figcaption><\/figure>\n<\/div>\n\n<div class=\"wp-block-image\">\n<figure class=\"aligncenter is-resized\"><a href=\"https:\/\/maquisdelorris.fr\/resistance\/wp-content\/uploads\/2015\/06\/IMGP4004.jpg\"><img loading=\"lazy\" decoding=\"async\" width=\"1024\" height=\"768\" src=\"https:\/\/maquisdelorris.fr\/resistance\/wp-content\/uploads\/2015\/06\/IMGP4004-1024x768.jpg\" alt=\"IMGP4004\" class=\"wp-image-3684\" style=\"width:685px;height:514px\" srcset=\"https:\/\/maquisdelorris.fr\/resistance\/wp-content\/uploads\/2015\/06\/IMGP4004-1024x768.jpg 1024w, https:\/\/maquisdelorris.fr\/resistance\/wp-content\/uploads\/2015\/06\/IMGP4004-300x225.jpg 300w\" sizes=\"auto, (max-width: 1024px) 100vw, 1024px\" \/><\/a><figcaption class=\"wp-element-caption\">Nos anciens encadr\u00e9s par Monique H\u00e9au et Denis Godeau, avec de g. \u00e0 d. Jean H\u00e9au, Jacques Blain, Andr\u00e9 Rousseau, Robert Turpin, Bernard Chalopin et Pierre Benoist, Lorris, 10 mai 2015 (Droits r\u00e9serv\u00e9s, AFAAM)<\/figcaption><\/figure>\n<\/div>\n\n\n<p> Les missions de l&rsquo;association, <a href=\"https:\/\/maquisdelorris.fr\/resistance\/?page_id=3748#Les%20activit%C3%A9s%20de%20l%E2%80%99AFAAM%20en%202022-2023\" target=\"_blank\" rel=\"noopener\" title=\"\">mises \u00e0 jour en 2023<\/a>, sont r\u00e9affirm\u00e9es \u00e0 chaque Assembl\u00e9e g\u00e9n\u00e9rale des membres de l&rsquo;AFAAM : <\/p>\n\n\n<div class=\"wp-block-image\">\n<figure class=\"aligncenter size-large is-resized\"><img loading=\"lazy\" decoding=\"async\" width=\"1024\" height=\"745\" src=\"https:\/\/maquisdelorris.fr\/resistance\/wp-content\/uploads\/2023\/06\/Missions-AFAAM-maj-2023-1024x745.jpg\" alt=\"\" class=\"wp-image-8103\" style=\"width:656px;height:508px\" srcset=\"https:\/\/maquisdelorris.fr\/resistance\/wp-content\/uploads\/2023\/06\/Missions-AFAAM-maj-2023-1024x745.jpg 1024w, https:\/\/maquisdelorris.fr\/resistance\/wp-content\/uploads\/2023\/06\/Missions-AFAAM-maj-2023-300x218.jpg 300w, https:\/\/maquisdelorris.fr\/resistance\/wp-content\/uploads\/2023\/06\/Missions-AFAAM-maj-2023-768x559.jpg 768w, https:\/\/maquisdelorris.fr\/resistance\/wp-content\/uploads\/2023\/06\/Missions-AFAAM-maj-2023-640x465.jpg 640w, https:\/\/maquisdelorris.fr\/resistance\/wp-content\/uploads\/2023\/06\/Missions-AFAAM-maj-2023-969x705.jpg 969w, https:\/\/maquisdelorris.fr\/resistance\/wp-content\/uploads\/2023\/06\/Missions-AFAAM-maj-2023.jpg 1100w\" sizes=\"auto, (max-width: 1024px) 100vw, 1024px\" \/><\/figure>\n<\/div>\n\n\n<p>Le logo ci-dessous est devenu l&#8217;embl\u00e8me d\u00e9finitif de l&rsquo;AFAAM depuis qu&rsquo;il a \u00e9t\u00e9 d\u00e9pos\u00e9 en 2019 sous l&rsquo;\u00e9gide de l&rsquo;INPI, l&rsquo;Institut National de la Propri\u00e9t\u00e9 Industrielle.<\/p>\n\n\n<div class=\"wp-block-image\">\n<figure class=\"aligncenter is-resized\"><a href=\"https:\/\/maquisdelorris.fr\/resistance\/wp-content\/uploads\/2019\/03\/logos-AFAAM-2.jpg\"><img loading=\"lazy\" decoding=\"async\" width=\"240\" height=\"300\" src=\"https:\/\/maquisdelorris.fr\/resistance\/wp-content\/uploads\/2019\/03\/logos-AFAAM-2-240x300.jpg\" alt=\"\" class=\"wp-image-5895\" style=\"width:229px;height:286px\" srcset=\"https:\/\/maquisdelorris.fr\/resistance\/wp-content\/uploads\/2019\/03\/logos-AFAAM-2-240x300.jpg 240w, https:\/\/maquisdelorris.fr\/resistance\/wp-content\/uploads\/2019\/03\/logos-AFAAM-2.jpg 353w\" sizes=\"auto, (max-width: 240px) 100vw, 240px\" \/><\/a><\/figure>\n<\/div>\n\n\n<p>L&rsquo;INPI d\u00e9livre les brevets, marques, dessins et mod\u00e8les et donne acc\u00e8s \u00e0 toute l&rsquo;information sur la propri\u00e9t\u00e9 industrielle et les entreprises. Cet embl\u00e8me est donc d\u00e9sormais prot\u00e9g\u00e9 et ne peut \u00eatre utilis\u00e9 par un tiers qu&rsquo;avec l&rsquo;autorisation du bureau de l&rsquo;AFAAM.<\/p>\n\n\n\n<p>Vous trouverez ci-dessous les diff\u00e9rentes \u00e9volutions du logo de l\u2019AFAAM auquel nos anciens ont toujours \u00e9t\u00e9 tr\u00e8s attach\u00e9s, quel que soit sa forme graphique, et vous pourrez en d\u00e9couvrir la gen\u00e8se et l&rsquo;historique en consultant notre bulletin <a aria-label=\"AFAAM.info num\u00e9ro 5 de janvier 2019 (s\u2019ouvre dans un nouvel onglet)\" href=\"https:\/\/maquisdelorris.fr\/resistance\/?page_id=3760\" target=\"_blank\" rel=\"noreferrer noopener\">AFAAM.info num\u00e9ro 5 de janvier 2019<\/a>&nbsp;!<\/p>\n\n\n<div class=\"wp-block-image\">\n<figure class=\"aligncenter is-resized\"><a href=\"https:\/\/maquisdelorris.fr\/resistance\/?attachment_id=5084\" rel=\"attachment wp-att-5084\"><img loading=\"lazy\" decoding=\"async\" width=\"1146\" height=\"246\" src=\"https:\/\/maquisdelorris.fr\/resistance\/wp-content\/uploads\/2018\/02\/logos-AFAAM.jpg\" alt=\"\" class=\"wp-image-5084\" style=\"width:891px;height:191px\" srcset=\"https:\/\/maquisdelorris.fr\/resistance\/wp-content\/uploads\/2018\/02\/logos-AFAAM.jpg 1146w, https:\/\/maquisdelorris.fr\/resistance\/wp-content\/uploads\/2018\/02\/logos-AFAAM-300x64.jpg 300w, https:\/\/maquisdelorris.fr\/resistance\/wp-content\/uploads\/2018\/02\/logos-AFAAM-768x165.jpg 768w, https:\/\/maquisdelorris.fr\/resistance\/wp-content\/uploads\/2018\/02\/logos-AFAAM-1024x220.jpg 1024w\" sizes=\"auto, (max-width: 1146px) 100vw, 1146px\" \/><\/a><\/figure>\n<\/div>\n\n\n<p>L\u2019AFAAM fonctionne aujourd&rsquo;hui avec un Conseil d\u2019Administration de 16 membres, auxquels viennent s\u2019ajouter des membres d\u2019Honneur&nbsp;; ils sont 4 \u00e0 ce jour, Georges O\u2019Neill, Monique H\u00e9au, Jean-Marie Poirier, et Gabriel Huet, notre embl\u00e9matique ma\u00eetre de c\u00e9r\u00e9monie distingu\u00e9 \u00e0 l&rsquo;occasion de l&rsquo;<a href=\"https:\/\/maquisdelorris.fr\/resistance\/?page_id=3748#Les%20activit%C3%A9s%20de%20l%E2%80%99AFAAM%20en%202022-2023\" target=\"_blank\" rel=\"noopener\" title=\"\">Assembl\u00e9e g\u00e9n\u00e9rale exceptionnelle du 24 juin 2023<\/a> !<\/p>\n\n\n\n<p>Le Conseil d\u2019Administration est organis\u00e9 autour d\u2019un bureau constitu\u00e9 de 4 membres, ainsi que 9 autres membres, selon l\u2019organigramme suivant&nbsp;:<\/p>\n\n\n<div class=\"wp-block-image\">\n<figure class=\"aligncenter size-large is-resized\"><a href=\"https:\/\/maquisdelorris.fr\/resistance\/wp-content\/uploads\/2024\/04\/CA-AFAAM-2024.jpg\"><img loading=\"lazy\" decoding=\"async\" width=\"1024\" height=\"574\" src=\"https:\/\/maquisdelorris.fr\/resistance\/wp-content\/uploads\/2024\/04\/CA-AFAAM-2024-1024x574.jpg\" alt=\"\" class=\"wp-image-8587\" style=\"object-fit:cover;width:700px;height:502px\" srcset=\"https:\/\/maquisdelorris.fr\/resistance\/wp-content\/uploads\/2024\/04\/CA-AFAAM-2024-1024x574.jpg 1024w, https:\/\/maquisdelorris.fr\/resistance\/wp-content\/uploads\/2024\/04\/CA-AFAAM-2024-300x168.jpg 300w, https:\/\/maquisdelorris.fr\/resistance\/wp-content\/uploads\/2024\/04\/CA-AFAAM-2024-768x431.jpg 768w, https:\/\/maquisdelorris.fr\/resistance\/wp-content\/uploads\/2024\/04\/CA-AFAAM-2024-1536x862.jpg 1536w, https:\/\/maquisdelorris.fr\/resistance\/wp-content\/uploads\/2024\/04\/CA-AFAAM-2024-640x359.jpg 640w, https:\/\/maquisdelorris.fr\/resistance\/wp-content\/uploads\/2024\/04\/CA-AFAAM-2024-969x544.jpg 969w, https:\/\/maquisdelorris.fr\/resistance\/wp-content\/uploads\/2024\/04\/CA-AFAAM-2024.jpg 1954w\" sizes=\"auto, (max-width: 1024px) 100vw, 1024px\" \/><\/a><\/figure>\n<\/div>\n\n\n<p>Lors de l&rsquo;<a href=\"https:\/\/maquisdelorris.fr\/resistance\/?page_id=3748#Les%20activit%C3%A9s%20de%20l%E2%80%99AFAAM%20en%202024\" target=\"_blank\" rel=\"noopener\" title=\"\">assembl\u00e9e g\u00e9n\u00e9rale du 3 f\u00e9vrier 2024<\/a>, l&rsquo;AFAAM adopte une nouvelle organisation de ses commissions afin de g\u00e9rer au mieux le grand projet de l&rsquo;association, <a href=\"https:\/\/maquisdelorris.fr\/resistance\/?page_id=3748#Les%20activit%C3%A9s%20de%20l%E2%80%99AFAAM%20en%202022-2023\" target=\"_blank\" rel=\"noopener\" title=\"\">\u00ab\u00a0Aux sources de la m\u00e9moire\u00a0\u00bb<\/a>. C&rsquo;est donc la fin de la Commission p\u00e9dagogique et culturelle et autre Commission d&rsquo;organisation de la c\u00e9r\u00e9monie annuelle, place d\u00e9sormais \u00e0 5 nouvelles commissions charg\u00e9es chacune d&rsquo;un domaine d&rsquo;action bien sp\u00e9cifique :<\/p>\n\n\n\n<div class=\"wp-block-columns is-layout-flex wp-container-core-columns-is-layout-9d6595d7 wp-block-columns-is-layout-flex\">\n<div class=\"wp-block-column is-layout-flow wp-block-column-is-layout-flow\"><div class=\"wp-block-image\">\n<figure class=\"aligncenter size-full is-resized\"><a href=\"https:\/\/maquisdelorris.fr\/resistance\/wp-content\/uploads\/2024\/02\/Com.-Hist.jpg\"><img loading=\"lazy\" decoding=\"async\" width=\"623\" height=\"610\" src=\"https:\/\/maquisdelorris.fr\/resistance\/wp-content\/uploads\/2024\/02\/Com.-Hist.jpg\" alt=\"\" class=\"wp-image-8517\" style=\"width:175px\" srcset=\"https:\/\/maquisdelorris.fr\/resistance\/wp-content\/uploads\/2024\/02\/Com.-Hist.jpg 623w, https:\/\/maquisdelorris.fr\/resistance\/wp-content\/uploads\/2024\/02\/Com.-Hist-300x294.jpg 300w\" sizes=\"auto, (max-width: 623px) 100vw, 623px\" \/><\/a><\/figure>\n<\/div>\n\n\n<p class=\"has-text-align-center has-small-font-size\">Mission : garantir la v\u00e9racit\u00e9 historique de toutes les informations li\u00e9es \u00e0 la valorisation, l&rsquo;am\u00e9nagement et l&rsquo;animation des sites du maquis (Carrefour, camp du ravoir, Garage\u2026), contr\u00f4ler toutes les informations diffus\u00e9es sur le site (panneaux, audio&#8230;)<\/p>\n\n\n\n<p class=\"has-text-align-center has-small-font-size\"><\/p>\n<\/div>\n\n\n\n<div class=\"wp-block-column is-layout-flow wp-block-column-is-layout-flow\"><div class=\"wp-block-image\">\n<figure class=\"aligncenter size-full is-resized\"><a href=\"https:\/\/maquisdelorris.fr\/resistance\/wp-content\/uploads\/2024\/02\/Com.-Jurid.jpg\"><img loading=\"lazy\" decoding=\"async\" width=\"623\" height=\"610\" src=\"https:\/\/maquisdelorris.fr\/resistance\/wp-content\/uploads\/2024\/02\/Com.-Jurid.jpg\" alt=\"\" class=\"wp-image-8518\" style=\"width:175px\" srcset=\"https:\/\/maquisdelorris.fr\/resistance\/wp-content\/uploads\/2024\/02\/Com.-Jurid.jpg 623w, https:\/\/maquisdelorris.fr\/resistance\/wp-content\/uploads\/2024\/02\/Com.-Jurid-300x294.jpg 300w\" sizes=\"auto, (max-width: 623px) 100vw, 623px\" \/><\/a><\/figure>\n<\/div>\n\n\n<p class=\"has-text-align-center has-small-font-size\">Mission :  signatures des conventions et contrats, g\u00e9rer les questions de responsabilit\u00e9s en terme de droit concernant l\u2019AOS sign\u00e9e avec l&rsquo;ONF et les contraintes r\u00e9glementaires li\u00e9es \u00e0 l&rsquo;inscription du Carrefour au titre des Monuments historiques<\/p>\n\n\n\n<p class=\"has-text-align-center has-small-font-size\"><\/p>\n<\/div>\n\n\n\n<div class=\"wp-block-column is-layout-flow wp-block-column-is-layout-flow\"><div class=\"wp-block-image\">\n<figure class=\"aligncenter size-full is-resized\"><a href=\"https:\/\/maquisdelorris.fr\/resistance\/wp-content\/uploads\/2024\/02\/Com.-Com.jpg\"><img loading=\"lazy\" decoding=\"async\" width=\"623\" height=\"610\" src=\"https:\/\/maquisdelorris.fr\/resistance\/wp-content\/uploads\/2024\/02\/Com.-Com.jpg\" alt=\"\" class=\"wp-image-8516\" style=\"width:175px\" srcset=\"https:\/\/maquisdelorris.fr\/resistance\/wp-content\/uploads\/2024\/02\/Com.-Com.jpg 623w, https:\/\/maquisdelorris.fr\/resistance\/wp-content\/uploads\/2024\/02\/Com.-Com-300x294.jpg 300w\" sizes=\"auto, (max-width: 623px) 100vw, 623px\" \/><\/a><\/figure>\n<\/div>\n\n\n<p class=\"has-text-align-center has-small-font-size\">Mission : assurer la communication des \u00e9v\u00e9nements li\u00e9s au Carrefour (site internet, page Facebook, presse&#8230;), les relations avec le Mus\u00e9e D\u00e9partemental de la R\u00e9sistance, autres associations \u00e0 but historique et p\u00e9dagogique, \u00e9tablissements scolaires du secteur&#8230;<\/p>\n\n\n\n<p class=\"has-text-align-center has-small-font-size\"><\/p>\n<\/div>\n\n\n\n<div class=\"wp-block-column is-layout-flow wp-block-column-is-layout-flow\"><div class=\"wp-block-image\">\n<figure class=\"aligncenter size-full is-resized\"><a href=\"https:\/\/maquisdelorris.fr\/resistance\/wp-content\/uploads\/2024\/02\/Com.-Secur.jpg\"><img loading=\"lazy\" decoding=\"async\" width=\"623\" height=\"610\" src=\"https:\/\/maquisdelorris.fr\/resistance\/wp-content\/uploads\/2024\/02\/Com.-Secur.jpg\" alt=\"\" class=\"wp-image-8519\" style=\"width:175px\" srcset=\"https:\/\/maquisdelorris.fr\/resistance\/wp-content\/uploads\/2024\/02\/Com.-Secur.jpg 623w, https:\/\/maquisdelorris.fr\/resistance\/wp-content\/uploads\/2024\/02\/Com.-Secur-300x294.jpg 300w\" sizes=\"auto, (max-width: 623px) 100vw, 623px\" \/><\/a><\/figure>\n<\/div>\n\n\n<p class=\"has-text-align-center has-small-font-size\">Mission : s&rsquo;assurer de la mise en s\u00e9curit\u00e9 des biens et des personnes sur le site, veiller \u00e0 l&rsquo;entretien des diff\u00e9rents monuments, des espaces verts, ainsi que les futurs am\u00e9nagements pr\u00e9vus pour le grand projet de l&rsquo;AFAAM <strong>\u00ab\u00a0Aux sources de la M\u00e9moire\u00a0\u00bb<\/strong> (\u00e0 partir de 2024)<\/p>\n\n\n\n<p class=\"has-text-align-center has-small-font-size\"><\/p>\n<\/div>\n\n\n\n<div class=\"wp-block-column is-layout-flow wp-block-column-is-layout-flow\"><div class=\"wp-block-image\">\n<figure class=\"aligncenter size-full is-resized\"><a href=\"https:\/\/maquisdelorris.fr\/resistance\/wp-content\/uploads\/2024\/04\/Com.-Org-Cer-1.jpg\"><img loading=\"lazy\" decoding=\"async\" width=\"623\" height=\"610\" src=\"https:\/\/maquisdelorris.fr\/resistance\/wp-content\/uploads\/2024\/04\/Com.-Org-Cer-1.jpg\" alt=\"\" class=\"wp-image-8591\" style=\"width:175px\" srcset=\"https:\/\/maquisdelorris.fr\/resistance\/wp-content\/uploads\/2024\/04\/Com.-Org-Cer-1.jpg 623w, https:\/\/maquisdelorris.fr\/resistance\/wp-content\/uploads\/2024\/04\/Com.-Org-Cer-1-300x294.jpg 300w\" sizes=\"auto, (max-width: 623px) 100vw, 623px\" \/><\/a><\/figure>\n<\/div>\n\n\n<p class=\"has-text-align-center has-small-font-size\">Mission : organiser la c\u00e9r\u00e9monie annuelle en souvenir de l&rsquo;attaque du 14 ao\u00fbt au Carrefour de la R\u00e9sistance, en partenariat avec les communes concern\u00e9es, organisation des moments forts de la c\u00e9r\u00e9monie, remise des gerbes par les autorit\u00e9s&#8230;<\/p>\n\n\n\n<p class=\"has-text-align-center has-small-font-size\"><\/p>\n<\/div>\n<\/div>\n\n\n\n<p>La constitution de ces deux comit\u00e9s n\u2019est pas fig\u00e9e bien entendu et chacun pourra apporter sa pierre \u00e0 l\u2019\u00e9difice.<\/p>\n\n\n\n<p>Chacun d&rsquo;entre vous peut \u00e9galement librement&nbsp;adh\u00e9rer et participer pleinement \u00e0 la vie de l\u2019association, il vous suffit pour cela d&rsquo;imprimer et de renvoyer le bulletin d&rsquo;adh\u00e9sion ci-dessous (cliquez sur le bulletin, puis clic droit, \u00ab\u00a0Enregistrer l&rsquo;image sous&#8230;\u00a0\u00bb, imprimez).<\/p>\n\n\n<div class=\"wp-block-image\">\n<figure class=\"aligncenter size-large is-resized\"><img loading=\"lazy\" decoding=\"async\" width=\"1024\" height=\"485\" src=\"https:\/\/maquisdelorris.fr\/resistance\/wp-content\/uploads\/2023\/08\/Adhesions-AFAAM-bulletin-1-1024x485.jpg\" alt=\"\" class=\"wp-image-8297\" style=\"width:702px;height:332px\" srcset=\"https:\/\/maquisdelorris.fr\/resistance\/wp-content\/uploads\/2023\/08\/Adhesions-AFAAM-bulletin-1-1024x485.jpg 1024w, https:\/\/maquisdelorris.fr\/resistance\/wp-content\/uploads\/2023\/08\/Adhesions-AFAAM-bulletin-1-300x142.jpg 300w, https:\/\/maquisdelorris.fr\/resistance\/wp-content\/uploads\/2023\/08\/Adhesions-AFAAM-bulletin-1-768x364.jpg 768w, https:\/\/maquisdelorris.fr\/resistance\/wp-content\/uploads\/2023\/08\/Adhesions-AFAAM-bulletin-1-640x303.jpg 640w, https:\/\/maquisdelorris.fr\/resistance\/wp-content\/uploads\/2023\/08\/Adhesions-AFAAM-bulletin-1-969x459.jpg 969w, https:\/\/maquisdelorris.fr\/resistance\/wp-content\/uploads\/2023\/08\/Adhesions-AFAAM-bulletin-1.jpg 1315w\" sizes=\"auto, (max-width: 1024px) 100vw, 1024px\" \/><\/figure>\n<\/div>\n\n\n<p>Vous pouvez aussi nous contacter&nbsp;:<\/p>\n\n\n\n<p class=\"has-text-align-center\"><em><strong><span style=\"color: #ff0000;\">Si\u00e8ge de l\u2019Association des Familles et Amis des Anciens du Maquis de LORRIS (A.F.A.A.M.)<\/span><\/strong><\/em><\/p>\n\n\n\n<p class=\"has-text-align-center\"><em><strong><span style=\"color: #ff0000;\">Mairie, 29 Grande Rue, 45260 LORRIS.<\/span><\/strong><\/em><\/p>\n\n\n\n<p class=\"has-text-align-center\"><em><strong><span style=\"color: #ff0000;\">afaam.lorris@orange.fr<\/span><\/strong><\/em><\/p>\n\n\n\n<p class=\"has-text-align-center\"><em><strong><span style=\"color: #ff0000;\">06 45 61 01 31<\/span><\/strong><\/em><\/p>\n\n\n\n<p><\/p>\n","protected":false},"excerpt":{"rendered":"<p>Une Amicale des Anciens du maquis de 1945 \u00e0 2003 D\u00e8s 1945, un m\u00e9morial a \u00e9t\u00e9 \u00e9rig\u00e9 au Carrefour d\u2019Orl\u00e9ans devenu le Carrefour de la R\u00e9sistance et une Amicale des Anciens du Maquis perp\u00e9tue chaque ann\u00e9e le souvenir des \u00e9v\u00e9nements tragiques qui ont fortement marqu\u00e9 l\u2019histoire locale. Albert Paul, ancien r\u00e9sistant du Maquis de Lorris, &hellip; <\/p>\n<p><a class=\"more-link btn\" href=\"https:\/\/maquisdelorris.fr\/resistance\/?page_id=1145\">Lire la suite<\/a><\/p>\n","protected":false},"author":5,"featured_media":5890,"parent":8887,"menu_order":1,"comment_status":"closed","ping_status":"closed","template":"","meta":{"footnotes":""},"class_list":["post-1145","page","type-page","status-publish","has-post-thumbnail","hentry","nodate","item-wrap"],"aioseo_notices":[],"_links":{"self":[{"href":"https:\/\/maquisdelorris.fr\/resistance\/index.php?rest_route=\/wp\/v2\/pages\/1145","targetHints":{"allow":["GET"]}}],"collection":[{"href":"https:\/\/maquisdelorris.fr\/resistance\/index.php?rest_route=\/wp\/v2\/pages"}],"about":[{"href":"https:\/\/maquisdelorris.fr\/resistance\/index.php?rest_route=\/wp\/v2\/types\/page"}],"author":[{"embeddable":true,"href":"https:\/\/maquisdelorris.fr\/resistance\/index.php?rest_route=\/wp\/v2\/users\/5"}],"replies":[{"embeddable":true,"href":"https:\/\/maquisdelorris.fr\/resistance\/index.php?rest_route=%2Fwp%2Fv2%2Fcomments&post=1145"}],"version-history":[{"count":0,"href":"https:\/\/maquisdelorris.fr\/resistance\/index.php?rest_route=\/wp\/v2\/pages\/1145\/revisions"}],"up":[{"embeddable":true,"href":"https:\/\/maquisdelorris.fr\/resistance\/index.php?rest_route=\/wp\/v2\/pages\/8887"}],"wp:featuredmedia":[{"embeddable":true,"href":"https:\/\/maquisdelorris.fr\/resistance\/index.php?rest_route=\/wp\/v2\/media\/5890"}],"wp:attachment":[{"href":"https:\/\/maquisdelorris.fr\/resistance\/index.php?rest_route=%2Fwp%2Fv2%2Fmedia&parent=1145"}],"curies":[{"name":"wp","href":"https:\/\/api.w.org\/{rel}","templated":true}]}}