{"id":4642,"date":"2017-08-19T10:32:42","date_gmt":"2017-08-19T10:32:42","guid":{"rendered":"http:\/\/maquisdelorris.fr\/resistance\/?page_id=4642"},"modified":"2025-03-05T16:05:30","modified_gmt":"2025-03-05T16:05:30","slug":"la-ceremonie-du-13-aout-2017-au-carrefour","status":"publish","type":"page","link":"https:\/\/maquisdelorris.fr\/resistance\/?page_id=4642","title":{"rendered":"1944-2024, le 80\u00e8me anniversaire"},"content":{"rendered":"<div class=\"wp-block-image\">\n<figure class=\"alignright size-full is-resized\"><a href=\"https:\/\/maquisdelorris.fr\/resistance\/wp-content\/uploads\/2024\/02\/Logo-80-ans-Liberation.png\"><img loading=\"lazy\" decoding=\"async\" width=\"650\" height=\"368\" src=\"https:\/\/maquisdelorris.fr\/resistance\/wp-content\/uploads\/2024\/02\/Logo-80-ans-Liberation.png\" alt=\"\" class=\"wp-image-8536\" style=\"width:307px;height:auto\" srcset=\"https:\/\/maquisdelorris.fr\/resistance\/wp-content\/uploads\/2024\/02\/Logo-80-ans-Liberation.png 650w, https:\/\/maquisdelorris.fr\/resistance\/wp-content\/uploads\/2024\/02\/Logo-80-ans-Liberation-300x170.png 300w, https:\/\/maquisdelorris.fr\/resistance\/wp-content\/uploads\/2024\/02\/Logo-80-ans-Liberation-640x362.png 640w\" sizes=\"auto, (max-width: 650px) 100vw, 650px\" \/><\/a><\/figure>\n<\/div>\n\n\n<p>Le 15 septembre 2024 se tenait la c\u00e9r\u00e9monie annuelle de comm\u00e9moration au Carrefour de la R\u00e9sistance, labellis\u00e9e  80<sup>\u00e8me<\/sup>&nbsp;anniversaire de la Lib\u00e9ration, en souvenir des combats du maquis de Lorris. Le traditionnel rassemblement se tient effectivement d\u00e9sormais le 15 septembre comme cette ann\u00e9e, ou le dimanche pr\u00e9c\u00e9dant le 15 septembre, date officielle de la&nbsp;<a href=\"https:\/\/maquisdelorris.fr\/resistance\/?page_id=8156\" target=\"_blank\" rel=\"noreferrer noopener\">dissolution du Maquis de Lorris<\/a>.<\/p>\n\n\n\n<p>Cette c\u00e9r\u00e9monie est une nouvelle fois l\u2019occasion d\u2019\u00e9voquer les nombreux tu\u00e9s lors de l\u2019attaque du maquis par les Allemands le&nbsp;<a href=\"https:\/\/maquisdelorris.fr\/resistance\/?page_id=105\" target=\"_blank\" rel=\"noreferrer noopener\">14 ao\u00fbt 1944<\/a>, et les diff\u00e9rentes actions men\u00e9es pour la lib\u00e9ration du territoire par les maquisards. C\u2019est autour du monument&nbsp;<a href=\"https:\/\/maquisdelorris.fr\/resistance\/?page_id=109\" target=\"_blank\" rel=\"noreferrer noopener\">\u00e9rig\u00e9 en 1946<\/a>&nbsp;que l\u2019Association des Familles et Amis des Anciens du Maquis, l\u2019<a href=\"https:\/\/maquisdelorris.fr\/resistance\/?page_id=1145\">AFAAM<\/a>, perp\u00e9tue chaque ann\u00e9e le souvenir des \u00e9v\u00e9nements tragiques qui ont fortement marqu\u00e9 l\u2019histoire locale.<\/p>\n\n\n\n<p>Comme chaque ann\u00e9e, nombreuses ont \u00e9t\u00e9 les diff\u00e9rentes parties impliqu\u00e9es dans l\u2019organisation de la c\u00e9r\u00e9monie puisque outre&nbsp;l\u2019<a href=\"https:\/\/maquisdelorris.fr\/resistance\/?page_id=1145\">AFAAM<\/a>&nbsp;bien entendu, le Souvenir Fran\u00e7ais, l\u2019Office National des For\u00eats, ainsi que les communes de Dampierre-en-Burly, Les Bordes, Lorris, Montereau, Ouzouer-sur-Loire, Vieilles-Maisons-sur-Joudry et Varennes-Changy, ont largement particip\u00e9.  Le Conseil D\u00e9partemental du Loiret, le Conseil R\u00e9gional du Centre-Val de Loire et la Pr\u00e9fecture ont \u00e9galement contribu\u00e9 \u00e0 la r\u00e9ussite de&nbsp;l\u2019\u00e9v\u00e9nement.<\/p>\n\n\n<div class=\"wp-block-image\">\n<figure class=\"aligncenter size-full\"><a href=\"https:\/\/maquisdelorris.fr\/resistance\/wp-content\/uploads\/2023\/09\/image.png\"><img loading=\"lazy\" decoding=\"async\" width=\"1024\" height=\"136\" src=\"https:\/\/maquisdelorris.fr\/resistance\/wp-content\/uploads\/2023\/09\/image.png\" alt=\"\" class=\"wp-image-8490\" srcset=\"https:\/\/maquisdelorris.fr\/resistance\/wp-content\/uploads\/2023\/09\/image.png 1024w, https:\/\/maquisdelorris.fr\/resistance\/wp-content\/uploads\/2023\/09\/image-300x40.png 300w, https:\/\/maquisdelorris.fr\/resistance\/wp-content\/uploads\/2023\/09\/image-768x102.png 768w, https:\/\/maquisdelorris.fr\/resistance\/wp-content\/uploads\/2023\/09\/image-640x85.png 640w, https:\/\/maquisdelorris.fr\/resistance\/wp-content\/uploads\/2023\/09\/image-969x129.png 969w\" sizes=\"auto, (max-width: 1024px) 100vw, 1024px\" \/><\/a><\/figure>\n<\/div>\n\n\n<p class=\"has-text-align-center\"><\/p>\n\n\n\n<p><strong>Zoomez sur la zone, en mode Plan ou Satellite,<\/strong><strong>&nbsp;<\/strong><strong>cliquez sur les rep\u00e8res pour afficher plus d\u2019informations, de photos ou documents<\/strong><\/p>\n\n\n<div class=\"wp-block-image\">\n<figure class=\"aligncenter is-resized\"><a href=\"https:\/\/maquisdelorris.fr\/resistance\/?attachment_id=4632\"><img loading=\"lazy\" decoding=\"async\" width=\"1533\" height=\"1109\" src=\"https:\/\/maquisdelorris.fr\/resistance\/wp-content\/uploads\/2017\/08\/Plan-Carrefour-AFAAM-4-maisons.jpg\" alt=\"\" class=\"wp-image-4632\" style=\"width:699px;height:506px\" srcset=\"https:\/\/maquisdelorris.fr\/resistance\/wp-content\/uploads\/2017\/08\/Plan-Carrefour-AFAAM-4-maisons.jpg 1533w, https:\/\/maquisdelorris.fr\/resistance\/wp-content\/uploads\/2017\/08\/Plan-Carrefour-AFAAM-4-maisons-300x217.jpg 300w, https:\/\/maquisdelorris.fr\/resistance\/wp-content\/uploads\/2017\/08\/Plan-Carrefour-AFAAM-4-maisons-768x556.jpg 768w, https:\/\/maquisdelorris.fr\/resistance\/wp-content\/uploads\/2017\/08\/Plan-Carrefour-AFAAM-4-maisons-1024x741.jpg 1024w\" sizes=\"auto, (max-width: 1533px) 100vw, 1533px\" \/><\/a><\/figure>\n<\/div>\n\n\n<hr class=\"wp-block-separator has-alpha-channel-opacity\"\/>\n\n\n\n<p>C\u2019est comme \u00e0 l\u2019accoutum\u00e9e par le d\u00e9fil\u00e9 des associations patriotiques et de leur drapeau que d\u00e9butent les c\u00e9r\u00e9monies devant plus de 300 personnes r\u00e9unies pour l&rsquo;occasion. En t\u00eate de cort\u00e8ge, notre porte-drapeau Denis Ch\u00e9ron ouvre la marche avec les couleurs du maquis de Lorris.<\/p>\n\n\n<div class=\"wp-block-image\">\n<figure class=\"aligncenter size-large is-resized\"><img loading=\"lazy\" decoding=\"async\" width=\"1024\" height=\"576\" src=\"https:\/\/maquisdelorris.fr\/resistance\/wp-content\/uploads\/2024\/09\/IMG_20240915_153104-1024x576.jpg\" alt=\"\" class=\"wp-image-8737\" style=\"width:687px;height:386px\" srcset=\"https:\/\/maquisdelorris.fr\/resistance\/wp-content\/uploads\/2024\/09\/IMG_20240915_153104-1024x576.jpg 1024w, https:\/\/maquisdelorris.fr\/resistance\/wp-content\/uploads\/2024\/09\/IMG_20240915_153104-300x169.jpg 300w, https:\/\/maquisdelorris.fr\/resistance\/wp-content\/uploads\/2024\/09\/IMG_20240915_153104-768x432.jpg 768w, https:\/\/maquisdelorris.fr\/resistance\/wp-content\/uploads\/2024\/09\/IMG_20240915_153104-1536x864.jpg 1536w, https:\/\/maquisdelorris.fr\/resistance\/wp-content\/uploads\/2024\/09\/IMG_20240915_153104-2048x1152.jpg 2048w, https:\/\/maquisdelorris.fr\/resistance\/wp-content\/uploads\/2024\/09\/IMG_20240915_153104-640x360.jpg 640w, https:\/\/maquisdelorris.fr\/resistance\/wp-content\/uploads\/2024\/09\/IMG_20240915_153104-969x545.jpg 969w\" sizes=\"auto, (max-width: 1024px) 100vw, 1024px\" \/><figcaption class=\"wp-element-caption\"><em>Les porte-drapeaux toujours nombreux m\u00e8nent la procession<\/em><br><em>(Droits r\u00e9serv\u00e9s, AFAAM, Carrefour de la R\u00e9sistance, 15 septembre 2024)<\/em><\/figcaption><\/figure>\n<\/div>\n\n\n<p>Apr\u00e8s le lever des couleurs, c&rsquo;est avec le concours exceptionnel du\u00a0<a href=\"https:\/\/orchestrechoeur.garderepublicaine.fr\/\" target=\"_blank\" rel=\"noreferrer noopener\"><strong>Ch\u0153ur de l\u2019Arm\u00e9e fran\u00e7aise<\/strong><\/a>, 80\u00e8me anniversaire oblige, sous la direction de la commandante Emilie Fleury, accompagn\u00e9 de l\u2019orchestre de batterie-fanfare de la Bo\u00eete \u00e0 musique de Gien, sous l\u2019habituelle direction de Daniel Chaumeron, qu&rsquo;est entonn\u00e9e la Marche de la 2\u00e8me DB \u00e0 15 heures pr\u00e9cises.<\/p>\n\n\n<div class=\"wp-block-image\">\n<figure class=\"aligncenter size-large is-resized\"><a href=\"https:\/\/maquisdelorris.fr\/resistance\/wp-content\/uploads\/2024\/09\/IMG_20240915_164053-scaled.jpg\"><img loading=\"lazy\" decoding=\"async\" width=\"1024\" height=\"576\" src=\"https:\/\/maquisdelorris.fr\/resistance\/wp-content\/uploads\/2024\/09\/IMG_20240915_164053-1024x576.jpg\" alt=\"\" class=\"wp-image-8743\" style=\"width:735px;height:auto\" srcset=\"https:\/\/maquisdelorris.fr\/resistance\/wp-content\/uploads\/2024\/09\/IMG_20240915_164053-1024x576.jpg 1024w, https:\/\/maquisdelorris.fr\/resistance\/wp-content\/uploads\/2024\/09\/IMG_20240915_164053-300x169.jpg 300w, https:\/\/maquisdelorris.fr\/resistance\/wp-content\/uploads\/2024\/09\/IMG_20240915_164053-768x432.jpg 768w, https:\/\/maquisdelorris.fr\/resistance\/wp-content\/uploads\/2024\/09\/IMG_20240915_164053-1536x864.jpg 1536w, https:\/\/maquisdelorris.fr\/resistance\/wp-content\/uploads\/2024\/09\/IMG_20240915_164053-2048x1152.jpg 2048w, https:\/\/maquisdelorris.fr\/resistance\/wp-content\/uploads\/2024\/09\/IMG_20240915_164053-640x360.jpg 640w, https:\/\/maquisdelorris.fr\/resistance\/wp-content\/uploads\/2024\/09\/IMG_20240915_164053-969x545.jpg 969w\" sizes=\"auto, (max-width: 1024px) 100vw, 1024px\" \/><\/a><figcaption class=\"wp-element-caption\"><em>Le Choeur de la Garde r\u00e9publicaine au coeur de la for\u00eat d&rsquo;Orl\u00e9ans<\/em><br><em>(Droits r\u00e9serv\u00e9s, AFAAM, Carrefour de la R\u00e9sistance, 15 septembre 2024)<\/em><\/figcaption><\/figure>\n<\/div>\n\n\n<p>Pendant que l\u2019office religieux \u0153cum\u00e9nique dirig\u00e9 par le P\u00e8re Lethielleux se d\u00e9roule \u00e0 l\u2019ombre des des arbres de la for\u00eat&nbsp;du carrefour, les jeunes des communes alentours prennent bien volontiers leurs rep\u00e8res pour la suite de la c\u00e9r\u00e9monie. Ils \u00e9taient d&rsquo;ailleurs particuli\u00e8rement nombreux cette ann\u00e9e, un grand merci aux jeunes des Conseils Municipaux Junior de Coudroy &#8211; Vieilles-Maisons &#8211; Chatenoy, Lorris et Ouzouer-sur-Loire pour leur participation active. C&rsquo;est donc une fois l&rsquo;office termin\u00e9 qu&rsquo;ils d\u00e9posent solennellement et avec beaucoup d&rsquo;application 60 roses rouges sur autant de c\u00e9notaphes dans le cimeti\u00e8re des Maquisards, au son puissant d&rsquo;un magnifique Chant des Marais entonn\u00e9 par le Ch\u0153ur de l&rsquo;Arm\u00e9e fran\u00e7aise.<\/p>\n\n\n<div class=\"wp-block-image\">\n<figure class=\"aligncenter size-large is-resized\"><a href=\"https:\/\/maquisdelorris.fr\/resistance\/wp-content\/uploads\/2024\/09\/IMG_20240915_153329-scaled.jpg\"><img loading=\"lazy\" decoding=\"async\" width=\"1024\" height=\"576\" src=\"https:\/\/maquisdelorris.fr\/resistance\/wp-content\/uploads\/2024\/09\/IMG_20240915_153329-1024x576.jpg\" alt=\"\" class=\"wp-image-8738\" style=\"width:873px;height:auto\" srcset=\"https:\/\/maquisdelorris.fr\/resistance\/wp-content\/uploads\/2024\/09\/IMG_20240915_153329-1024x576.jpg 1024w, https:\/\/maquisdelorris.fr\/resistance\/wp-content\/uploads\/2024\/09\/IMG_20240915_153329-300x169.jpg 300w, https:\/\/maquisdelorris.fr\/resistance\/wp-content\/uploads\/2024\/09\/IMG_20240915_153329-768x432.jpg 768w, https:\/\/maquisdelorris.fr\/resistance\/wp-content\/uploads\/2024\/09\/IMG_20240915_153329-1536x864.jpg 1536w, https:\/\/maquisdelorris.fr\/resistance\/wp-content\/uploads\/2024\/09\/IMG_20240915_153329-2048x1152.jpg 2048w, https:\/\/maquisdelorris.fr\/resistance\/wp-content\/uploads\/2024\/09\/IMG_20240915_153329-640x360.jpg 640w, https:\/\/maquisdelorris.fr\/resistance\/wp-content\/uploads\/2024\/09\/IMG_20240915_153329-969x545.jpg 969w\" sizes=\"auto, (max-width: 1024px) 100vw, 1024px\" \/><\/a><figcaption class=\"wp-element-caption\"><em>Des jeunes toujours aussi investis<\/em> <em>(Droits r\u00e9serv\u00e9s, AFAAM, Carrefour de la R\u00e9sistance,<\/em> <em>15 septembre 2024)<\/em><\/figcaption><\/figure>\n<\/div>\n\n<div class=\"wp-block-image\">\n<figure class=\"aligncenter size-large is-resized\"><img loading=\"lazy\" decoding=\"async\" width=\"1024\" height=\"576\" src=\"https:\/\/maquisdelorris.fr\/resistance\/wp-content\/uploads\/2024\/09\/IMG_20240915_153744-1024x576.jpg\" alt=\"\" class=\"wp-image-8749\" style=\"width:791px;height:445px\" srcset=\"https:\/\/maquisdelorris.fr\/resistance\/wp-content\/uploads\/2024\/09\/IMG_20240915_153744-1024x576.jpg 1024w, https:\/\/maquisdelorris.fr\/resistance\/wp-content\/uploads\/2024\/09\/IMG_20240915_153744-300x169.jpg 300w, https:\/\/maquisdelorris.fr\/resistance\/wp-content\/uploads\/2024\/09\/IMG_20240915_153744-768x432.jpg 768w, https:\/\/maquisdelorris.fr\/resistance\/wp-content\/uploads\/2024\/09\/IMG_20240915_153744-1536x864.jpg 1536w, https:\/\/maquisdelorris.fr\/resistance\/wp-content\/uploads\/2024\/09\/IMG_20240915_153744-2048x1152.jpg 2048w, https:\/\/maquisdelorris.fr\/resistance\/wp-content\/uploads\/2024\/09\/IMG_20240915_153744-640x360.jpg 640w, https:\/\/maquisdelorris.fr\/resistance\/wp-content\/uploads\/2024\/09\/IMG_20240915_153744-969x545.jpg 969w\" sizes=\"auto, (max-width: 1024px) 100vw, 1024px\" \/><figcaption class=\"wp-element-caption\"><em>Devant les 60 c\u00e9notaphes fleuris des maquisards (Droits r\u00e9serv\u00e9s, AFAAM, Carrefour de la R\u00e9sistance, 15 septembre 2024)<\/em><\/figcaption><\/figure>\n<\/div>\n\n\n<p>La c\u00e9r\u00e9monie, dirig\u00e9e de main de ma\u00eetre par Christian Caron, s\u2019est alors d\u00e9plac\u00e9e vers le&nbsp;m\u00e9morial, tandis que r\u00e9sonnaient dans la for\u00eat le Chant des Partisans et la Marseillaise.<\/p>\n\n\n\n<p>Denis Godeau, Pr\u00e9sident de l\u2019AFAAM, prend ensuite la parole pour raviver le souvenir des \u00e9v\u00e9nements de 1944, saluant la pr\u00e9sence de notre infatigable Robert Turpin, dernier maquisard membre de l\u2019association et qui du haut de ses 101 ans ne raterait pour rien au monde un tel \u00e9v\u00e9nement. Tr\u00e8s \u00e9mu \u00e0 l&rsquo;\u00e9vocation de Bernard Chalopin,&nbsp;inlassable relais aupr\u00e8s des plus jeunes, qui a si longtemps veill\u00e9 \u00e0 leur transmettre le flambeau et les valeurs de la R\u00e9sistance, Robert Turpin \u00e9coute ensuite Marc Gaudet, Pr\u00e9sident du Conseil d\u00e9partemental, Magali Sautreuil, conseill\u00e8re r\u00e9gionale, et R\u00e9gis Castro, Sous-pr\u00e9fet de Montargis,&nbsp;\u00e9voquer \u00e0 leur tour l&rsquo;importance en ce 80\u00e8me anniversaire de la transmission de l&rsquo;histoire de la r\u00e9sistance, un travail de m\u00e9moire d&rsquo;autant plus indispensable que les derniers t\u00e9moins disparaissent inexorablement&#8230;<\/p>\n\n\n<div class=\"wp-block-image\">\n<figure class=\"aligncenter size-large is-resized\"><a href=\"https:\/\/maquisdelorris.fr\/resistance\/wp-content\/uploads\/2024\/09\/IMG_20240915_152940-scaled.jpg\"><img loading=\"lazy\" decoding=\"async\" width=\"1024\" height=\"576\" src=\"https:\/\/maquisdelorris.fr\/resistance\/wp-content\/uploads\/2024\/09\/IMG_20240915_152940-1024x576.jpg\" alt=\"\" class=\"wp-image-8736\" style=\"width:735px;height:auto\" srcset=\"https:\/\/maquisdelorris.fr\/resistance\/wp-content\/uploads\/2024\/09\/IMG_20240915_152940-1024x576.jpg 1024w, https:\/\/maquisdelorris.fr\/resistance\/wp-content\/uploads\/2024\/09\/IMG_20240915_152940-300x169.jpg 300w, https:\/\/maquisdelorris.fr\/resistance\/wp-content\/uploads\/2024\/09\/IMG_20240915_152940-768x432.jpg 768w, https:\/\/maquisdelorris.fr\/resistance\/wp-content\/uploads\/2024\/09\/IMG_20240915_152940-1536x864.jpg 1536w, https:\/\/maquisdelorris.fr\/resistance\/wp-content\/uploads\/2024\/09\/IMG_20240915_152940-2048x1152.jpg 2048w, https:\/\/maquisdelorris.fr\/resistance\/wp-content\/uploads\/2024\/09\/IMG_20240915_152940-640x360.jpg 640w, https:\/\/maquisdelorris.fr\/resistance\/wp-content\/uploads\/2024\/09\/IMG_20240915_152940-969x545.jpg 969w\" sizes=\"auto, (max-width: 1024px) 100vw, 1024px\" \/><\/a><figcaption class=\"wp-element-caption\"><em>Les porte-drapeaux en position (Droits r\u00e9serv\u00e9s, AFAAM, Carrefour de la R\u00e9sistance, 15 septembre 2024)<\/em><\/figcaption><\/figure>\n<\/div>\n\n\n<p>Ludovic, petit-fils de Bernard Chalopin, toujours bien pr\u00e9sent dans les m\u00e9moires de tous les participants \u00e0 cette \u00e9mouvante c\u00e9r\u00e9monie, entame alors la lecture des \u00ab&nbsp;Morts pour la France&nbsp;\u00bb devant la fa\u00e7ade du m\u00e9morial et la tombe du colonel Marc O\u2019Neill.<\/p>\n\n\n<div class=\"wp-block-image\">\n<figure class=\"aligncenter size-large is-resized\"><img loading=\"lazy\" decoding=\"async\" width=\"1024\" height=\"576\" src=\"https:\/\/maquisdelorris.fr\/resistance\/wp-content\/uploads\/2024\/09\/IMG_20240915_161522-1024x576.jpg\" alt=\"\" class=\"wp-image-8740\" style=\"width:864px;height:486px\" srcset=\"https:\/\/maquisdelorris.fr\/resistance\/wp-content\/uploads\/2024\/09\/IMG_20240915_161522-1024x576.jpg 1024w, https:\/\/maquisdelorris.fr\/resistance\/wp-content\/uploads\/2024\/09\/IMG_20240915_161522-300x169.jpg 300w, https:\/\/maquisdelorris.fr\/resistance\/wp-content\/uploads\/2024\/09\/IMG_20240915_161522-768x432.jpg 768w, https:\/\/maquisdelorris.fr\/resistance\/wp-content\/uploads\/2024\/09\/IMG_20240915_161522-1536x864.jpg 1536w, https:\/\/maquisdelorris.fr\/resistance\/wp-content\/uploads\/2024\/09\/IMG_20240915_161522-2048x1152.jpg 2048w, https:\/\/maquisdelorris.fr\/resistance\/wp-content\/uploads\/2024\/09\/IMG_20240915_161522-640x360.jpg 640w, https:\/\/maquisdelorris.fr\/resistance\/wp-content\/uploads\/2024\/09\/IMG_20240915_161522-969x545.jpg 969w\" sizes=\"auto, (max-width: 1024px) 100vw, 1024px\" \/><figcaption class=\"wp-element-caption\"><em>Un moment particuli\u00e8rement solennel, toujours avec les jeunes, l\u2019appel aux \u00ab&nbsp;Morts pour la France&nbsp;\u00bb<\/em><br><em>(Droits r\u00e9serv\u00e9s, AFAAM, Carrefour de la R\u00e9sistance, 15 septembre 2024)<\/em><\/figcaption><\/figure>\n<\/div>\n\n<div class=\"wp-block-image\">\n<figure class=\"aligncenter is-resized\"><img loading=\"lazy\" decoding=\"async\" width=\"671\" height=\"1024\" src=\"https:\/\/maquisdelorris.fr\/resistance\/wp-content\/uploads\/2019\/08\/Liste-noms-monument-671x1024.jpg\" alt=\"\" class=\"wp-image-6826\" style=\"width:449px;height:685px\" srcset=\"https:\/\/maquisdelorris.fr\/resistance\/wp-content\/uploads\/2019\/08\/Liste-noms-monument-671x1024.jpg 671w, https:\/\/maquisdelorris.fr\/resistance\/wp-content\/uploads\/2019\/08\/Liste-noms-monument-197x300.jpg 197w, https:\/\/maquisdelorris.fr\/resistance\/wp-content\/uploads\/2019\/08\/Liste-noms-monument-768x1172.jpg 768w, https:\/\/maquisdelorris.fr\/resistance\/wp-content\/uploads\/2019\/08\/Liste-noms-monument-640x977.jpg 640w\" sizes=\"auto, (max-width: 671px) 100vw, 671px\" \/><\/figure>\n<\/div>\n\n\n<p>Moment particuli\u00e8rement fort lorsque s&rsquo;avance ensuite pour le d\u00e9p\u00f4t des gerbes devant le m\u00e9morial Robert Turpin, ancien du maquis. En compagnie de Denis Godeau, il d\u00e9pose la gerbe de l&rsquo;AFAAM m\u00e9moire de tous ses camarades du maquis dont il est le dernier repr\u00e9sentant, avant d&rsquo;\u00eatre chaleureusement applaudi par l&rsquo;assistance.<\/p>\n\n\n<div class=\"wp-block-image\">\n<figure class=\"aligncenter size-large is-resized\"><a href=\"https:\/\/maquisdelorris.fr\/resistance\/wp-content\/uploads\/2024\/09\/Capture-decran-2024-09-18-122752-1.jpg\"><img loading=\"lazy\" decoding=\"async\" width=\"1024\" height=\"557\" src=\"https:\/\/maquisdelorris.fr\/resistance\/wp-content\/uploads\/2024\/09\/Capture-decran-2024-09-18-122752-1-1024x557.jpg\" alt=\"\" class=\"wp-image-8759\" style=\"width:653px;height:auto\" srcset=\"https:\/\/maquisdelorris.fr\/resistance\/wp-content\/uploads\/2024\/09\/Capture-decran-2024-09-18-122752-1-1024x557.jpg 1024w, https:\/\/maquisdelorris.fr\/resistance\/wp-content\/uploads\/2024\/09\/Capture-decran-2024-09-18-122752-1-300x163.jpg 300w, https:\/\/maquisdelorris.fr\/resistance\/wp-content\/uploads\/2024\/09\/Capture-decran-2024-09-18-122752-1-768x418.jpg 768w, https:\/\/maquisdelorris.fr\/resistance\/wp-content\/uploads\/2024\/09\/Capture-decran-2024-09-18-122752-1-640x348.jpg 640w, https:\/\/maquisdelorris.fr\/resistance\/wp-content\/uploads\/2024\/09\/Capture-decran-2024-09-18-122752-1-969x527.jpg 969w, https:\/\/maquisdelorris.fr\/resistance\/wp-content\/uploads\/2024\/09\/Capture-decran-2024-09-18-122752-1.jpg 1350w\" sizes=\"auto, (max-width: 1024px) 100vw, 1024px\" \/><\/a><figcaption class=\"wp-element-caption\">Robert Turpin et Denis Godeau s&rsquo;avancent pour d\u00e9poser la gerbe de l&rsquo;AFAAM<br><em>(Droits r\u00e9serv\u00e9s, AFAAM, Carrefour de la R\u00e9sistance, 15 septembre 2024)<\/em><\/figcaption><\/figure>\n<\/div>\n\n\n<p>Ils seront suivis de deux arri\u00e8res petits-enfants du colonel Marc O\u2019Neill qui d\u00e9posent une gerbe sur la tombe de leur arri\u00e8re grand-p\u00e8re, puis par Marc Gaudet, Pr\u00e9sident du Conseil d\u00e9partemental, Anne Besnier et Magali Sautreuil, conseill\u00e8res r\u00e9gionales, pour Fran\u00e7ois Bonneau, pr\u00e9sident du Conseil R\u00e9gional, Christophe Chaillou, s\u00e9nateur du Loiret, Val\u00e9rie Martin, maire de Lorris, deux enfants du CMJ de Lorris pour Pauline Martin, s\u00e9natrice du Loiret, et Hugues Saury, s\u00e9nateur du Loiret, Richard Ramos, d\u00e9put\u00e9 du Loiret, et enfin R\u00e9gis Castro, Sous-pr\u00e9fet de Montargis,&nbsp;qui a d\u00e9pos\u00e9 la derni\u00e8re gerbe.<\/p>\n\n\n<div class=\"wp-block-image\">\n<figure class=\"aligncenter size-large is-resized\"><a href=\"https:\/\/maquisdelorris.fr\/resistance\/wp-content\/uploads\/2024\/09\/IMG_20240915_162639-scaled.jpg\"><img loading=\"lazy\" decoding=\"async\" width=\"1024\" height=\"576\" src=\"https:\/\/maquisdelorris.fr\/resistance\/wp-content\/uploads\/2024\/09\/IMG_20240915_162639-1024x576.jpg\" alt=\"\" class=\"wp-image-8742\" style=\"width:867px;height:auto\" srcset=\"https:\/\/maquisdelorris.fr\/resistance\/wp-content\/uploads\/2024\/09\/IMG_20240915_162639-1024x576.jpg 1024w, https:\/\/maquisdelorris.fr\/resistance\/wp-content\/uploads\/2024\/09\/IMG_20240915_162639-300x169.jpg 300w, https:\/\/maquisdelorris.fr\/resistance\/wp-content\/uploads\/2024\/09\/IMG_20240915_162639-768x432.jpg 768w, https:\/\/maquisdelorris.fr\/resistance\/wp-content\/uploads\/2024\/09\/IMG_20240915_162639-1536x864.jpg 1536w, https:\/\/maquisdelorris.fr\/resistance\/wp-content\/uploads\/2024\/09\/IMG_20240915_162639-2048x1152.jpg 2048w, https:\/\/maquisdelorris.fr\/resistance\/wp-content\/uploads\/2024\/09\/IMG_20240915_162639-640x360.jpg 640w, https:\/\/maquisdelorris.fr\/resistance\/wp-content\/uploads\/2024\/09\/IMG_20240915_162639-969x545.jpg 969w\" sizes=\"auto, (max-width: 1024px) 100vw, 1024px\" \/><\/a><figcaption class=\"wp-element-caption\">Un d\u00e9p\u00f4t de gerbe&nbsp;encadr\u00e9 par une imposante haie d&rsquo;honneur <em>(Droits r\u00e9serv\u00e9s, AFAAM, Carrefour de la R\u00e9sistance, 15 septembre 2024)<\/em><\/figcaption><\/figure>\n<\/div>\n\n<div class=\"wp-block-image\">\n<figure class=\"aligncenter size-large is-resized\"><img loading=\"lazy\" decoding=\"async\" width=\"1024\" height=\"576\" src=\"https:\/\/maquisdelorris.fr\/resistance\/wp-content\/uploads\/2024\/09\/IMG_20240915_155439-1024x576.jpg\" alt=\"\" class=\"wp-image-8739\" style=\"width:776px;height:349px\" srcset=\"https:\/\/maquisdelorris.fr\/resistance\/wp-content\/uploads\/2024\/09\/IMG_20240915_155439-1024x576.jpg 1024w, https:\/\/maquisdelorris.fr\/resistance\/wp-content\/uploads\/2024\/09\/IMG_20240915_155439-300x169.jpg 300w, https:\/\/maquisdelorris.fr\/resistance\/wp-content\/uploads\/2024\/09\/IMG_20240915_155439-768x432.jpg 768w, https:\/\/maquisdelorris.fr\/resistance\/wp-content\/uploads\/2024\/09\/IMG_20240915_155439-1536x864.jpg 1536w, https:\/\/maquisdelorris.fr\/resistance\/wp-content\/uploads\/2024\/09\/IMG_20240915_155439-2048x1152.jpg 2048w, https:\/\/maquisdelorris.fr\/resistance\/wp-content\/uploads\/2024\/09\/IMG_20240915_155439-640x360.jpg 640w, https:\/\/maquisdelorris.fr\/resistance\/wp-content\/uploads\/2024\/09\/IMG_20240915_155439-969x545.jpg 969w\" sizes=\"auto, (max-width: 1024px) 100vw, 1024px\" \/><figcaption class=\"wp-element-caption\">Denis Ch\u00e9ron, porte-drapeau du maquis de Lorris, bien entour\u00e9 de tous les porte-drapeaux pr\u00e9sents en cette belle journ\u00e9e ensoleill\u00e9e<br><em>(Droits r\u00e9serv\u00e9s, AFAAM, Carrefour de la R\u00e9sistance, 15 septembre 2024)<\/em><\/figcaption><\/figure>\n<\/div>\n\n<div class=\"wp-block-image\">\n<figure class=\"aligncenter size-large is-resized\"><img loading=\"lazy\" decoding=\"async\" width=\"1024\" height=\"576\" src=\"https:\/\/maquisdelorris.fr\/resistance\/wp-content\/uploads\/2024\/09\/IMG_20240915_180736-1024x576.jpg\" alt=\"\" class=\"wp-image-8746\" style=\"width:824px;height:464px\" srcset=\"https:\/\/maquisdelorris.fr\/resistance\/wp-content\/uploads\/2024\/09\/IMG_20240915_180736-1024x576.jpg 1024w, https:\/\/maquisdelorris.fr\/resistance\/wp-content\/uploads\/2024\/09\/IMG_20240915_180736-300x169.jpg 300w, https:\/\/maquisdelorris.fr\/resistance\/wp-content\/uploads\/2024\/09\/IMG_20240915_180736-768x432.jpg 768w, https:\/\/maquisdelorris.fr\/resistance\/wp-content\/uploads\/2024\/09\/IMG_20240915_180736-1536x864.jpg 1536w, https:\/\/maquisdelorris.fr\/resistance\/wp-content\/uploads\/2024\/09\/IMG_20240915_180736-2048x1152.jpg 2048w, https:\/\/maquisdelorris.fr\/resistance\/wp-content\/uploads\/2024\/09\/IMG_20240915_180736-640x360.jpg 640w, https:\/\/maquisdelorris.fr\/resistance\/wp-content\/uploads\/2024\/09\/IMG_20240915_180736-969x545.jpg 969w\" sizes=\"auto, (max-width: 1024px) 100vw, 1024px\" \/><figcaption class=\"wp-element-caption\"><em>Le monument magnifiquement fleuri au terme de la c\u00e9r\u00e9monie (Droits r\u00e9serv\u00e9s, AFAAM, Carrefour de la R\u00e9sistance, 15 septembre 2024)<\/em><\/figcaption><\/figure>\n<\/div>\n\n\n<p> Cette c\u00e9r\u00e9monie ne pouvait pas se terminer avant le traditionnel salut des autorit\u00e9s aux porte-drapeaux sans LA photo de la journ\u00e9e, notre Robert en guest star prenant fi\u00e8rement la pose avec le Ch\u0153ur de l&rsquo;Arm\u00e9e fran\u00e7aise !<\/p>\n\n\n<div class=\"wp-block-image\">\n<figure class=\"aligncenter size-large is-resized\"><a href=\"https:\/\/maquisdelorris.fr\/resistance\/wp-content\/uploads\/2024\/09\/IMG_20240915_165006-scaled.jpg\"><img loading=\"lazy\" decoding=\"async\" width=\"1024\" height=\"576\" src=\"https:\/\/maquisdelorris.fr\/resistance\/wp-content\/uploads\/2024\/09\/IMG_20240915_165006-1024x576.jpg\" alt=\"\" class=\"wp-image-8744\" style=\"width:866px;height:auto\" srcset=\"https:\/\/maquisdelorris.fr\/resistance\/wp-content\/uploads\/2024\/09\/IMG_20240915_165006-1024x576.jpg 1024w, https:\/\/maquisdelorris.fr\/resistance\/wp-content\/uploads\/2024\/09\/IMG_20240915_165006-300x169.jpg 300w, https:\/\/maquisdelorris.fr\/resistance\/wp-content\/uploads\/2024\/09\/IMG_20240915_165006-768x432.jpg 768w, https:\/\/maquisdelorris.fr\/resistance\/wp-content\/uploads\/2024\/09\/IMG_20240915_165006-1536x864.jpg 1536w, https:\/\/maquisdelorris.fr\/resistance\/wp-content\/uploads\/2024\/09\/IMG_20240915_165006-2048x1152.jpg 2048w, https:\/\/maquisdelorris.fr\/resistance\/wp-content\/uploads\/2024\/09\/IMG_20240915_165006-640x360.jpg 640w, https:\/\/maquisdelorris.fr\/resistance\/wp-content\/uploads\/2024\/09\/IMG_20240915_165006-969x545.jpg 969w\" sizes=\"auto, (max-width: 1024px) 100vw, 1024px\" \/><\/a><figcaption class=\"wp-element-caption\">Notre ancien Robert Turpin, particuli\u00e8rement bien entour\u00e9 !&nbsp;<em>(Droits r\u00e9serv\u00e9s, AFAAM, Carrefour de la R\u00e9sistance, 15 septembre 2024)<\/em><\/figcaption><\/figure>\n<\/div>\n\n\n<p>Le traditionnel vin d\u2019honneur a enfin \u00e9t\u00e9 servi \u00e0 l&rsquo;ombre des arbres pr\u00e8s de la maison foresti\u00e8re d\u2019Ouzouer-sur-Loire, cl\u00f4turant ainsi une bien belle c\u00e9r\u00e9monie du Souvenir pour honorer ces hommes tomb\u00e9s au combat pour la libert\u00e9 de la France.<\/p>\n\n\n\n<p>Une partie de l&rsquo;assistance s&rsquo;est ensuite tranquillement dirig\u00e9e vers Amilly pour profiter quelques heures plus tard du concert exceptionnel donn\u00e9 par le Ch\u0153ur de l&rsquo;Arm\u00e9e fran\u00e7aise, un concert organis\u00e9 par l\u2019AFAAM sous le haut patronage du minist\u00e8re des arm\u00e9es, avec l\u2019aimable concours de la ville d\u2019Amilly.<\/p>\n\n\n<div class=\"wp-block-image\">\n<figure class=\"aligncenter size-large is-resized\"><a href=\"https:\/\/maquisdelorris.fr\/resistance\/wp-content\/uploads\/2024\/09\/Choeur-Armee-scaled.jpg\"><img loading=\"lazy\" decoding=\"async\" width=\"1024\" height=\"683\" src=\"https:\/\/maquisdelorris.fr\/resistance\/wp-content\/uploads\/2024\/09\/Choeur-Armee-1024x683.jpg\" alt=\"\" class=\"wp-image-8789\" style=\"width:732px;height:auto\" srcset=\"https:\/\/maquisdelorris.fr\/resistance\/wp-content\/uploads\/2024\/09\/Choeur-Armee-1024x683.jpg 1024w, https:\/\/maquisdelorris.fr\/resistance\/wp-content\/uploads\/2024\/09\/Choeur-Armee-300x200.jpg 300w, https:\/\/maquisdelorris.fr\/resistance\/wp-content\/uploads\/2024\/09\/Choeur-Armee-768x512.jpg 768w, https:\/\/maquisdelorris.fr\/resistance\/wp-content\/uploads\/2024\/09\/Choeur-Armee-1536x1024.jpg 1536w, https:\/\/maquisdelorris.fr\/resistance\/wp-content\/uploads\/2024\/09\/Choeur-Armee-2048x1365.jpg 2048w, https:\/\/maquisdelorris.fr\/resistance\/wp-content\/uploads\/2024\/09\/Choeur-Armee-640x427.jpg 640w, https:\/\/maquisdelorris.fr\/resistance\/wp-content\/uploads\/2024\/09\/Choeur-Armee-969x646.jpg 969w\" sizes=\"auto, (max-width: 1024px) 100vw, 1024px\" \/><\/a><figcaption class=\"wp-element-caption\">En pleine action <em>(Droits r\u00e9serv\u00e9s, AFAAM, Souvenir Fran\u00e7ais, Amilly, 15 septembre 2024)<\/em><\/figcaption><\/figure>\n<\/div>\n\n\n<p>Rendez-vous l\u2019an prochain pour le 81<sup>\u00e8me<\/sup>&nbsp;anniversaire, nul doute d\u2019ailleurs que la physionomie du Carrefour sera bien diff\u00e9rente pour l\u2019occasion, dans la mesure o\u00f9 si tout va bien, le grand projet de l\u2019AFAAM&nbsp;<a href=\"https:\/\/maquisdelorris.fr\/resistance\/?page_id=3748#Les%20activit%C3%A9s%20de%20l%E2%80%99AFAAM%20en%202022-2023\" target=\"_blank\" rel=\"noreferrer noopener\">Aux sources de la m\u00e9moire<\/a>&nbsp;aura bien avanc\u00e9 !<\/p>\n\n\n\n<p>Pour ceux d&rsquo;entre vous qui peinent peut-\u00eatre \u00e0 retrouver les replay sur internet, voici le reportage des \u00e9quipes de France T\u00e9l\u00e9vision diffus\u00e9 le soir m\u00eame pour l&rsquo;occasion !<\/p>\n\n\n\n<figure class=\"wp-block-video\"><video height=\"720\" style=\"aspect-ratio: 1280 \/ 720;\" width=\"1280\" controls src=\"https:\/\/maquisdelorris.fr\/resistance\/wp-content\/uploads\/2024\/09\/France-3-Ed.CVdL-15-09-2024.mp4\"><\/video><\/figure>\n","protected":false},"excerpt":{"rendered":"<p>Le 15 septembre 2024 se tenait la c\u00e9r\u00e9monie annuelle de comm\u00e9moration au Carrefour de la R\u00e9sistance, labellis\u00e9e 80\u00e8me&nbsp;anniversaire de la Lib\u00e9ration, en souvenir des combats du maquis de Lorris. Le traditionnel rassemblement se tient effectivement d\u00e9sormais le 15 septembre comme cette ann\u00e9e, ou le dimanche pr\u00e9c\u00e9dant le 15 septembre, date officielle de la&nbsp;dissolution du Maquis &hellip; <\/p>\n<p><a class=\"more-link btn\" href=\"https:\/\/maquisdelorris.fr\/resistance\/?page_id=4642\">Lire la suite<\/a><\/p>\n","protected":false},"author":5,"featured_media":8749,"parent":8887,"menu_order":4,"comment_status":"closed","ping_status":"closed","template":"","meta":{"footnotes":""},"class_list":["post-4642","page","type-page","status-publish","has-post-thumbnail","hentry","nodate","item-wrap"],"aioseo_notices":[],"_links":{"self":[{"href":"https:\/\/maquisdelorris.fr\/resistance\/index.php?rest_route=\/wp\/v2\/pages\/4642","targetHints":{"allow":["GET"]}}],"collection":[{"href":"https:\/\/maquisdelorris.fr\/resistance\/index.php?rest_route=\/wp\/v2\/pages"}],"about":[{"href":"https:\/\/maquisdelorris.fr\/resistance\/index.php?rest_route=\/wp\/v2\/types\/page"}],"author":[{"embeddable":true,"href":"https:\/\/maquisdelorris.fr\/resistance\/index.php?rest_route=\/wp\/v2\/users\/5"}],"replies":[{"embeddable":true,"href":"https:\/\/maquisdelorris.fr\/resistance\/index.php?rest_route=%2Fwp%2Fv2%2Fcomments&post=4642"}],"version-history":[{"count":0,"href":"https:\/\/maquisdelorris.fr\/resistance\/index.php?rest_route=\/wp\/v2\/pages\/4642\/revisions"}],"up":[{"embeddable":true,"href":"https:\/\/maquisdelorris.fr\/resistance\/index.php?rest_route=\/wp\/v2\/pages\/8887"}],"wp:featuredmedia":[{"embeddable":true,"href":"https:\/\/maquisdelorris.fr\/resistance\/index.php?rest_route=\/wp\/v2\/media\/8749"}],"wp:attachment":[{"href":"https:\/\/maquisdelorris.fr\/resistance\/index.php?rest_route=%2Fwp%2Fv2%2Fmedia&parent=4642"}],"curies":[{"name":"wp","href":"https:\/\/api.w.org\/{rel}","templated":true}]}}