{"id":5952,"date":"2019-06-24T12:32:10","date_gmt":"2019-06-24T12:32:10","guid":{"rendered":"http:\/\/maquisdelorris.fr\/resistance\/?page_id=5952"},"modified":"2025-03-05T15:44:31","modified_gmt":"2025-03-05T15:44:31","slug":"hommage-a-nos-anciens","status":"publish","type":"page","link":"https:\/\/maquisdelorris.fr\/resistance\/?page_id=5952","title":{"rendered":"\u00c0 nos anciens disparus"},"content":{"rendered":"\n<p>Chaque ann\u00e9e, l\u2019Assembl\u00e9e g\u00e9n\u00e9rale de l\u2019<a rel=\"noreferrer noopener\" href=\"https:\/\/maquisdelorris.fr\/resistance\/?page_id=1145\" target=\"_blank\">AFAAM<\/a> est l\u2019occasion de rendre un dernier hommage aux anciens maquisards disparus r\u00e9cemment. Depuis quelques ann\u00e9es, ils sont malheureusement nombreux \u00e0 nous avoir quitt\u00e9s. Cette rubrique ne peut \u00eatre exhaustive, il s&rsquo;agit avant tout de mettre en lumi\u00e8re le r\u00f4le d&rsquo;hommes particuli\u00e8rement engag\u00e9s, au sein de l&rsquo;AFAAM comme aupr\u00e8s des jeunes pour lesquels ils ont t\u00e9moign\u00e9 sans rel\u00e2che de leur exp\u00e9rience pendant toutes ces ann\u00e9es, \u00e0 l&rsquo;image d&rsquo;\u00c9tienne Girard ou Jean H\u00e9au.<\/p>\n\n\n\n<hr class=\"wp-block-separator has-css-opacity\"\/>\n\n\n\n<h2 class=\"wp-block-heading\">Le g\u00e9n\u00e9ral Paul Renaud, 98 ans, est d\u00e9c\u00e9d\u00e9 le vendredi 19 mai 2023<\/h2>\n\n\n<div class=\"wp-block-image\">\n<figure class=\"alignright size-full is-resized\"><a href=\"https:\/\/maquisdelorris.fr\/resistance\/wp-content\/uploads\/2014\/06\/gl-renaud.jpg\"><img loading=\"lazy\" decoding=\"async\" src=\"https:\/\/maquisdelorris.fr\/resistance\/wp-content\/uploads\/2014\/06\/gl-renaud.jpg\" alt=\"\" class=\"wp-image-2459\" style=\"width:226px;height:275px\" width=\"226\" height=\"275\" srcset=\"https:\/\/maquisdelorris.fr\/resistance\/wp-content\/uploads\/2014\/06\/gl-renaud.jpg 256w, https:\/\/maquisdelorris.fr\/resistance\/wp-content\/uploads\/2014\/06\/gl-renaud-246x300.jpg 246w\" sizes=\"auto, (max-width: 226px) 100vw, 226px\" \/><\/a><figcaption class=\"wp-element-caption\"><em>Paul Renaud, maquis de Lorris ,Tous droits r\u00e9serv\u00e9s, Mus\u00e9e D\u00e9partemental de la R\u00e9sistance et de la D\u00e9portation de Lorris<\/em><\/figcaption><\/figure>\n<\/div>\n\n\n<p>N\u00e9 en 1925, Paul Renaud fait partie des fameux <a href=\"https:\/\/maquisdelorris.fr\/resistance\/?page_id=95\" target=\"_blank\" rel=\"noopener\" title=\"\">Cyrards<\/a>, ces \u00e9tudiants de l\u2019\u00e9cole militaire de St Cyr, engag\u00e9s aupr\u00e8s des maquisards de Lorris pour les former, malgr\u00e9 leur jeune \u00e2ge. Paul Renaud prendra part aux plus durs combats de l\u2019\u00e9t\u00e9 1944, \u00e0 <a href=\"https:\/\/maquisdelorris.fr\/resistance\/?page_id=3116\" target=\"_blank\" rel=\"noopener\" title=\"\">Chicamour le 12 ao\u00fbt 1944<\/a> notamment. Il sera \u00e9galement en premi\u00e8re ligne lors de l&rsquo;attaque du maquis le <a href=\"https:\/\/maquisdelorris.fr\/resistance\/?page_id=105\" target=\"_blank\" rel=\"noopener\" title=\"\">14 ao\u00fbt 1944<\/a> comme lors de l\u2019<a href=\"https:\/\/maquisdelorris.fr\/resistance\/?page_id=1550\" target=\"_blank\" rel=\"noopener\" title=\"\">assaut sur la chambre des d\u00e9put\u00e9s \u00e0 Paris&nbsp;le 25 ao\u00fbt<\/a> !<\/p>\n\n\n\n<p>Apr\u00e8s ses ann\u00e9es au maquis, comme il le dira lui-m\u00eame, \u00ab&nbsp;j&rsquo;y ai trouv\u00e9 tout naturellement le point de d\u00e9part pour ma carri\u00e8re d&rsquo;officier puisque j&rsquo;ai \u00e9t\u00e9 dirig\u00e9 ensuite sur l&rsquo;\u00e9cole militaire de Saint Cyr qui \u00e9tait repli\u00e9e \u00e0 Cherchel en Alg\u00e9rie.&nbsp;\u00bb.<\/p>\n\n\n\n<p>Paul Renaud poursuivra ainsi une brillante carri\u00e8re militaire. En janvier 1946, direction l\u2019Indochine, o\u00f9 il restera en poste jusqu\u2019en juillet 1949. Je vous recommande \u00e0 ce propos la lecture de son t\u00e9moignage, <a href=\"https:\/\/www.souvenir-francais-92.org\/article-1946-1949-souvenirs-d-indochine-par-le-general-paul-renaud-122471365.html\" target=\"_blank\" rel=\"noopener\" title=\"\">\u00ab&nbsp;Souvenirs d\u2019Indochine&nbsp;\u00bb<\/a>, sur le site du Souvenir Fran\u00e7ais, r\u00e9cit duquel transpire toute sa passion pour cette r\u00e9gion du monde, la \u00ab&nbsp;Perle de l\u2019Extr\u00eame-Orient&nbsp;\u00bb.<\/p>\n\n\n\n<p>Devenu par la suite g\u00e9n\u00e9ral de brigade \u00e0 l&rsquo;\u00e9tat-major des Arm\u00e9es, Paul Renaud est Commandeur de la L\u00e9gion d\u2019honneur, Commandeur de l\u2019ordre national du M\u00e9rite, il re\u00e7oit \u00e9galement la croix de guerre 1939-1945, la croix de guerre des Th\u00e9\u00e2tres d&rsquo;op\u00e9rations ext\u00e9rieurs, ainsi que la croix de la Valeur militaire.<\/p>\n\n\n\n<p>Qui mieux que lui peut raconter cette exp\u00e9rience inoubliable v\u00e9cue par ces jeunes patriotes, bien souvent inconscients des risques encourus au moment de leur engagement&nbsp;! A seulement 19 ans en 1944, Paul Renaud a tout de m\u00eame ce d\u00e9but de formation militaire qui lui permettra d\u2019instruire les inexp\u00e9riment\u00e9s maquisards de Lorris.<\/p>\n\n\n\n<p>Je vous laisse donc d\u00e9couvrir son histoire, il s\u2019agit d\u2019un montage de deux t\u00e9moignages faits \u00e0 diff\u00e9rents moments dont une <a href=\"https:\/\/maquisdelorris.fr\/resistance\/?p=2458\" target=\"_blank\" rel=\"noopener\" title=\"\">conf\u00e9rence \u00e0 Lorris en 2014<\/a>, et qui permettent de balayer toute la p\u00e9riode d\u2019engagement de Paul Renaud, il \u00e9tait l&rsquo;une des toutes derni\u00e8res voix du maquis de Lorris&#8230; <\/p>\n\n\n\n<div class=\"wp-block-media-text is-stacked-on-mobile is-vertically-aligned-top\" style=\"grid-template-columns:18% auto\"><figure class=\"wp-block-media-text__media\"><img loading=\"lazy\" decoding=\"async\" width=\"389\" height=\"550\" src=\"https:\/\/maquisdelorris.fr\/resistance\/wp-content\/uploads\/2023\/05\/Paul-Renaud.jpg\" alt=\"\" class=\"wp-image-8069 size-full\" srcset=\"https:\/\/maquisdelorris.fr\/resistance\/wp-content\/uploads\/2023\/05\/Paul-Renaud.jpg 389w, https:\/\/maquisdelorris.fr\/resistance\/wp-content\/uploads\/2023\/05\/Paul-Renaud-212x300.jpg 212w\" sizes=\"auto, (max-width: 389px) 100vw, 389px\" \/><\/figure><div class=\"wp-block-media-text__content\">\n<h4 class=\"wp-block-heading has-text-align-left has-regular-font-size\">Mon engagement au maquis de Lorris<\/h4>\n\n\n\n<h4 class=\"wp-block-heading has-regular-font-size\">En septembre 1939, j&rsquo;avais 14 ans, j&rsquo;\u00e9tais coll\u00e9gien en \u00ab\u00a0seconde\u00a0\u00bb \u00e0 Angers. C&rsquo;est l\u00e0 que j&rsquo;ai assist\u00e9 en mai 1940 \u00e0 la \u00ab\u00a0d\u00e9b\u00e2cle\u00a0\u00bb : l&rsquo;exode des r\u00e9fugi\u00e9s par milliers sur les routes et la d\u00e9faite d&rsquo;une arm\u00e9e d\u00e9sorganis\u00e9e. Nous \u00e9tions r\u00e9fugi\u00e9s \u00e0 la campagne quand les troupes allemandes victorieuses sont arriv\u00e9es et ont camp\u00e9 dans le parc de la propri\u00e9t\u00e9 que nous occupions.<\/h4>\n\n\n\n<h4 class=\"wp-block-heading has-regular-font-size\">Cette d\u00e9faite, le contraste entre les soldats allemands et les n\u00f4tres, le pays d\u00e9sorganis\u00e9, ont bless\u00e9, humili\u00e9 d\u00e9j\u00e0 l&rsquo;adolescent que j&rsquo;\u00e9tais alors et ont entra\u00een\u00e9 chez moi un profond d\u00e9sir de revanche.<\/h4>\n\n\n\n<h4 class=\"wp-block-heading has-regular-font-size\">En 1942, notre famille s&rsquo;est install\u00e9e \u00e0 Paris occup\u00e9e, et je suis entr\u00e9 dans une classe commerciale camouflant une pr\u00e9paration \u00e0 ce qui devrait \u00eatre un jour le concours de St Cyr : on nous appelait d\u00e9j\u00e0 les \u00ab\u00a0cyrards\u00a0\u00bb.<\/h4>\n\n\n\n<h4 class=\"wp-block-heading has-regular-font-size\">Fin 1943, nous avons \u00e9t\u00e9 contact\u00e9s par un membre de l&rsquo;O.R.A. (Organisation de la R\u00e9sistance de l&rsquo;Arm\u00e9e) et nous nous sommes r\u00e9unis alors p\u00e9riodiquement \u00e0 une dizaine pour des s\u00e9ances d&rsquo;instruction ou pour des liaisons en attendant le moment d&rsquo;intervenir.<\/h4>\n\n\n\n<h4 class=\"wp-block-heading has-regular-font-size\">L&rsquo;\u00e9v\u00e8nement, ce fut le d\u00e9barquement du 6 juin en Normandie et, pour nous, le d\u00e9but de l&rsquo;aventure. Plusieurs membres de notre r\u00e9seau de l&rsquo;O.R.A. sont alors arr\u00eat\u00e9s en d\u00e9port\u00e9s. Deux jours apr\u00e8s, j&rsquo;apprends par un camarade que nous devions rejoindre sans d\u00e9lai la for\u00eat d&rsquo;Orl\u00e9ans : dans la clandestinit\u00e9, on ne demande pas de pr\u00e9cisions, on fait confiance \u00e0 un agent dont on ne connait m\u00eame pas l&rsquo;identit\u00e9 mais un pr\u00e9nom &#8230; Et le lendemain, sac au dos comme si nous allions chercher du ravitaillement \u00e0 la campagne, nous prenons \u00e0 deux ou trois le train, les uns pour Montargis, d&rsquo;autres pour Orl\u00e9ans, moi pour Briare avec une bicyclette. Apr\u00e8s de bonnes marches de jour et de nuit nous nous retrouvons tous &#8211; nous \u00e9tions 23 dans ce cas- \u00e0 un chantier de b\u00fbcheronnage install\u00e9 au grand carrefour devenu le carrefour de la R\u00e9sistance, accueillis par l&rsquo;h\u00e9ro\u00efque Monsieur Charton qui sera fusill\u00e9 le 14 ao\u00fbt et celui qui deviendra notre chef, Albin.<\/h4>\n\n\n\n<h4 class=\"wp-block-heading has-regular-font-size\">Nos missions sont alors r\u00e9parties : certains rejoignent les maquis d\u00e9j\u00e0 form\u00e9s de Vitry-aux-\u00adLoges et de Chambon et pour ma part je participerai comme dix de mes camarades \u00e0 l&rsquo;encadrement de jeunes de mon \u00e2ge qu&rsquo;il s&rsquo;agira le moment venu de mener au combat\u2026 Dans ce qui sera le maquis de Lorris.<\/h4>\n\n\n\n<h4 class=\"wp-block-heading has-regular-font-size\">Nos rapports avec la population \u00e9taient tr\u00e8s bons les \u00ab\u00a0collabos\u00a0\u00bb \u00e9taient montr\u00e9s du doigt : c&rsquo;\u00e9tait \u00e9videmment le d\u00e9but de la lib\u00e9ration, mais les fermiers qui nous cachaient, les forestiers etc\u2026 prenaient beaucoup de risques.<\/h4>\n\n\n\n<h4 class=\"wp-block-heading has-regular-font-size\">La r\u00e9gion, sillonn\u00e9e de troupes allemandes qui affluaient du Sud vers la Normandie, connaissait une certaine \u00e9bullition, en soul\u00e8vement contre l&rsquo;envahisseur, et les jeunes contact\u00e9s de bouche \u00e0 oreille rejoignaient en masse la R\u00e9sistance, comme les patriotes volontaires de 1792 : c&rsquo;est ainsi que les jeunes de Thimory constitu\u00e8rent mon groupe de combat tandis que ceux de Nogent sur Vernisson, Montereau, Noyers, Vieilles-Maisons ou du Moulinet formaient les autres groupes dans un \u00e9lan magnifique.<\/h4>\n\n\n\n<h4 class=\"wp-block-heading has-regular-font-size\">Pendant la p\u00e9riode de formation du maquis, les \u00ab\u00a0cyrards\u00a0\u00bb sont accueillis chez des agriculteurs courageux qui les re\u00e7oivent malgr\u00e9 les risques encourus, comme des jeunes de ce qui s&rsquo;appelait alors le \u00ab\u00a0service civique rural\u00a0\u00bb, mais ils n&rsquo;avaient aucune illusion sur ce que nous \u00e9tions venus faire ! Je suis re\u00e7u pour ma part d&rsquo;abord \u00e0 la Girardi\u00e8re puis, avec mon camarade Pierre Puget qui sera tu\u00e9 \u00e0 Chicamour le 12 ao\u00fbt, \u00e0 la Gironni\u00e8re chez monsieur Beauvais, dont la fille Gis\u00e8le \u00e9pousera plus tard un maquisard, Jean Heau.<\/h4>\n\n\n\n<h4 class=\"wp-block-heading has-regular-font-size\">Nous avons bien bin\u00e9 quelques betteraves mais nous passions la plupart du temps en for\u00eat, du c\u00f4t\u00e9 de la Noue Mazone ou ailleurs, creusant des caches pour les armes \u00e0 venir, r\u00e9unissant nos groupes de combat, prenant liaison avec notre chef Albin \u00e0 la ferme du Barnab\u00e9 sur la route de Sully, beaucoup de d\u00e9placements \u00e0 pied ou \u00e0 bicyclette&#8230;<\/h4>\n\n\n\n<h4 class=\"wp-block-heading has-regular-font-size\">Un soir, le 21 juin, nous sommes alert\u00e9s pour notre premier parachutage, annonc\u00e9 \u00e0 la BBC. Regagnant une grande clairi\u00e8re par des chemins d\u00e9tourn\u00e9s, nous disposons h\u00e2tivement un balisage de bottes de paille \u00e0 allumer le moment venu et c&rsquo;est l&rsquo;attente dans le silence de la nuit. Au loin on entend les bruits sourds d&rsquo;un bombardement du c\u00f4t\u00e9 d&rsquo;Orl\u00e9ans. Tout \u00e0 coup, un ronronnement grandit, s&rsquo;approche puis s&rsquo;\u00e9loigne : un gros avion, \u00e9chapp\u00e9 probablement du raid de bombardement que nous entendions&#8230; Nous nous pr\u00e9cipitons pour allumer les bottes qui doivent guider l&rsquo;appareil qui, brusquement d\u00e9bouche \u00e0 basse altitude, largue son chapelet de parachutes et dispara\u00eet : chapeau les pilotes de la RAF ! A l&rsquo;\u00e9motion succ\u00e8de une activit\u00e9 f\u00e9brile pour d\u00e9grafer les containers de leur parachute, certains sont accroch\u00e9s haut dans les arbres, charger ces lourds containers sur des charrettes \u00e0 cheval, les conduire \u00e0 nos caches, et tout cela avant le jour et la reconnaissance quotidienne du petit avion d&rsquo;observation allemand qui surveille la r\u00e9gion.<\/h4>\n\n\n\n<h4 class=\"wp-block-heading has-regular-font-size\">Je suis rentr\u00e9 ce jour-l\u00e0 assez tard, \u00e9puis\u00e9, prendre mon sac, dire adieu \u00e0 la Gironni\u00e8re et regagner la for\u00eat. A partir de ce moment-l\u00e0 \u00ab\u00a0Thimory\u00a0\u00bb est regroup\u00e9 en bivouac sous les tentes de parachute, d\u00e9graisse les armes et m\u00e8ne les op\u00e9rations qui le m\u00e8neront jusqu&rsquo;\u00e0 Paris : aucun ne faillira.<\/h4>\n\n\n\n<h4 class=\"wp-block-heading has-regular-font-size\">Ces fermiers qui nous recevaient, ces jeunes volontaires de juin 44 qui s&rsquo;engageaient pour la lib\u00e9ration du pays, peuvent \u00eatre fiers de l&rsquo;exemple qu&rsquo;ils ont donn\u00e9 et je m&rsquo;honore de leur amiti\u00e9.<\/h4>\n\n\n\n<h4 class=\"wp-block-heading has-regular-font-size\">Les activit\u00e9s du \u00ab\u00a0maquis\u00a0\u00bb : Nous montions des embuscades sur les routes qu&#8217;empruntaient les allemands qui remontaient du Sud de la France vers la Normandie, de nuit pour \u00e9chapper \u00e0 l&rsquo;aviation alli\u00e9e. Nous op\u00e9rions aussi des destructions de voies ferr\u00e9es \u00e0 l&rsquo;explosif. Nous dormions plut\u00f4t de jour et agissions par petits groupes de nuit, mis en place par camion r\u00e9quisitionn\u00e9, souvent pour rien, mais quand nous \u00ab\u00a0accrochions\u00a0\u00bb, nous \u00ab\u00a0d\u00e9crochions \u00ab\u00a0rapidement.<\/h4>\n\n\n\n<h4 class=\"wp-block-heading has-regular-font-size\">Bien rep\u00e9r\u00e9s par les Allemands nous avons \u00e9t\u00e9 finalement attaqu\u00e9s le 14 ao\u00fbt, et avons d\u00fb d\u00e9crocher \u00e0 notre tour\u2026 Un monument est \u00e9lev\u00e9 en for\u00eat d&rsquo;Orl\u00e9ans au \u00ab\u00a0carrefour de la R\u00e9sistance\u00a0\u00bb pour comm\u00e9morer toute cette \u00e9pop\u00e9e : 40 tombes y sont regroup\u00e9es.<\/h4>\n\n\n\n<h4 class=\"wp-block-heading has-regular-font-size\">Quelques jours apr\u00e8s, nous sommes sortis de la for\u00eat pour lib\u00e9rer quelques villages et faire la jonction avec les Am\u00e9ricains \u00e0 Orl\u00e9ans. C&rsquo;est de l\u00e0 que nous avons rejoint la 2<sup>\u00e8me<\/sup> DB du G\u00e9n\u00e9ral Leclerc qui montait sur Paris : nous y avons \u00e9t\u00e9 engag\u00e9s l\u00e0 le 25 ao\u00fbt \u00e0 l&rsquo;Ecole Militaire et, en ce qui me concerne, \u00e0 la chambre des d\u00e9put\u00e9s, perdant encore six camarades tu\u00e9s devant ces centres de r\u00e9sistance occup\u00e9s par les allemands.<\/h4>\n\n\n\n<h4 class=\"wp-block-heading has-regular-font-size\">J\u2019avais 19 ans en 1944 : je retiens la satisfaction d&rsquo;avoir pris une revanche sur l&rsquo;humiliation de mon pays, qui m&rsquo;avait tant marqu\u00e9, bless\u00e9 adolescent. Et cette aventure a \u00e9t\u00e9 men\u00e9e dans la camaraderie et l&rsquo;enthousiasme. <\/h4>\n<\/div><\/div>\n\n\n<div class=\"wp-block-image\">\n<figure class=\"aligncenter size-large is-resized\"><a href=\"https:\/\/maquisdelorris.fr\/resistance\/wp-content\/uploads\/2023\/05\/Paul_Renaud_2007-scaled.jpg\"><img loading=\"lazy\" decoding=\"async\" src=\"https:\/\/maquisdelorris.fr\/resistance\/wp-content\/uploads\/2023\/05\/Paul_Renaud_2007-795x1024.jpg\" alt=\"\" class=\"wp-image-8070\" style=\"width:419px;height:540px\" width=\"419\" height=\"540\" srcset=\"https:\/\/maquisdelorris.fr\/resistance\/wp-content\/uploads\/2023\/05\/Paul_Renaud_2007-795x1024.jpg 795w, https:\/\/maquisdelorris.fr\/resistance\/wp-content\/uploads\/2023\/05\/Paul_Renaud_2007-233x300.jpg 233w, https:\/\/maquisdelorris.fr\/resistance\/wp-content\/uploads\/2023\/05\/Paul_Renaud_2007-768x989.jpg 768w, https:\/\/maquisdelorris.fr\/resistance\/wp-content\/uploads\/2023\/05\/Paul_Renaud_2007-1193x1536.jpg 1193w, https:\/\/maquisdelorris.fr\/resistance\/wp-content\/uploads\/2023\/05\/Paul_Renaud_2007-1590x2048.jpg 1590w, https:\/\/maquisdelorris.fr\/resistance\/wp-content\/uploads\/2023\/05\/Paul_Renaud_2007-640x824.jpg 640w, https:\/\/maquisdelorris.fr\/resistance\/wp-content\/uploads\/2023\/05\/Paul_Renaud_2007-969x1248.jpg 969w, https:\/\/maquisdelorris.fr\/resistance\/wp-content\/uploads\/2023\/05\/Paul_Renaud_2007-scaled.jpg 1988w\" sizes=\"auto, (max-width: 419px) 100vw, 419px\" \/><\/a><figcaption class=\"wp-element-caption\">Le g\u00e9n\u00e9ral Renaud au Carrefour de la R\u00e9sistance, AFAAM, 2007 (source:https:\/\/fr.wikipedia.org\/wiki\/Fichier:Paul_Renaud,_2007.jpg)<\/figcaption><\/figure>\n<\/div>\n\n\n<blockquote class=\"wp-block-quote is-style-plain has-small-font-size is-layout-flow wp-block-quote-is-layout-flow\">\n<p><\/p>\n<\/blockquote>\n\n\n\n<hr class=\"wp-block-separator has-alpha-channel-opacity\"\/>\n\n\n\n<h2 class=\"wp-block-heading\">Bernard Chalopin (d\u00e9c\u00e9d\u00e9 le 4 septembre 2022)<\/h2>\n\n\n<div class=\"wp-block-image\">\n<figure class=\"alignleft size-large is-resized\"><a href=\"https:\/\/maquisdelorris.fr\/resistance\/wp-content\/uploads\/2015\/04\/Bernard-Chalopin.jpg\"><img loading=\"lazy\" decoding=\"async\" src=\"https:\/\/maquisdelorris.fr\/resistance\/wp-content\/uploads\/2015\/04\/Bernard-Chalopin-640x1024.jpg\" alt=\"\" class=\"wp-image-3454\" style=\"width:253px;height:404px\" width=\"253\" height=\"404\" srcset=\"https:\/\/maquisdelorris.fr\/resistance\/wp-content\/uploads\/2015\/04\/Bernard-Chalopin-640x1024.jpg 640w, https:\/\/maquisdelorris.fr\/resistance\/wp-content\/uploads\/2015\/04\/Bernard-Chalopin-187x300.jpg 187w, https:\/\/maquisdelorris.fr\/resistance\/wp-content\/uploads\/2015\/04\/Bernard-Chalopin-300x480.jpg 300w, https:\/\/maquisdelorris.fr\/resistance\/wp-content\/uploads\/2015\/04\/Bernard-Chalopin.jpg 1985w\" sizes=\"auto, (max-width: 253px) 100vw, 253px\" \/><\/a><figcaption class=\"wp-element-caption\">Bernard Chalopin (Tony) (Droits r\u00e9serv\u00e9s, Famille Chalopin)<\/figcaption><\/figure>\n<\/div>\n\n\n<p>Bernard Chalopin \u00e9tait bien LA voix des anciens du maquis, le repr\u00e9sentant de tous ses camarades, le Pr\u00e9sident d\u2019honneur de l\u2019AFAAM, mais il \u00e9tait aussi un ambassadeur de M\u00e9moire pour les jeunes, celui qui inlassablement t\u00e9moignait de l\u2019histoire de ce Carrefour au c\u0153ur de la for\u00eat d\u2019Orl\u00e9ans, de ces jeunes engag\u00e9s dans une guerre d\u2019usure contre l\u2019occupant allemand, Il t\u00e9moignait de cette histoire que je suis bien incapable de transmettre en tant que simple enseignant, car seuls ceux qui ont v\u00e9cu les \u00e9v\u00e9nements sont l\u00e9gitimes pour le faire comme il se doit. Nous n\u2019\u00e9tions que trop conscients ces derni\u00e8res ann\u00e9es de cette forme d\u2019urgence qu\u2019il y a \u00e0 permettre aux nouvelles g\u00e9n\u00e9rations de profiter du r\u00e9cit de celles et ceux qui ont affront\u00e9 la barbarie nazie, et que nous voyons dramatiquement dispara\u00eetre les uns apr\u00e8s les autres. Combien de fois au coll\u00e8ge a-t-il pris ce temps que les programmes scolaires ne permettent plus depuis longtemps pour expliquer, raconter, \u00e0 des g\u00e9n\u00e9rations d\u2019\u00e9l\u00e8ves, l\u2019histoire de ces r\u00e9sistants, et ce depuis pr\u00e8s de 20 ans en ce qui concerne le coll\u00e8ge des Bordes. Sa disponibilit\u00e9, sa gentillesse et son humour n&rsquo;ont jamais \u00e9t\u00e9 oubli\u00e9s par tous ceux qui ont crois\u00e9 son chemin.<\/p>\n\n\n\n<p>Je ne vous referai pas ici sa petite fiche \u00ab&nbsp;biographique&nbsp;\u00bb, son entr\u00e9e \u00e0 l\u2019OCM le 15 d\u00e9cembre 1944 \u00e0 17 ans, sa volont\u00e9 d\u2019honorer son p\u00e8re, un ancien de la guerre de 14, l\u2019entra\u00eenement militaire, les premi\u00e8res missions dans sa compagnie aux Aulnottes puis au camp du Ravoir, la lib\u00e9ration de Paris\u2026 l\u2019estafette \u00ab&nbsp;Tony&nbsp;\u00bb a fait sa part. Bernard est pr\u00e9sent sur toutes les pages consacr\u00e9es au maquis de Lorris sur ce site, et aborde dans de courtes vid\u00e9os tout son parcours finalement classique tout en restant exceptionnel, celui d\u2019un jeune homme de son temps qui a su dire NON \u00e0 l\u2019invasion de son pays par une puissance \u00e9trang\u00e8re.<\/p>\n\n\n\n<p>Il nous reste de notre Bernard des milliers de souvenirs (<a href=\"https:\/\/maquisdelorris.fr\/resistance\/?p=7366\" target=\"_blank\" rel=\"noopener\">la remise de sa d\u00e9coration le 18 juin 2021<\/a> restera un moment tr\u00e8s fort), et des centaines d&rsquo;anecdotes, tragiques, souvent, mais parfois cocasses \u00e9galement, on ne se lassait jamais de son r\u00e9cit de la r\u00e9quisition de la traction du cur\u00e9 de Varennes ! Il nous reste des dizaines d&rsquo;heures de vid\u00e9os gr\u00e2ce auxquelles d\u2019autres g\u00e9n\u00e9rations d\u2019\u00e9l\u00e8ves qui n\u2019auront pas la chance de le rencontrer pourront tout de m\u00eame s\u2019informer, en classe comme sur ce site, et d\u00e9couvrir les activit\u00e9s du plus important maquis du centre de la France en 1944.<\/p>\n\n\n\n<p>Le plus dur commence maintenant, perp\u00e9tuer, sans notre ancien embl\u00e9matique, la M\u00e9moire de la R\u00e9sistance, de mani\u00e8re \u00e0 ce qu&rsquo;elle ne tombe jamais dans l\u2019oubli, la t\u00e2che est immense.<\/p>\n\n\n<div class=\"wp-block-image\">\n<figure class=\"aligncenter size-large is-resized\"><a href=\"https:\/\/maquisdelorris.fr\/resistance\/wp-content\/uploads\/2021\/06\/IMG_20210618_111824-scaled.jpg\"><img loading=\"lazy\" decoding=\"async\" src=\"https:\/\/maquisdelorris.fr\/resistance\/wp-content\/uploads\/2021\/06\/IMG_20210618_111824-573x1024.jpg\" alt=\"\" class=\"wp-image-7360\" style=\"width:430px;height:768px\" width=\"430\" height=\"768\" srcset=\"https:\/\/maquisdelorris.fr\/resistance\/wp-content\/uploads\/2021\/06\/IMG_20210618_111824-573x1024.jpg 573w, https:\/\/maquisdelorris.fr\/resistance\/wp-content\/uploads\/2021\/06\/IMG_20210618_111824-168x300.jpg 168w, https:\/\/maquisdelorris.fr\/resistance\/wp-content\/uploads\/2021\/06\/IMG_20210618_111824-768x1371.jpg 768w, https:\/\/maquisdelorris.fr\/resistance\/wp-content\/uploads\/2021\/06\/IMG_20210618_111824-860x1536.jpg 860w, https:\/\/maquisdelorris.fr\/resistance\/wp-content\/uploads\/2021\/06\/IMG_20210618_111824-1147x2048.jpg 1147w, https:\/\/maquisdelorris.fr\/resistance\/wp-content\/uploads\/2021\/06\/IMG_20210618_111824-640x1143.jpg 640w, https:\/\/maquisdelorris.fr\/resistance\/wp-content\/uploads\/2021\/06\/IMG_20210618_111824-969x1730.jpg 969w, https:\/\/maquisdelorris.fr\/resistance\/wp-content\/uploads\/2021\/06\/IMG_20210618_111824-scaled.jpg 1434w\" sizes=\"auto, (max-width: 430px) 100vw, 430px\" \/><\/a><\/figure>\n<\/div>\n\n\n<hr class=\"wp-block-separator has-alpha-channel-opacity\"\/>\n\n\n\n<h2 class=\"wp-block-heading\">Albin Chalandon (d\u00e9c\u00e9d\u00e9 le 29 juillet 2020)<\/h2>\n\n\n<div class=\"wp-block-image\">\n<figure class=\"alignright size-large is-resized\"><img loading=\"lazy\" decoding=\"async\" src=\"https:\/\/maquisdelorris.fr\/resistance\/wp-content\/uploads\/2020\/08\/Albin-Chalandon-2.jpg\" alt=\"\" class=\"wp-image-7177\" style=\"width:253px;height:313px\" width=\"253\" height=\"313\" srcset=\"https:\/\/maquisdelorris.fr\/resistance\/wp-content\/uploads\/2020\/08\/Albin-Chalandon-2.jpg 371w, https:\/\/maquisdelorris.fr\/resistance\/wp-content\/uploads\/2020\/08\/Albin-Chalandon-2-243x300.jpg 243w\" sizes=\"auto, (max-width: 253px) 100vw, 253px\" \/><\/figure>\n<\/div>\n\n\n<p>Pour les jeunes qui parcourent ce texte et ne connaissent pas Albin Chalandon, il d\u00e9bute sa carri\u00e8re apr\u00e8s la guerre \u00e0 l&rsquo;Inspection g\u00e9n\u00e9rale des finances&nbsp;avant de poursuivre dans la haute fonction publique et les directions d&rsquo;entreprises. Ministre de l&rsquo;Industrie du&nbsp;gouvernement Georges Pompidou en 1968, Ministre de l&rsquo;\u00c9quipement et du Logement des&nbsp;gouvernements Maurice Couve de Murville&nbsp;(juillet 1968 &#8211; juin 1969) et Jacques Chaban-Delmas&nbsp;(juin 1969 &#8211; juillet 1972), il est \u00e9lu d\u00e9put\u00e9 dans le&nbsp;Nord&nbsp;lors des&nbsp;\u00e9lections l\u00e9gislatives de 1986, avant d\u2019\u00eatre nomm\u00e9&nbsp;garde des Sceaux&nbsp;du&nbsp;gouvernement de Jacques Chirac (mars 1986 &#8211; mai&nbsp;1988). Je ne reviendrai pas ici sur cette brillante carri\u00e8re dans les finances et la politique, abondamment d\u00e9taill\u00e9e sur le web, mais bien sur le parcours qui l\u2019a amen\u00e9 \u00e0 fonder le maquis de Lorris en 1944.<\/p>\n\n\n\n<p>Albin Chalandon est n\u00e9 le&nbsp;11&nbsp;juin&nbsp;1920&nbsp;\u00e0&nbsp;Reyrieux dans l\u2019Ain, c\u2019est l\u00e0 qu\u2019il passe les premi\u00e8res ann\u00e9es de la guerre dans la propri\u00e9t\u00e9 familiale, avant de s\u2019installer \u00e0 Paris apr\u00e8s 1942 et l\u2019invasion de la zone libre par les troupes d\u2019occupation allemandes. Apr\u00e8s avoir fait ses classes au&nbsp;lyc\u00e9e Condorcet, il obtient une licence en&nbsp;lettres&nbsp;\u00e0 la&nbsp;facult\u00e9 des lettres de Paris&nbsp;et un dipl\u00f4me d&rsquo;\u00e9tudes sup\u00e9rieures en&nbsp;philosophie. Il pr\u00e9pare alors le concours de l\u2019inspection des finances au cours de l\u2019ann\u00e9e scolaire 1942-1943 (il sera finalement re\u00e7u au concours apr\u00e8s la guerre, en avril 1945). Le jeune homme de 24 ans est \u00e0 ce moment remarqu\u00e9 et recrut\u00e9 par une connaissance pour int\u00e9grer une organisation militaire clandestine, l\u2019Organisation de r\u00e9sistance de l\u2019Arm\u00e9e, ou ORA. En&nbsp;juin 1943, l\u2019ORA vient de reconna\u00eetre la l\u00e9gitimit\u00e9 et&nbsp;l\u2019autorit\u00e9 du g\u00e9n\u00e9ral de Gaulle et entreprend de coordonner ses actions avec d\u2019autres mouvements de r\u00e9sistance, en cr\u00e9ant des maquis ou des groupes arm\u00e9s, encadr\u00e9s par des officiers ou anciens officiers de l\u2019arm\u00e9e. Parmi eux, le lieutenant Jean de Montangon, officier de carri\u00e8re et instructeur \u00e0 Saint-Cyr \u00e0 Aix-en-Provence. Il cr\u00e9\u00e9 le Corps-Franc Li\u00e9nart, prend sous son aile Albin Chalandon et commence le recrutement des \u00ab&nbsp;Cyrards&nbsp;\u00bb qui quitteront la capitale pour enseigner l\u2019art de la guerre aux maquisards du Loiret, des Cyrards dont je vous invite \u00e0 d\u00e9couvrir le parcours plus bas sur cette page en relisant et \u00e9coutant le t\u00e9moignage de l\u2019un d\u2019entre eux, Andr\u00e9 Plagnol.<\/p>\n\n\n\n<p>Jean de Montangon est malheureusement tr\u00e8s vite arr\u00eat\u00e9 par les Allemands au printemps 1944 lors d\u2019une r\u00e9union \u00e0 laquelle Albin Chalandon n\u2019assiste pas, laissant donc seuls ce dernier et la vingtaine de cyrards d\u00e9j\u00e0 recrut\u00e9s. Albin Chalandon, sans ordres d\u2019un quelconque sup\u00e9rieur, prend alors l\u2019initiative de cr\u00e9er un maquis au c\u0153ur de la for\u00eat d\u2019Orl\u00e9ans, suite \u00e0 une simple discussion avec un ami parti alors s\u2019y r\u00e9fugier, Alain D\u2019Anterroches. Nous sommes le 5 juin 1944. Il trouve refuge au&nbsp;lendemain du d\u00e9barquement dans une ferme \u00e0 Lorris au lieudit \u00ab&nbsp;Les&nbsp;Barnab\u00e9s&nbsp;\u00bb, en lisi\u00e8re de la for\u00eat d\u2019Orl\u00e9ans, ferme tenue par la famille Elise d\u2019origine&nbsp;belge. Je laisse Albin Chalandon vous expliquer en personne la suite et la fondation du maquis, c\u2019est un extrait tir\u00e9 de son t\u00e9moignage recueilli en 2014 au M\u00e9morial du Mar\u00e9chal Leclerc de Hauteclocque et de la Lib\u00e9ration de Paris, aux c\u00f4t\u00e9s d\u2019Andr\u00e9 Plagnol, pour le 70\u00e8me&nbsp;anniversaire du maquis et de la Lib\u00e9ration de la France. Un grand merci de nouveau \u00e0 l\u2019\u00e9quipe du Mus\u00e9e D\u00e9partemental de la R\u00e9sistance et de la D\u00e9portation de Lorris qui nous autorise \u00e0 diffuser cet enregistrement :<\/p>\n\n\n\n<figure class=\"wp-block-video aligncenter\"><video height=\"480\" style=\"aspect-ratio: 856 \/ 480;\" width=\"856\" controls src=\"https:\/\/maquisdelorris.fr\/resistance\/wp-content\/uploads\/videos\/A.Chalandon.mp4\"><\/video><figcaption class=\"wp-element-caption\"><em>Albin Chalandon, M\u00e9morial du Mar\u00e9chal Leclerc de Hauteclocque et de la Lib\u00e9ration de Paris, janvier 2014 (Droits r\u00e9serv\u00e9s, Mus\u00e9e D\u00e9partemental de la R\u00e9sistance et de la D\u00e9portation de Lorris)<\/em><\/figcaption><\/figure>\n\n\n\n<p>Albin Chalandon compte ensuite rejoindre le <a href=\"https:\/\/maquisdelorris.fr\/resistance\/?page_id=109\" target=\"_blank\" rel=\"noreferrer noopener\">Carrefour d\u2019Orl\u00e9ans et son chantier forestier<\/a> o\u00f9 il esp\u00e9rait s\u2019implanter, gr\u00e2ce \u00e0 l\u2019aide des services des Eaux et For\u00eats et de gardes forestiers tels M. Arrighi et&nbsp;<a href=\"https:\/\/maquisdelorris.fr\/resistance\/?page_id=1562\" target=\"_blank\" rel=\"noreferrer noopener\">M. Boussogne<\/a>. En outre, les premiers contacts sont \u00e9galement pris avec les groupes locaux existants, plac\u00e9s sous l\u2019autorit\u00e9 du Lieutenant-Colonel <a href=\"https:\/\/maquisdelorris.fr\/resistance\/?page_id=299\" target=\"_blank\" rel=\"noreferrer noopener\">Marc O\u2019Neill<\/a>, alors D\u00e9l\u00e9gu\u00e9 militaire r\u00e9gional de la r\u00e9gion P2 et bas\u00e9 dans <a href=\"https:\/\/maquisdelorris.fr\/resistance\/?page_id=1187\" target=\"_blank\" rel=\"noreferrer noopener\">la ferme de la Folie \u00e0 Vitry-aux-Loges<\/a>, mais qu\u2019Albin Chalandon ne conna\u00eet pas encore. Marc O\u2019Neill \u00e9tant responsable de quatre d\u00e9partements dont le Loiret (avec le Nord du Cher, le Loir-et-Cher et l\u2019Eure-et-Loir), Albin Chalandon va donc int\u00e9grer son maquis naissant \u00e0 un ensemble d\u00e9j\u00e0 en place (voir la page sur <a href=\"https:\/\/maquisdelorris.fr\/resistance\/?page_id=95\" target=\"_blank\" rel=\"noreferrer noopener\">les origines du maquis<\/a> pour le d\u00e9tail de tous ces \u00e9v\u00e9nements). Le premier camp du maquis est install\u00e9 au lieu-dit \u00ab&nbsp;les&nbsp;Aulnottes&nbsp;\u00bb, et les Cyrards recrutent des groupes de 10 hommes dont chacun prend la t\u00eate, deux groupes formant plus tard une section (voir <a href=\"https:\/\/maquisdelorris.fr\/resistance\/?page_id=313\" target=\"_blank\" rel=\"noreferrer noopener\">sch\u00e9ma d\u2019organisation d\u2019une compagnie<\/a>). Ce n\u2019est qu\u2019apr\u00e8s <a href=\"https:\/\/maquisdelorris.fr\/resistance\/?page_id=313\" target=\"_blank\" rel=\"noreferrer noopener\">les attaques successives par les Allemands des maquis de Chambon-la-For\u00eat puis Vitry-aux-Loges<\/a> les 17 juillet et 6 ao\u00fbt 1944 que se r\u00e9uniront les trois groupes, formant d\u00e9sormais trois compagnies&nbsp;(voir <a href=\"https:\/\/maquisdelorris.fr\/resistance\/?page_id=99\" target=\"_blank\" rel=\"noreferrer noopener\">sch\u00e9ma d\u2019organisation du maquis<\/a>), une organisation tr\u00e8s lourde a parfois regrett\u00e9 Albin Chalandon, ne serait-ce que par la complexit\u00e9 de parvenir \u00e0 nourrir plus de 500 hommes en pleine for\u00eat et dans la clandestinit\u00e9&nbsp;! Si Albin Chalandon est bien le fondateur du maquis de Lorris, son sup\u00e9rieur Marc O\u2019Neill confie le commandement des trois nouvelles compagnies \u00e0 Benjamin Passet dit capitaine Albert, son plus proche adjoint jusque-l\u00e0, laissant bien entendu \u00e0 Albin Chalandon le commandement de son groupe qui devient la compagnie Albin. Le camp des&nbsp;Aulnottes&nbsp;s\u2019av\u00e8re alors trop petit pour accueillir tant d\u2019hommes, et le 27 juillet, apr\u00e8s le survol par un avion de reconnaissance allemand du lieu de rassemblement du maquis, Albin Chalandon organise le \u00ab&nbsp;d\u00e9m\u00e9nagement&nbsp;\u00bb au camp dit du \u00ab&nbsp;Ravoir&nbsp;\u00bb quelques centaines de m\u00e8tres plus loin.<\/p>\n\n\n\n<p>&nbsp;S\u2019en suivront les \u00e9v\u00e9nements que vous connaissez tous, l\u2019organisation des nombreuses missions au sein du maquis et les divers combats de la Lib\u00e9ration. Albin Chalandon gardait particuli\u00e8rement en m\u00e9moire l\u2019embuscade de <a href=\"https:\/\/maquisdelorris.fr\/resistance\/?page_id=3116\" target=\"_blank\" rel=\"noreferrer noopener\">Chicamour<\/a> au cours de laquelle mourrait Pierre Puget, un jeune cyrard qu\u2019il avait fait venir de Paris, atteint d\u2019une balle en plein front et mort dans ses bras. Albin Chalandon participe aux c\u00f4t\u00e9s de ses hommes aux <a href=\"https:\/\/maquisdelorris.fr\/resistance\/?page_id=105\" target=\"_blank\" rel=\"noreferrer noopener\">combats du 14 ao\u00fbt<\/a>, mais est victime peu apr\u00e8s d\u2019un accident au volant d\u2019une traction avant r\u00e9quisitionn\u00e9e. Bless\u00e9 s\u00e9rieusement \u00e0 la t\u00eate (voir photo ci-dessous), il encha\u00eene p\u00e9niblement avec les combats de la <a href=\"https:\/\/maquisdelorris.fr\/resistance\/?page_id=1719\" target=\"_blank\" rel=\"noreferrer noopener\">lib\u00e9ration de Ch\u00e2teauneuf-sur-Loire et Orl\u00e9ans<\/a>, jusqu\u2019\u00e0 la&nbsp;<a href=\"https:\/\/maquisdelorris.fr\/resistance\/?page_id=1550\" target=\"_blank\" rel=\"noreferrer noopener\">lib\u00e9ration de Paris<\/a>, et plus particuli\u00e8rement \u00e0 celle du Parlement et des b\u00e2timents du&nbsp;Quai d&rsquo;Orsay. Ce fait d&rsquo;armes lui vaudra la&nbsp;L\u00e9gion d&rsquo;honneur&nbsp;\u00e0 titre militaire (\u00e9galement titulaire de la&nbsp;croix de guerre 1939-1945, il sera \u00e9lev\u00e9 \u00e0 la dignit\u00e9 de&nbsp;grand-croix de la L\u00e9gion d&rsquo;honneur&nbsp;le&nbsp;14 juillet 2009).<\/p>\n\n\n<div class=\"wp-block-image\">\n<figure class=\"aligncenter size-large is-resized\"><img loading=\"lazy\" decoding=\"async\" src=\"https:\/\/maquisdelorris.fr\/resistance\/wp-content\/uploads\/2020\/08\/Albin-Chalandon-1024x668.jpg\" alt=\"\" class=\"wp-image-7174\" style=\"width:727px;height:473px\" width=\"727\" height=\"473\" srcset=\"https:\/\/maquisdelorris.fr\/resistance\/wp-content\/uploads\/2020\/08\/Albin-Chalandon-1024x668.jpg 1024w, https:\/\/maquisdelorris.fr\/resistance\/wp-content\/uploads\/2020\/08\/Albin-Chalandon-300x196.jpg 300w, https:\/\/maquisdelorris.fr\/resistance\/wp-content\/uploads\/2020\/08\/Albin-Chalandon-768x501.jpg 768w, https:\/\/maquisdelorris.fr\/resistance\/wp-content\/uploads\/2020\/08\/Albin-Chalandon.jpg 1071w\" sizes=\"auto, (max-width: 727px) 100vw, 727px\" \/><figcaption class=\"wp-element-caption\"><em>Albin Chalandon (au centre avec le bandage) et le groupe Cordier, Paris, ao\u00fbt 1944 (Droits r\u00e9serv\u00e9s, Mus\u00e9e D\u00e9partemental de la R\u00e9sistance et de la D\u00e9portation, Lorris)<\/em><\/figcaption><\/figure>\n<\/div>\n\n\n<p>Apr\u00e8s les combats \u00e0 Paris, Albin Chalandon restera aux c\u00f4t\u00e9s du colonel O\u2019Neill \u00e0 Paris jusqu\u2019au d\u00e9but du mois de septembre 1944, alors que le maquis est dissous.<\/p>\n\n\n\n<p>Pour finir, je vous laisse une nouvelle fois avec ces mots d\u2019Albin Chalandon, \u00e9crits \u00e0 l\u2019occasion de la sortie des <a href=\"https:\/\/maquisdelorris.fr\/resistance\/?page_id=286\" target=\"_blank\" rel=\"noreferrer noopener\">Sangliers sortent du bois<\/a> en 2011, ouvrage pour lequel il avait tr\u00e8s gentiment accept\u00e9 d\u2019\u00e9crire la pr\u00e9face dont voici quelques extraits\u00a0:<\/p>\n\n\n\n<div class=\"wp-block-media-text is-stacked-on-mobile is-vertically-aligned-top\" style=\"grid-template-columns:15% auto\"><figure class=\"wp-block-media-text__media\"><img loading=\"lazy\" decoding=\"async\" width=\"114\" height=\"198\" src=\"https:\/\/maquisdelorris.fr\/resistance\/wp-content\/uploads\/2011\/04\/Albin-Chalandon.jpg\" alt=\"\" class=\"wp-image-153 size-full\"\/><\/figure><div class=\"wp-block-media-text__content\">\n<h4 class=\"wp-block-heading has-regular-font-size\">Le maquis de Lorris&nbsp;? C\u2019est d\u2019abord, une aventure se d\u00e9roulant entre quelques centaines d\u2019hommes, aussi passionnante \u00e0 narrer qu\u2019\u00e0 vivre. C\u2019est en outre &#8211; et bien au-del\u00e0 \u2013 un fragment si minuscule soit-il, de l\u2019histoire&nbsp;de France ! Une nation, \u00e9crit Renan, est la volont\u00e9 de ses membres de vivre ensemble, appuy\u00e9e sur la m\u00e9moire d\u2019un pass\u00e9 commun, et sur un projet pour l\u2019avenir&nbsp;: le maquis de Lorris qui appartient \u00e0 notre histoire nationale en est un mod\u00e8le r\u00e9duit.<\/h4>\n\n\n\n<h4 class=\"wp-block-heading has-regular-font-size\">L\u2019initiative de faire ce livre plus encore sa r\u00e9alisation sont exemplaires. La valeur des actes nombreux et salvateurs sur l\u2019ensemble du territoire national, les risques pris par les acteurs notamment celui d\u2019\u00eatre fusill\u00e9s pour quiconque tombait entre les mains de l\u2019ennemi, r\u00e9v\u00e8lent l\u2019ampleur du sacrifice et le d\u00e9vouement total \u00e0 la nation que la R\u00e9sistance r\u00e9v\u00e9la alors aux Fran\u00e7ais. En nourrir la m\u00e9moire de la population fait partie des forces universelles de l\u2019esprit qui seules peuvent \u00e9carter la France de sombrer un jour dans une soci\u00e9t\u00e9 de consommation, sans m\u00e9moire du pass\u00e9, ni perspective d\u2019avenir, cessant alors d\u2019\u00eatre une nation.<\/h4>\n\n\n\n<h4 class=\"wp-block-heading has-regular-font-size\">Plus encore, la valeur embl\u00e9matique, lourde de symboles, de la vie des maquisards engag\u00e9s dans une exp\u00e9rience humaine extraordinaire, donnait au pays l\u2019exemple d\u2019une action consensuelle dans le courage et parfois l\u2019h\u00e9ro\u00efsme. Elle portait en elle-m\u00eame les traits d\u2019une citoyennet\u00e9 id\u00e9ale, reposant sur la libert\u00e9, l\u2019\u00e9galit\u00e9, v\u00e9cues et cette fraternit\u00e9, que tout maquisard l\u2019ayant \u00e9prouv\u00e9e ne peut que l\u2019esp\u00e9rer toute sa vie.<\/h4>\n\n\n\n<h4 class=\"wp-block-heading has-regular-font-size\">\u00c0 la diff\u00e9rence d\u2019autres maquis, le maquis de Lorris, n\u2019\u00e9tait d\u2019aucune ob\u00e9dience politique. Le combat n\u2019y eut d\u2019autre objet que de bouter l\u2019ennemi hors de nos fronti\u00e8res. Tout cela exigea une vie simple, sereine et d\u00e9pouill\u00e9e, \u00e9clair\u00e9e par les bienfaits d\u2019une communaut\u00e9 o\u00f9 chacun avait le sentiment de vivre en harmonie et en pleine solidarit\u00e9 les uns des autres. Cette qualit\u00e9 de vie, qui accompagna cet \u00e9tat d\u2019esprit, doit \u00eatre mise en exergue dans toute histoire ou r\u00e9flexion sur le maquis et le maquisard. Ce dernier, \u00ab&nbsp;homme nu&nbsp;\u00bb dans la for\u00eat, s\u00e9par\u00e9 de toute soci\u00e9t\u00e9, autre que la sienne, r\u00e9v\u00e8le une aptitude \u00e0 se d\u00e9passer constamment soi-m\u00eame et cr\u00e9er les nouvelles formes de rapports humains. Les membres d\u2019une soci\u00e9t\u00e9 avanc\u00e9e comme les n\u00f4tres ont besoin de savoir ce que devient et comment fonctionne la communaut\u00e9 physique et morale d\u2019un maquis.&nbsp;<\/h4>\n\n\n\n<h4 class=\"wp-block-heading has-regular-font-size\">La vie \u00e9ph\u00e9m\u00e8re des maquis, et leur volont\u00e9 de vivre cach\u00e9s, nous emp\u00eache de saisir leur magie. Ils doivent r\u00e9v\u00e9ler leur secret. Ce n\u2019est qu\u2019en d\u00e9veloppant la recherche \u00e0 leur \u00e9gard et par cons\u00e9quent en multipliant enqu\u00eates et t\u00e9moignages re\u00e7us que l\u2019on pourra aider nos propres soci\u00e9t\u00e9s \u00e0 retrouver au fond d\u2019elles-m\u00eames les ressources ignor\u00e9es du bonheur. Les auteurs de ce livre ont donn\u00e9 l\u2019exemple&nbsp;; beaucoup d\u2019autres doivent le suivre.<\/h4>\n\n\n\n<h4 class=\"wp-block-heading has-regular-font-size\">Albin CHALANDON<\/h4>\n<\/div><\/div>\n\n\n\n<hr class=\"wp-block-separator has-css-opacity\"\/>\n\n\n\n<h2 class=\"wp-block-heading\">Robert G\u00e9rard (d\u00e9c\u00e9d\u00e9 le 17 juillet 2020)<\/h2>\n\n\n\n<p>C&rsquo;est un des derniers repr\u00e9sentants du maquis qui part \u00e0 son tour. Robert G\u00e9rard, alias \u00ab\u00a0Gamin\u00a0\u00bb, est n\u00e9 en 1926. Il entre dans la R\u00e9sistance en f\u00e9vrier 1944, et se retrouve int\u00e9gr\u00e9 au <a href=\"https:\/\/maquisdelorris.fr\/resistance\/?page_id=313\" target=\"_blank\" rel=\"noreferrer noopener\">maquis de Chambon-la-For\u00eat<\/a> d\u00e9but avril. Le groupe est alors dirig\u00e9 par le capitaine Pierre Gramond lorsque les Allemands attaquent violemment le maquis le 6 avril. Les maquisards ainsi d\u00e9log\u00e9s rejoignent le maquis de Lorris dont ils vont constituer la&nbsp;3\u00e8me&nbsp;compagnie, la Compagnie Paul, toujours sous les ordres du capitaine Gramond.<\/p>\n\n\n\n<p>Robert G\u00e9rard participe bien s\u00fbr par la suite \u00e0 tous les \u00e9v\u00e9nements marquants de l&rsquo;\u00e9t\u00e9 1944 aux c\u00f4t\u00e9s de ses camarades, les combats du 12 ao\u00fbt 1944 \u00e0&nbsp;<a href=\"https:\/\/maquisdelorris.fr\/resistance\/?page_id=3116\" target=\"_blank\" rel=\"noreferrer noopener\">Chicamour<\/a>, puis ceux du <a href=\"https:\/\/maquisdelorris.fr\/resistance\/?page_id=105\" target=\"_blank\" rel=\"noreferrer noopener\">14 ao\u00fbt<\/a>&nbsp;au Carrefour d\u2019Orl\u00e9ans, la&nbsp;<a href=\"https:\/\/maquisdelorris.fr\/resistance\/?page_id=1719\" target=\"_blank\" rel=\"noreferrer noopener\">lib\u00e9ration de Ch\u00e2teauneuf-sur-Loire, d\u2019Orl\u00e9ans<\/a>, et enfin <a href=\"https:\/\/maquisdelorris.fr\/resistance\/?page_id=1550\" target=\"_blank\" rel=\"noreferrer noopener\">Paris<\/a>.<\/p>\n\n\n\n<p>A la dissolution du maquis, comme bon nombre de ses camarades, et malgr\u00e9 ses 18 ans \u00e0 peine, Robert G\u00e9rard entre alors au 95\u00e8me r\u00e9giment d&rsquo;infanterie stationn\u00e9 \u00e0 Briare, jusqu&rsquo;\u00e0 la fin de la guerre.<\/p>\n\n\n<div class=\"wp-block-image\">\n<figure class=\"alignright size-large is-resized\"><img loading=\"lazy\" decoding=\"async\" src=\"https:\/\/maquisdelorris.fr\/resistance\/wp-content\/uploads\/2019\/08\/M\u00e9daille-75eme-1024x513.jpg\" alt=\"\" class=\"wp-image-6827\" style=\"width:452px;height:225px\" width=\"452\" height=\"225\" srcset=\"https:\/\/maquisdelorris.fr\/resistance\/wp-content\/uploads\/2019\/08\/M\u00e9daille-75eme-1024x513.jpg 1024w, https:\/\/maquisdelorris.fr\/resistance\/wp-content\/uploads\/2019\/08\/M\u00e9daille-75eme-300x150.jpg 300w\" sizes=\"auto, (max-width: 452px) 100vw, 452px\" \/><\/figure>\n<\/div>\n\n\n<p>Ancien porte-drapeau du Maquis de Lorris, Robert G\u00e9rard est d\u00e9cor\u00e9 de la Croix du combattant volontaire de la R\u00e9sistance et repr\u00e9sentera tous ses compagnons d&rsquo;armes aux c\u00e9r\u00e9monies de comm\u00e9moration annuelles pendant des ann\u00e9es. Le 11 ao\u00fbt 2019, il est ci-dessous entour\u00e9 de ses camarades Robert Turpin et Bernard Chalopin pour sa derni\u00e8re participation aux c\u00e9r\u00e9monies du mois d&rsquo;ao\u00fbt, \u00e0 l&rsquo;occasion du 75\u00e8me anniversaire des combats du maquis de Lorris, c\u00e9r\u00e9monie au cours de laquelle il re\u00e7oit avec eux une m\u00e9daille comm\u00e9morative pour marquer cet anniversaire particulier.<\/p>\n\n\n\n<p> Nous garderons le souvenir d&rsquo;un homme d&rsquo;une gentillesse et d&rsquo;une modestie \u00e0 toute \u00e9preuve qui manquera beaucoup \u00e0 tous les amis des anciens du maquis.<\/p>\n\n\n<div class=\"wp-block-image\">\n<figure class=\"aligncenter size-large is-resized\"><img loading=\"lazy\" decoding=\"async\" src=\"https:\/\/maquisdelorris.fr\/resistance\/wp-content\/uploads\/2020\/07\/20190811_174313-1024x576.jpg\" alt=\"\" class=\"wp-image-7146\" style=\"width:871px;height:489px\" width=\"871\" height=\"489\" srcset=\"https:\/\/maquisdelorris.fr\/resistance\/wp-content\/uploads\/2020\/07\/20190811_174313-1024x576.jpg 1024w, https:\/\/maquisdelorris.fr\/resistance\/wp-content\/uploads\/2020\/07\/20190811_174313-300x169.jpg 300w, https:\/\/maquisdelorris.fr\/resistance\/wp-content\/uploads\/2020\/07\/20190811_174313-768x432.jpg 768w, https:\/\/maquisdelorris.fr\/resistance\/wp-content\/uploads\/2020\/07\/20190811_174313-1536x864.jpg 1536w, https:\/\/maquisdelorris.fr\/resistance\/wp-content\/uploads\/2020\/07\/20190811_174313-2048x1152.jpg 2048w, https:\/\/maquisdelorris.fr\/resistance\/wp-content\/uploads\/2020\/07\/20190811_174313-640x360.jpg 640w\" sizes=\"auto, (max-width: 871px) 100vw, 871px\" \/><\/figure>\n<\/div>\n\n\n<hr class=\"wp-block-separator has-css-opacity\"\/>\n\n\n\n<h2 class=\"wp-block-heading\">Jacques Blain (d\u00e9c\u00e9d\u00e9 le 20 juin 2020)<\/h2>\n\n\n<div class=\"wp-block-image\">\n<figure class=\"alignleft size-large is-resized\"><img loading=\"lazy\" decoding=\"async\" src=\"https:\/\/maquisdelorris.fr\/resistance\/wp-content\/uploads\/2020\/06\/img427-724x1024.jpg\" alt=\"\" class=\"wp-image-7056\" style=\"width:248px;height:350px\" width=\"248\" height=\"350\" srcset=\"https:\/\/maquisdelorris.fr\/resistance\/wp-content\/uploads\/2020\/06\/img427-724x1024.jpg 724w, https:\/\/maquisdelorris.fr\/resistance\/wp-content\/uploads\/2020\/06\/img427-212x300.jpg 212w, https:\/\/maquisdelorris.fr\/resistance\/wp-content\/uploads\/2020\/06\/img427-768x1086.jpg 768w, https:\/\/maquisdelorris.fr\/resistance\/wp-content\/uploads\/2020\/06\/img427-1086x1536.jpg 1086w, https:\/\/maquisdelorris.fr\/resistance\/wp-content\/uploads\/2020\/06\/img427-1448x2048.jpg 1448w, https:\/\/maquisdelorris.fr\/resistance\/wp-content\/uploads\/2020\/06\/img427-640x905.jpg 640w, https:\/\/maquisdelorris.fr\/resistance\/wp-content\/uploads\/2020\/06\/img427-scaled.jpg 1810w\" sizes=\"auto, (max-width: 248px) 100vw, 248px\" \/><\/figure>\n<\/div>\n\n\n<p>C&rsquo;est toujours avec beaucoup de tristesse que nous voyons nos anciens nous quitter. Parmi eux, Jacques Blain tenait une place \u00e0 part. Toujours disponible aupr\u00e8s des jeunes, il s&rsquo;est beaucoup investi pour transmettre  son histoire, celle des maquisards de Lorris. Jamais avare d&rsquo;anecdotes, souvent dr\u00f4les, parfois plus tragiques, il savait captiver son jeune auditoire ! Nul doute que ces \u00e9l\u00e8ves qu&rsquo;il a ainsi c\u00f4toy\u00e9 toutes ces ann\u00e9es ne l&rsquo;ont pas oubli\u00e9 et ne l&rsquo;oublieront pas&#8230; <\/p>\n\n\n\n<p>Jacques Blain est n\u00e9 le 6 avril 1924 \u00e0 Gien. Comme bon nombre de ses futurs camarades maquisards, il travaille alors dans une ferme comme charretier en 1939. Le jeune Jacques a alors 17 ans. Les \u00e9v\u00e9nements se pr\u00e9cipitent pour lui \u00e0 l\u2019automne 1942, alors que l\u2019\u00e9chec de la Rel\u00e8ve pousse les Allemands \u00e0 envisager le recrutement forc\u00e9 d\u2019hommes pour travailler en Allemagne. Jacques Blain est mont\u00e9 \u00e0 Paris et travaille aux chemins de fer, il peut \u00eatre concern\u00e9 et d\u00e9cide de prendre les devants et de s\u2019engager dans l\u2019arm\u00e9e d\u2019armistice, \u00e0 18 ans tout juste&nbsp;! Ni une ni deux, voil\u00e0 le jeune gar\u00e7on qui obtient un laissez-passer pour la zone libre et incorpore le 3<sup>\u00e8me<\/sup> r\u00e9giment de hussards \u00e0 Ch\u00e2teauroux. Le 2<sup>\u00e8me<\/sup> classe Blain signe donc pour trois ans le 23 septembre 1942, sous le statut d\u2019engag\u00e9 volontaire provisoire. Il est pr\u00e9vu qu\u2019il int\u00e8gre le 3<sup>\u00e8me<\/sup> r\u00e9giment de Spahis \u00e0 Batna en Alg\u00e9rie, mais les Alli\u00e9s lancent l\u2019Op\u00e9ration Torch en novembre 1942 et d\u00e9barquent en Afrique du Nord&nbsp;: aussit\u00f4t les Allemands envahissent la zone libre et d\u00e9mobilisent les soldats fran\u00e7ais ainsi d\u00e9sarm\u00e9s. Jacques Blain n\u2019a donc d\u2019autre choix que de retourner \u00e0 Lorris travailler dans les fermes environnantes&nbsp;! Menac\u00e9 cette fois par le STO qui se met en place \u00e0 compter de f\u00e9vrier 1943, je laisse M.Blain vous expliquer lui-m\u00eame dans ce court extrait vid\u00e9o comment il int\u00e8gre la r\u00e9sistance et le maquis de Lorris&nbsp;! Il rencontre ce jour-l\u00e0 des \u00e9l\u00e8ves du coll\u00e8ge Genevi\u00e8ve de Gaulle-Anthonioz des Bordes venus \u00e0 Lorris lui poser leurs questions. Jacques Blain y r\u00e9pondra volontiers tout l\u2019apr\u00e8s-midi en compagnie de son fr\u00e8re d\u2019armes Charles L\u00e9ger et sa fille Annie.<\/p>\n\n\n\n<figure class=\"wp-block-video aligncenter\"><video height=\"544\" style=\"aspect-ratio: 720 \/ 544;\" width=\"720\" controls src=\"https:\/\/maquisdelorris.fr\/resistance\/wp-content\/uploads\/videos\/J.Blain et C.L\u00e9ger 2006 part.1.mp4\"><\/video><figcaption class=\"wp-element-caption\"><em>T\u00e9moignage recueilli et enregistr\u00e9 par les \u00e9l\u00e8ves du Club R\u00e9sistance 2005\/2006 du coll\u00e8ge Genevi\u00e8ve de Gaulle Anthonioz des Bordes<\/em><br><em>Jacques Blain et Charles L\u00e9ger, 17 mars 2006, Lorris<\/em><\/figcaption><\/figure>\n\n\n\n<p>Incorpor\u00e9 dans la compagnie Albin fin juin 44, dans le groupe dirig\u00e9 par Jacques de Veyssi\u00e8re, Jacques Blain adopte comme pseudonyme \u00ab&nbsp;Le Hussard&nbsp;\u00bb, \u00e9videmment en r\u00e9f\u00e9rence \u00e0 son court engagement dans l\u2019arm\u00e9e. Son groupe (voir&nbsp;<a href=\"https:\/\/maquisdelorris.fr\/resistance\/wp-content\/uploads\/2011\/04\/Sh%C3%A9ma-organisation-des-compagnies.jpg\" target=\"_blank\" rel=\"noreferrer noopener\">sch\u00e9ma d\u2019organisation d\u2019une compagnie du maquis de Lorris<\/a>)&nbsp;participe \u00e0 toutes les actions du maquis. Jacques Blain fait ainsi partie des renforts envoy\u00e9s l\u2019apr\u00e8s-midi du 12 ao\u00fbt 1944 \u00e0&nbsp;<a href=\"https:\/\/maquisdelorris.fr\/resistance\/?page_id=3116\" target=\"_blank\" rel=\"noreferrer noopener\">Chicamour<\/a>, et sera pleinement engag\u00e9 dans les&nbsp;<a href=\"https:\/\/maquisdelorris.fr\/resistance\/?page_id=105\" target=\"_blank\" rel=\"noreferrer noopener\">combats du 14 ao\u00fbt<\/a>&nbsp;au Carrefour d\u2019Orl\u00e9ans. Avec tous les hommes de la compagnie Albin, Jacques Blain participera bien s\u00fbr \u00e9galement \u00e0 la&nbsp;<a href=\"https:\/\/maquisdelorris.fr\/resistance\/?page_id=1719\" target=\"_blank\" rel=\"noreferrer noopener\">lib\u00e9ration de Ch\u00e2teauneuf-sur-Loire, d\u2019Orl\u00e9ans<\/a>, et enfin Paris et ses combats sanglants pour la&nbsp;<a href=\"https:\/\/maquisdelorris.fr\/resistance\/?page_id=1550\" target=\"_blank\" rel=\"noreferrer noopener\">prise de la Chambre des D\u00e9put\u00e9s et du Minist\u00e8re des Affaires \u00c9trang\u00e8res<\/a>.&nbsp;<\/p>\n\n\n\n<p>Apr\u00e8s la dissolution du maquis en septembre 1944, Jacques Blain retourne chez lui avec le sentiment du devoir accompli, mais l\u2019Arm\u00e9e n\u2019a pas oubli\u00e9 l\u2019engag\u00e9 volontaire Blain&nbsp;! Il est rentr\u00e9 depuis 6 jours \u00e0 peine qu\u2019il re\u00e7oit l\u2019ordre de rejoindre \u00e0 Strasbourg le 23<sup>\u00e8me<\/sup> R\u00e9giment d\u2019Infanterie de la &nbsp;1<sup>\u00e8re<\/sup> arm\u00e9e, constitu\u00e9e exclusivement d\u2019Alsaciens de l\u2019arm\u00e9e allemande (les fameux \u00ab&nbsp;Malgr\u00e9&nbsp; nous&nbsp;\u00bb) et d\u2019anciens maquisards. Et le voil\u00e0 reparti pour de nouvelles aventures !<\/p>\n\n\n\n<p>Comme ses camarades Charles L\u00e9ger, Jean H\u00e9au, Bernard Chalopin, Robert Turpin, Pierre Benoist, Robert G\u00e9rard et tous les autres, Jacques Blain participait \u00e0 toutes les comm\u00e9morations et c\u00e9r\u00e9monies du maquis aupr\u00e8s de ses camarades, et intervenait r\u00e9guli\u00e8rement aupr\u00e8s des coll\u00e9giens des environs, nous lui devons beaucoup&#8230;<\/p>\n\n\n<div class=\"wp-block-image\">\n<figure class=\"aligncenter size-large is-resized\"><img loading=\"lazy\" decoding=\"async\" src=\"https:\/\/maquisdelorris.fr\/resistance\/wp-content\/uploads\/2020\/06\/P1060255-1024x768.jpg\" alt=\"\" class=\"wp-image-7059\" style=\"width:745px;height:557px\" width=\"745\" height=\"557\"\/><figcaption class=\"wp-element-caption\">Charles L\u00e9ger, Jacques Blain et Bernard Chalopin, visite du Carrefour de la R\u00e9sistance et du camp du Ravoir avec les \u00e9l\u00e8ves du coll\u00e8ge Genevi\u00e8ve de Gaulle-Anthonioz des Bordes, 17 octobre 2006 (Tous droits r\u00e9serv\u00e9s)<\/figcaption><\/figure>\n<\/div>\n\n\n<hr class=\"wp-block-separator has-css-opacity\"\/>\n\n\n\n<h2 class=\"wp-block-heading\">Michel No\u00ebl du Payrat (d\u00e9c\u00e9d\u00e9 le 5 mai 2020)<\/h2>\n\n\n<div class=\"wp-block-image\">\n<figure class=\"alignright size-large is-resized\"><img loading=\"lazy\" decoding=\"async\" src=\"https:\/\/maquisdelorris.fr\/resistance\/wp-content\/uploads\/2020\/06\/du-payrat3.jpg\" alt=\"\" class=\"wp-image-7009\" style=\"width:204px;height:262px\" width=\"204\" height=\"262\" srcset=\"https:\/\/maquisdelorris.fr\/resistance\/wp-content\/uploads\/2020\/06\/du-payrat3.jpg 294w, https:\/\/maquisdelorris.fr\/resistance\/wp-content\/uploads\/2020\/06\/du-payrat3-233x300.jpg 233w\" sizes=\"auto, (max-width: 204px) 100vw, 204px\" \/><\/figure>\n<\/div>\n\n\n<p>Nous avons appris avec tristesse le d\u00e9c\u00e8s du g\u00e9n\u00e9ral Michel No\u00ebl du Payrat, le 5 mai dernier. Il \u00e9tait l\u2019un des derniers \u00ab&nbsp;Cyrards&nbsp;\u00bb venus de Paris pour instruire les maquisards du Loiret au maniement des armes. N\u00e9 le 29 novembre 1925 \u00e0 Paris, Michel No\u00ebl du Payrat int\u00e8gre donc lui aussi la pr\u00e9paration au concours d\u2019entr\u00e9e \u00e0 Saint Cyr au Lyc\u00e9e Janson de Sailly \u00e0 Paris, et suit le m\u00eame parcours qu&rsquo;Andr\u00e9 Plagnol&nbsp;et leurs camarades dont vous retrouverez le d\u00e9tail quelques lignes plus bas : int\u00e9gr\u00e9 au Corps Francs Li\u00e9nart cr\u00e9\u00e9 par le lieutenant Jean de Montangon, c&rsquo;est \u00e0 Paris que les jeunes fourbissent d&rsquo;abord leurs armes et s&rsquo;initient au maniement des explosifs. Si l&rsquo;objectif initial \u00e9tait de les pr\u00e9parer \u00e0 encadrer des \u00e9quipes pour lib\u00e9rer \u00e0 terme la capitale, l\u2019arrestation de leur chef le 3 juin 1944 pousse Albin Chalandon, alors adjoint du lieutenant de Montangon, \u00e0 envoyer les 21 jeunes dans le Loiret en for\u00eat d\u2019Orl\u00e9ans pour y recruter et former de nouveaux volontaires. Michel No\u00ebl du Payrat y partagera le quotidien de ses hommes, une vie \u00e0 la dure dans les bois sous les intemp\u00e9ries, et les risques, au cours des <a href=\"https:\/\/maquisdelorris.fr\/resistance\/?page_id=103\" target=\"_blank\" rel=\"noreferrer noopener\">nombreuses missions men\u00e9es par le maquis<\/a>. Mais au moment de l&rsquo;attaque du maquis le <a href=\"https:\/\/maquisdelorris.fr\/resistance\/?page_id=105\" target=\"_blank\" rel=\"noreferrer noopener\">14 ao\u00fbt<\/a>&nbsp;au Carrefour d\u2019Orl\u00e9ans, Michel No\u00ebl du Payrat est gravement malade. Souffrant d&rsquo;une pleur\u00e9sie (de l&rsquo;eau dans les poumons), il doit \u00eatre \u00e9vacu\u00e9 vers Vitry-aux-Loges. Traqu\u00e9s par les Allemands, les maquisards se replient \u00e0 travers la for\u00eat, un calvaire pour le jeune homme. Le 16 ao\u00fbt \u00e0 22 heures, tout le maquis est enfin regroup\u00e9 sur la route de Fay-aux-Loges, \u00e0 hauteur du gu\u00e9 Girault, pr\u00eat \u00e0 poursuivre la lutte. Tandis que le maquis de Lorris livre alors combat au grand jour, participant activement \u00e0 la&nbsp;<a href=\"https:\/\/maquisdelorris.fr\/resistance\/?page_id=1719\" target=\"_blank\" rel=\"noreferrer noopener\">lib\u00e9ration de Ch\u00e2teauneuf-sur-Loire puis Orl\u00e9ans<\/a>, Michel No\u00ebl du Payrat restera un mois \u00e0 se soigner et se remettre, sous la protection de la famille du garde forestier M.Dutaut. A son plus grand regret, il ne pourra donc pas accompagner ses camarades pour les combats de la lib\u00e9ration de <a href=\"https:\/\/maquisdelorris.fr\/resistance\/?page_id=1550\" target=\"_blank\" rel=\"noreferrer noopener\">Paris<\/a>.<\/p>\n\n\n<div class=\"wp-block-image\">\n<figure class=\"alignleft size-large is-resized\"><img loading=\"lazy\" decoding=\"async\" src=\"https:\/\/maquisdelorris.fr\/resistance\/wp-content\/uploads\/2020\/06\/du-payrat4.jpg\" alt=\"\" class=\"wp-image-7010\" style=\"width:271px;height:270px\" width=\"271\" height=\"270\" srcset=\"https:\/\/maquisdelorris.fr\/resistance\/wp-content\/uploads\/2020\/06\/du-payrat4.jpg 960w, https:\/\/maquisdelorris.fr\/resistance\/wp-content\/uploads\/2020\/06\/du-payrat4-300x300.jpg 300w, https:\/\/maquisdelorris.fr\/resistance\/wp-content\/uploads\/2020\/06\/du-payrat4-150x150.jpg 150w, https:\/\/maquisdelorris.fr\/resistance\/wp-content\/uploads\/2020\/06\/du-payrat4-768x766.jpg 768w, https:\/\/maquisdelorris.fr\/resistance\/wp-content\/uploads\/2020\/06\/du-payrat4-640x639.jpg 640w\" sizes=\"auto, (max-width: 271px) 100vw, 271px\" \/><\/figure>\n<\/div>\n\n\n<p>Apr\u00e8s la lib\u00e9ration, Michel No\u00ebl du Payrat entame une brillante carri\u00e8re militaire et sera de tous les th\u00e9\u00e2tres d\u2019op\u00e9rations&nbsp;: Indochine, AOF, Alg\u00e9rie, il est admis \u00e0 l\u2019Ecole sup\u00e9rieure de guerre en mai 1961 et devient chef de bataillon en 1962. Il fait partie de l\u2019\u00e9tat-major particulier du g\u00e9n\u00e9ral de Gaulle entre juillet 1966 et juillet 1968 avant de prendre le commandement du r\u00e9giment de marche du Tchad. Affect\u00e9 au cabinet du Premier ministre en ao\u00fbt 1975, il est nomm\u00e9 g\u00e9n\u00e9ral de Brigade en mars 1977, g\u00e9n\u00e9ral de division en 1980, sous-chef d\u2019\u00e9tat-major des arm\u00e9es en 1981, puis g\u00e9n\u00e9ral de corps d\u2019arm\u00e9e (inspecteur g\u00e9n\u00e9ral des forces ext\u00e9rieures et des troupes de Marine jusqu\u2019en novembre 1985). \u00c9lev\u00e9 au rang de commandeur de la L\u00e9gion d&rsquo;honneur, le g\u00e9n\u00e9ral Michel No\u00ebl du Payrat nous a quitt\u00e9s \u00e0 l&rsquo;\u00e2ge de 94 ans, on n&rsquo;oubliera pas son r\u00f4le dans la cr\u00e9ation et l&rsquo;organisation du maquis de Lorris.<\/p>\n\n\n\n<hr class=\"wp-block-separator has-css-opacity\"\/>\n\n\n\n<h2 class=\"wp-block-heading\">Pierre Benoist (d\u00e9c\u00e9d\u00e9 le 22 avril 2020)<\/h2>\n\n\n<div class=\"wp-block-image\">\n<figure class=\"alignright size-large is-resized\"><img loading=\"lazy\" decoding=\"async\" src=\"https:\/\/maquisdelorris.fr\/resistance\/wp-content\/uploads\/2020\/06\/Pierre-Benoist2.jpg\" alt=\"\" class=\"wp-image-7012\" style=\"width:142px;height:277px\" width=\"142\" height=\"277\" srcset=\"https:\/\/maquisdelorris.fr\/resistance\/wp-content\/uploads\/2020\/06\/Pierre-Benoist2.jpg 234w, https:\/\/maquisdelorris.fr\/resistance\/wp-content\/uploads\/2020\/06\/Pierre-Benoist2-154x300.jpg 154w\" sizes=\"auto, (max-width: 142px) 100vw, 142px\" \/><\/figure>\n<\/div>\n\n\n<p>C&rsquo;est avec tristesse que nous avons appris le d\u00e9c\u00e8s d&rsquo;un autre de nos maquisards derni\u00e8rement, Pierre Benoist.<\/p>\n\n\n\n<p>Pierre Benoist est n\u00e9 le 17 d\u00e9cembre 1925. C&rsquo;est comme r\u00e9fractaire au STO en Seine et Marne qu&rsquo;on le retrouve \u00e0 19 ans en pleine occupation. Il parvient \u00e0 \u00e9chapper \u00e0 la r\u00e9quisition et au d\u00e9part pour l&rsquo;Allemagne pour se r\u00e9fugier en for\u00eat d&rsquo;Orl\u00e9ans. Le voil\u00e0 donc en juin 1944 aux premi\u00e8res loges pour int\u00e9grer le maquis de Lorris o\u00f9 il prend le pseudonyme de \u00ab petit Benoit \u00bb dans la compagnie Albin sous les ordres d&rsquo;Albin Chalandon. Il participe donc comme tous ses camarades aux divers combats du mois d&rsquo;a\u00f4ut 1944 que vous connaissez tous d\u00e9sormais, \u00e0 <a href=\"https:\/\/maquisdelorris.fr\/resistance\/?page_id=3116\" target=\"_blank\" rel=\"noreferrer noopener\">Chicamour<\/a> le 12,  puis autour du Carrefour d&rsquo;Orl\u00e9ans le <a href=\"https:\/\/maquisdelorris.fr\/resistance\/?page_id=105\" target=\"_blank\" rel=\"noreferrer noopener\">14 ao\u00fbt<\/a>. Pierre Benoist participe \u00e9galement bien s\u00fbr \u00e0 la&nbsp;<a href=\"https:\/\/maquisdelorris.fr\/resistance\/?page_id=1719\">lib\u00e9ration de la Ville d\u2019Orl\u00e9ans<\/a>&nbsp;puis \u00e0&nbsp;<a href=\"https:\/\/maquisdelorris.fr\/resistance\/?page_id=1503\">celle de Paris<\/a>, aux c\u00f4t\u00e9s de ses camarades.<\/p>\n\n\n\n<p>Fid\u00e8le au poste \u00e0 chaque Assembl\u00e9e g\u00e9n\u00e9rale de l\u2019AFAAM, Pierre Benoist se faisait bien s\u00fbr un devoir d\u2019\u00eatre \u00e9galement pr\u00e9sent lors des c\u00e9r\u00e9monies d&rsquo;ao\u00fbt o\u00f9 il \u00e9tait toujours tr\u00e8s fier de poser aupr\u00e8s de ses camarades pour la traditionnelle photo de famille (ci-dessous au centre). Il nous manquera beaucoup.<\/p>\n\n\n<div class=\"wp-block-image\">\n<figure class=\"aligncenter size-large is-resized\"><img loading=\"lazy\" decoding=\"async\" src=\"https:\/\/maquisdelorris.fr\/resistance\/wp-content\/uploads\/2020\/06\/Pierre-Benoist-1024x768.jpg\" alt=\"\" class=\"wp-image-7011\" style=\"width:674px;height:504px\" width=\"674\" height=\"504\" srcset=\"https:\/\/maquisdelorris.fr\/resistance\/wp-content\/uploads\/2020\/06\/Pierre-Benoist-300x225.jpg 300w, https:\/\/maquisdelorris.fr\/resistance\/wp-content\/uploads\/2020\/06\/Pierre-Benoist-640x480.jpg 640w\" sizes=\"auto, (max-width: 674px) 100vw, 674px\" \/><\/figure>\n<\/div>\n\n<div class=\"wp-block-image\">\n<figure class=\"aligncenter size-large is-resized\"><img loading=\"lazy\" decoding=\"async\" src=\"https:\/\/maquisdelorris.fr\/resistance\/wp-content\/uploads\/2020\/06\/Pierre-Benoist3-613x1024.jpg\" alt=\"\" class=\"wp-image-7013\" style=\"width:278px;height:464px\" width=\"278\" height=\"464\" srcset=\"https:\/\/maquisdelorris.fr\/resistance\/wp-content\/uploads\/2020\/06\/Pierre-Benoist3-613x1024.jpg 613w, https:\/\/maquisdelorris.fr\/resistance\/wp-content\/uploads\/2020\/06\/Pierre-Benoist3-179x300.jpg 179w, https:\/\/maquisdelorris.fr\/resistance\/wp-content\/uploads\/2020\/06\/Pierre-Benoist3.jpg 627w\" sizes=\"auto, (max-width: 278px) 100vw, 278px\" \/><\/figure>\n<\/div>\n\n\n<hr class=\"wp-block-separator has-css-opacity\"\/>\n\n\n\n<h2 class=\"wp-block-heading\">Andr\u00e9 Plagnol nous a quitt\u00e9s<\/h2>\n\n\n<div class=\"wp-block-image\">\n<figure class=\"alignright size-large\"><img loading=\"lazy\" decoding=\"async\" width=\"193\" height=\"261\" src=\"https:\/\/maquisdelorris.fr\/resistance\/wp-content\/uploads\/2020\/01\/Andr\u00e9-Plagnol.jpg\" alt=\"\" class=\"wp-image-6962\"\/><\/figure>\n<\/div>\n\n\n<p>Nous avons appris avec tristesse le d\u00e9c\u00e8s d&rsquo;Andr\u00e9 Plagnol le 24 novembre dernier. Chef de groupe dans la Compagnie Albin, Andr\u00e9 Plagnol \u00e9tait l&rsquo;une des figures embl\u00e9matiques du maquis, un de ces fameux \u00ab\u00a0Cyrards\u00a0\u00bb venus de Paris enseigner l&rsquo;art de la guerre aux maquisards du Loiret dont je vous invite \u00e0 d\u00e9couvrir le parcours.<\/p>\n\n\n\n<p>Andr\u00e9 Plagnol est n\u00e9 le 22 mars 1925. La France est vaincue et occup\u00e9e lorsqu\u2019il entame la pr\u00e9paration au concours d&rsquo;entr\u00e9e \u00e0 Saint Cyr au Lyc\u00e9e Janson de Sailly, rue de la pompe \u00e0 Paris. Ces jeunes destin\u00e9s et pr\u00e9par\u00e9s \u00e0 int\u00e9grer l\u2019arm\u00e9e repr\u00e9sentent alors pour la R\u00e9sistance d\u2019excellentes recrues. Andr\u00e9 Plagnol a tout juste 17 ans lorsqu&rsquo;il entre dans l&rsquo;ORA (Organisation de r\u00e9sistance de l\u2019arm\u00e9e). <\/p>\n\n\n\n<p>Regroup\u00e9s dans le Corps Francs Li\u00e9nart cr\u00e9\u00e9 par le lieutenant Jean de Montangon (alias \u00ab&nbsp;Li\u00e9nart&nbsp;\u00bb), Andr\u00e9 Plagnol et ses camarades b\u00e9n\u00e9ficient d&rsquo;une pr\u00e9paration acc\u00e9l\u00e9r\u00e9e au maniement des armes. Apr\u00e8s l\u2019arrestation de leur chef le 3 juin 1944, Albin Chalandon, alors adjoint du lieutenant de Montangon, d\u00e9cide apr\u00e8s le d\u00e9barquement d\u2019envoyer 21 de ces \u00ab Cyrards \u00bb dans le Loiret en for\u00eat d\u2019Orl\u00e9ans. Dix d\u2019entre eux, dont Albin Chalandon, seront cach\u00e9s par des fermiers dans les communes environnantes&nbsp;de Lorris, huit autres rejoindront le maquis de Vitry-aux-Loges, trois seront dirig\u00e9s vers le maquis de Chambon-la-For\u00eat (voir la <a aria-label=\"page d\u00e9di\u00e9e aux origines du maquis de Lorris (s\u2019ouvre dans un nouvel onglet)\" rel=\"noreferrer noopener\" href=\"https:\/\/maquisdelorris.fr\/resistance\/?page_id=95\" target=\"_blank\">page d\u00e9di\u00e9e aux origines du maquis de Lorris<\/a>). <\/p>\n\n\n\n<p>Andr\u00e9 Plagnol quitte donc Paris en train pour rejoindre Montargis dans la nuit du 7 au 8 juin 1944. A pied, il se dirige alors avec ses neuf camarades dans la for\u00eat pour rejoindre le Carrefour d\u2019Orl\u00e9ans. Il est ensuite accueilli chez la famille Richard \u00e0 Coudroy. Depuis sa retraite, Andr\u00e9 Plagnol est charg\u00e9 de recruter discr\u00e8tement puis de former les futurs maquisards. Il participe donc pleinement \u00e0 la construction et \u00e0 la structuration du maquis de Lorris.<\/p>\n\n\n\n<p> Vous d\u00e9couvrirez le r\u00e9cit de ces origines du maquis dans le court extrait ci-dessous, tir\u00e9 du t\u00e9moignage recueilli en 2014 au M\u00e9morial du Mar\u00e9chal Leclerc de Hauteclocque et de la Lib\u00e9ration de Paris, un grand merci \u00e0 l&rsquo;\u00e9quipe du Mus\u00e9e D\u00e9partemental de la R\u00e9sistance et de la D\u00e9portation de Lorris qui nous autorise \u00e0 diffuser cet enregistrement : <\/p>\n\n\n\n<figure class=\"wp-block-video aligncenter\"><video height=\"480\" style=\"aspect-ratio: 856 \/ 480;\" width=\"856\" controls src=\"https:\/\/maquisdelorris.fr\/resistance\/wp-content\/uploads\/videos\/Andr\u00e9 Plagnol part.1.mp4\"><\/video><figcaption class=\"wp-element-caption\"> <em>Andr\u00e9 Plagnol, M\u00e9morial du Mar\u00e9chal Leclerc de Hauteclocque et de la Lib\u00e9ration de Paris, janvier 2014 (Droits r\u00e9serv\u00e9s, Mus\u00e9e D\u00e9partemental de la R\u00e9sistance et de la D\u00e9portation de Lorris) <\/em> <\/figcaption><\/figure>\n\n\n\n<p>Une fois les effectifs r\u00e9unis en juillet 1944, Andr\u00e9 Plagnol est affect\u00e9 \u00e0 la <a href=\"https:\/\/maquisdelorris.fr\/resistance\/?page_id=99\" target=\"_blank\" rel=\"noreferrer noopener\" aria-label=\"Compagnie Albin (s\u2019ouvre dans un nouvel onglet)\">Compagnie Albin<\/a> plac\u00e9e sous les ordres d\u2019Albin Chalandon, dans la section du lieutenant Ren\u00e9 Toulza. Il y est nomm\u00e9 chef de groupe et dirige donc une unit\u00e9 constitu\u00e9e de 10 hommes (voir <a href=\"https:\/\/maquisdelorris.fr\/resistance\/wp-content\/uploads\/2011\/04\/Sh\u00e9ma-organisation-des-compagnies.jpg\" target=\"_blank\" rel=\"noreferrer noopener\" aria-label=\"sch\u00e9ma d\u2019organisation d\u2019une compagnie du maquis de Lorris (s\u2019ouvre dans un nouvel onglet)\">sch\u00e9ma d\u2019organisation d\u2019une compagnie du maquis de Lorris<\/a>) qui seront de tous les combats. Le groupe Plagnol fait ainsi partie des renforts envoy\u00e9s l\u2019apr\u00e8s-midi du 12 ao\u00fbt 1944 \u00e0 <a href=\"https:\/\/maquisdelorris.fr\/resistance\/?page_id=3116\" target=\"_blank\" rel=\"noreferrer noopener\" aria-label=\"Chicamour (s\u2019ouvre dans un nouvel onglet)\">Chicamour<\/a>, et sera pleinement engag\u00e9 dans les <a href=\"https:\/\/maquisdelorris.fr\/resistance\/?page_id=105\" target=\"_blank\" rel=\"noreferrer noopener\" aria-label=\"combats du 14 ao\u00fbt (s\u2019ouvre dans un nouvel onglet)\">combats du 14 ao\u00fbt<\/a> au Carrefour d&rsquo;Orl\u00e9ans.<\/p>\n\n\n<div class=\"wp-block-image\">\n<figure class=\"aligncenter size-large is-resized\"><img loading=\"lazy\" decoding=\"async\" src=\"https:\/\/maquisdelorris.fr\/resistance\/wp-content\/uploads\/2020\/01\/Lib\u00e9ration-Chateauneuf-727x1024.jpg\" alt=\"\" class=\"wp-image-6967\" style=\"width:503px;height:707px\" width=\"503\" height=\"707\" srcset=\"https:\/\/maquisdelorris.fr\/resistance\/wp-content\/uploads\/2020\/01\/Lib\u00e9ration-Chateauneuf-727x1024.jpg 727w, https:\/\/maquisdelorris.fr\/resistance\/wp-content\/uploads\/2020\/01\/Lib\u00e9ration-Chateauneuf-213x300.jpg 213w, https:\/\/maquisdelorris.fr\/resistance\/wp-content\/uploads\/2020\/01\/Lib\u00e9ration-Chateauneuf-1091x1536.jpg 1091w, https:\/\/maquisdelorris.fr\/resistance\/wp-content\/uploads\/2020\/01\/Lib\u00e9ration-Chateauneuf-1454x2048.jpg 1454w, https:\/\/maquisdelorris.fr\/resistance\/wp-content\/uploads\/2020\/01\/Lib\u00e9ration-Chateauneuf-640x901.jpg 640w, https:\/\/maquisdelorris.fr\/resistance\/wp-content\/uploads\/2020\/01\/Lib\u00e9ration-Chateauneuf-scaled.jpg 1818w\" sizes=\"auto, (max-width: 503px) 100vw, 503px\" \/><figcaption class=\"wp-element-caption\">Ch\u00e2teauneuf-sur-Loire, 17 juillet 1944, avec de g. \u00e0 d. Jacques Brodu, Jacques-Henri Cordier, Bernard de Tailly et Andr\u00e9 Pagnol (Droits r\u00e9serv\u00e9s, AFAAM)<\/figcaption><\/figure>\n<\/div>\n\n\n<p>\u00c0 la t\u00eate de ses hommes, Andr\u00e9 Plagnol participera \u00e9galement \u00e0 la <a rel=\"noreferrer noopener\" aria-label=\"lib\u00e9ration de Ch\u00e2teauneuf-sur-Loire, d\u2019Orl\u00e9ans (s\u2019ouvre dans un nouvel onglet)\" href=\"https:\/\/maquisdelorris.fr\/resistance\/?page_id=1719\" target=\"_blank\">lib\u00e9ration de Ch\u00e2teauneuf-sur-Loire, d\u2019Orl\u00e9ans<\/a>, et enfin Paris o\u00f9 la Compagnie Albin charg\u00e9e de former des t\u00eates de pont sur la rive droite de la Seine sera engag\u00e9e dans de durs combats pour la <a rel=\"noreferrer noopener\" aria-label=\"prise de la Chambre des D\u00e9put\u00e9s et du Minist\u00e8re des Affaires \u00c9trang\u00e8res (s\u2019ouvre dans un nouvel onglet)\" href=\"https:\/\/maquisdelorris.fr\/resistance\/?page_id=1550\" target=\"_blank\">prise de la Chambre des D\u00e9put\u00e9s et du Minist\u00e8re des Affaires \u00c9trang\u00e8res<\/a>. \u00c9coutons Andr\u00e9 Plagnol raconter ces \u00e9v\u00e9nements et les derniers jours du maquis :<\/p>\n\n\n\n<figure class=\"wp-block-video aligncenter\"><video height=\"480\" style=\"aspect-ratio: 856 \/ 480;\" width=\"856\" controls src=\"https:\/\/maquisdelorris.fr\/resistance\/wp-content\/uploads\/videos\/Andr\u00e9 Plagnol part.2.mp4\"><\/video><\/figure>\n\n\n\n<p>Apr\u00e8s la dissolution du maquis, Andr\u00e9 Plagnol poursuit donc son parcours dans l&rsquo;arm\u00e9e jusqu&rsquo;en 1947, puis int\u00e9grera le monde des finances. En 1997, il est \u00e9lev\u00e9 au rang de Chevalier de la L\u00e9gion d&rsquo;Honneur, puis promu au rang d&rsquo;Officier en 2012. <\/p>\n\n\n\n<p>Andr\u00e9 Plagnol a toujours \u00e9t\u00e9 tr\u00e8s attach\u00e9 \u00e0 perp\u00e9tuer l&rsquo;histoire du maquis de Lorris, acceptant volontiers comme en 2014 de t\u00e9moigner sur son parcours et celui de ses camarades en compagnie de celui qui \u00e9tait alors le chef de sa compagnie, Albin Chalandon.<\/p>\n\n\n<div class=\"wp-block-image\">\n<figure class=\"aligncenter size-large is-resized\"><img loading=\"lazy\" decoding=\"async\" src=\"https:\/\/maquisdelorris.fr\/resistance\/wp-content\/uploads\/2013\/03\/Chalandon-Plagnol.jpg\" alt=\"\" class=\"wp-image-3290\" style=\"width:571px;height:339px\" width=\"571\" height=\"339\" srcset=\"https:\/\/maquisdelorris.fr\/resistance\/wp-content\/uploads\/2013\/03\/Chalandon-Plagnol.jpg 875w, https:\/\/maquisdelorris.fr\/resistance\/wp-content\/uploads\/2013\/03\/Chalandon-Plagnol-300x178.jpg 300w\" sizes=\"auto, (max-width: 571px) 100vw, 571px\" \/><figcaption class=\"wp-element-caption\"> <em>Andr\u00e9 Plagnol (\u00e0 gauche) et Albin Chalandon, M\u00e9morial du Mar\u00e9chal Leclerc de Hauteclocque et de la Lib\u00e9ration de Paris, janvier 2014 (Droits r\u00e9serv\u00e9s, Mus\u00e9e D\u00e9partemental de la R\u00e9sistance et de la D\u00e9portation de Lorris)<\/em> <\/figcaption><\/figure>\n<\/div>\n\n\n<hr class=\"wp-block-separator has-css-opacity\"\/>\n\n\n\n<h3 class=\"wp-block-heading\">Jean H\u00e9au s&rsquo;en est all\u00e9<\/h3>\n\n\n<div class=\"wp-block-image\">\n<figure class=\"alignleft is-resized\"><img loading=\"lazy\" decoding=\"async\" src=\"https:\/\/maquisdelorris.fr\/resistance\/wp-content\/uploads\/2019\/05\/Jean-H\u00e9au-image-en-avant.jpg\" alt=\"\" class=\"wp-image-5932\" style=\"width:245px;height:228px\" width=\"245\" height=\"228\" srcset=\"https:\/\/maquisdelorris.fr\/resistance\/wp-content\/uploads\/2019\/05\/Jean-H\u00e9au-image-en-avant.jpg 766w, https:\/\/maquisdelorris.fr\/resistance\/wp-content\/uploads\/2019\/05\/Jean-H\u00e9au-image-en-avant-300x278.jpg 300w, https:\/\/maquisdelorris.fr\/resistance\/wp-content\/uploads\/2019\/05\/Jean-H\u00e9au-image-en-avant-640x593.jpg 640w\" sizes=\"auto, (max-width: 245px) 100vw, 245px\" \/><\/figure>\n<\/div>\n\n\n<p>Jean H\u00e9au est parti le 4 mars 2019, il avait 95 ans.<\/p>\n\n\n\n<p>Combien de fois a-t-il rencontr\u00e9 les jeunes de la r\u00e9gion et nos coll\u00e9giens pour leur raconter le maquis de Lorris&nbsp;! Toujours aux c\u00f4t\u00e9s de son camarade Bernard Chalopin, il leur a inlassablement expliqu\u00e9 le contexte de l\u2019\u00e9poque, l\u2019organisation du maquis, les actions auxquelles il a particip\u00e9, racontant, en n\u2019en revenant toujours pas si longtemps apr\u00e8s, l\u2019incroyable histoire de son entr\u00e9e en r\u00e9sistance que vous d\u00e9couvrirez ci-dessous.<\/p>\n\n\n\n<p>Il nous manquera beaucoup au coll\u00e8ge des Bordes.<\/p>\n\n\n<div class=\"wp-block-image\">\n<figure class=\"aligncenter is-resized\"><img loading=\"lazy\" decoding=\"async\" src=\"https:\/\/maquisdelorris.fr\/resistance\/wp-content\/uploads\/2019\/05\/D\u00e9pose-plaque-Jean-H\u00e9au-1024x576.jpg\" alt=\"\" class=\"wp-image-5930\" style=\"width:727px;height:409px\" width=\"727\" height=\"409\" srcset=\"https:\/\/maquisdelorris.fr\/resistance\/wp-content\/uploads\/2019\/05\/D\u00e9pose-plaque-Jean-H\u00e9au-1024x576.jpg 1024w, https:\/\/maquisdelorris.fr\/resistance\/wp-content\/uploads\/2019\/05\/D\u00e9pose-plaque-Jean-H\u00e9au-300x169.jpg 300w, https:\/\/maquisdelorris.fr\/resistance\/wp-content\/uploads\/2019\/05\/D\u00e9pose-plaque-Jean-H\u00e9au-768x432.jpg 768w, https:\/\/maquisdelorris.fr\/resistance\/wp-content\/uploads\/2019\/05\/D\u00e9pose-plaque-Jean-H\u00e9au-640x360.jpg 640w\" sizes=\"auto, (max-width: 727px) 100vw, 727px\" \/><figcaption class=\"wp-element-caption\">Bernard Chalopin entour\u00e9 des membres du bureau de l&rsquo;AFAAM venus d\u00e9poser une plaque sur la tombe de Jean H\u00e9au (Droits r\u00e9serv\u00e9s, AFAAM, 18 mai 2019)<\/figcaption><\/figure>\n<\/div>\n\n<div class=\"wp-block-image\">\n<figure class=\"alignright is-resized\"><img loading=\"lazy\" decoding=\"async\" src=\"https:\/\/maquisdelorris.fr\/resistance\/wp-content\/uploads\/2019\/04\/jean-h\u00e9au-et-bernard-chalopin-1024x683.jpg\" alt=\"\" class=\"wp-image-5923\" style=\"width:338px;height:226px\" width=\"338\" height=\"226\" srcset=\"https:\/\/maquisdelorris.fr\/resistance\/wp-content\/uploads\/2019\/04\/jean-h\u00e9au-et-bernard-chalopin-1024x683.jpg 1024w, https:\/\/maquisdelorris.fr\/resistance\/wp-content\/uploads\/2019\/04\/jean-h\u00e9au-et-bernard-chalopin-300x200.jpg 300w, https:\/\/maquisdelorris.fr\/resistance\/wp-content\/uploads\/2019\/04\/jean-h\u00e9au-et-bernard-chalopin-768x512.jpg 768w, https:\/\/maquisdelorris.fr\/resistance\/wp-content\/uploads\/2019\/04\/jean-h\u00e9au-et-bernard-chalopin-640x427.jpg 640w, https:\/\/maquisdelorris.fr\/resistance\/wp-content\/uploads\/2019\/04\/jean-h\u00e9au-et-bernard-chalopin.jpg 1536w\" sizes=\"auto, (max-width: 338px) 100vw, 338px\" \/><figcaption class=\"wp-element-caption\"> <em>Messieurs H\u00e9au et Chalopin<\/em> lors des c\u00e9r\u00e9monies du 60\u00e8me anniversaire de la Lib\u00e9ration de Paris <em>(Droits r\u00e9serv\u00e9s, AFAAM, ao\u00fbt 2004)<\/em> <\/figcaption><\/figure>\n<\/div>\n\n\n<p>Jean H\u00e9au a tout juste 14 ans en 1937 alors qu\u2019il vient d\u2019obtenir son Certificat d\u2019\u00e9tudes. Son p\u00e8re l\u2019encourage \u00e0 chercher un travail plut\u00f4t que de travailler dans la ferme familiale de Vieilles-Maisons-sur-Joudry, et le voil\u00e0 parti en apprentissage en menuiserie \u00e0 Lorris, on est en septembre 1937. Lorsque la guerre \u00e9clate, Jean a donc 17 ans, il travaille toujours chez un patron comme menuisier et le restera jusqu\u2019\u00e0 son arrestation en f\u00e9vrier 1943. Il mettra un peu de temps \u00e0 comprendre qu\u2019il a \u00e9t\u00e9 d\u00e9nonc\u00e9 par lettre anonyme et accus\u00e9 d\u2019avoir provoqu\u00e9 le d\u00e9raillement d\u2019un train dans lequel circulait Pierre Laval, alors Chef du gouvernement de Vichy et qui dispose en France des pleins pouvoirs depuis novembre 1942&nbsp;! Interrog\u00e9 sans m\u00e9nagement \u00e0 la prison d\u2019Orl\u00e9ans rue Eug\u00e8ne Vigniat, il ne doit son salut qu\u2019aux d\u00e9marches entreprises par son p\u00e8re pour obtenir sa lib\u00e9ration.<\/p>\n\n\n\n<p>J\u2019ai choisi de remettre en avant ce t\u00e9moignage de Jean H\u00e9au\nqui raconte aux \u00e9l\u00e8ves du coll\u00e8ge en 2011 les circonstances rocambolesques qui\nl\u2019ont vu entrer en r\u00e9sistance, \u00ab&nbsp;une histoire de fou&nbsp;\u00bb comme il le\nr\u00e9p\u00e9tait toujours en racontant cette histoire&nbsp;!<\/p>\n\n\n\n<figure class=\"wp-block-video aligncenter\"><video height=\"576\" style=\"aspect-ratio: 720 \/ 576;\" width=\"720\" controls src=\"https:\/\/maquisdelorris.fr\/resistance\/wp-content\/uploads\/videos\/Jean H\u00e9au RD.mp4\"><\/video><figcaption class=\"wp-element-caption\"> <em>T\u00e9moignage recueilli et enregistr\u00e9 par les \u00e9l\u00e8ves du Club R\u00e9sistance 2010\/2011 du coll\u00e8ge Genevi\u00e8ve de Gaulle Anthonioz des Bordes<\/em><br> <em>Bernard Chalopin et Jean H\u00e9au, le 11 mai 2011, au coll\u00e8ge<\/em> <\/figcaption><\/figure>\n\n\n\n<p>D\u00e9sormais sans papiers, il entre en clandestinit\u00e9 et int\u00e8gre dans un premier temps un groupe de l&rsquo;OCM (Organisation civile et militaire) \u00e0 Vielles-Maisons avant de rejoindre le chantier forestier au c\u0153ur de la for\u00eat d\u2019Orl\u00e9ans o\u00f9 se constitue le futur maquis de Lorris. En entrant dans les rangs du maquis, Jean imite l\u00e0 un certain nombre de jeunes de la r\u00e9gion qui refusent l\u2019occupation allemande et se tiennent pr\u00eats \u00e0 prendre les armes.<\/p>\n\n\n\n<p>Comme son complice de toujours, Bernard Chalopin (\u00ab&nbsp;Tony&nbsp;\u00bb), Jean H\u00e9au, alias \u00ab&nbsp;Tom&nbsp;\u00bb, est int\u00e9gr\u00e9 \u00e0 la compagnie Albin et appartient au groupe Cordier de la section Toulza (<a href=\"https:\/\/maquisdelorris.fr\/resistance\/wp-content\/uploads\/2011\/04\/Sh\u00e9ma-organisation-des-compagnies.jpg\" target=\"_blank\" rel=\"noreferrer noopener\">voir sch\u00e9ma<\/a>), groupe dans lequel il prend en charge le FM (fusil mitrailleur).<\/p>\n\n\n\n<p>Avec ses compagnons d\u2019armes, il sera de toutes les op\u00e9rations (r\u00e9quisition de v\u00e9hicules, r\u00e9ception de parachutage,  sabotage du Pont des Beignets le 28 juillet 1944&#8230;), et de tous les combats, de la lib\u00e9ration de Ch\u00e2teauneuf-sur-Loire \u00e0 celle de Paris, en passant par Orl\u00e9ans, vous connaissez tous les \u00e9v\u00e9nements qui rythmeront ces quatre mois de la vie de nos maquisards \u00e0 l\u2019\u00e9t\u00e9 1944.<\/p>\n\n\n\n<p>\u00c0 la fin de la guerre, alors qu\u2019on lui propose de devenir gendarme, Jean pr\u00e9f\u00e9rera retourner chez lui et reprendre sa vie d\u2019avant, le sentiment du devoir accompli&nbsp;: \u00ab&nbsp;On a juste fait ce qu\u2019il y avait \u00e0 faire&nbsp;\u00bb r\u00e9p\u00e9tait-il toujours\u2026<\/p>\n\n\n\n<p>Jean H\u00e9au sera d\u00e9cor\u00e9 de la Croix du Combattant volontaire de la R\u00e9sistance en 1992.<\/p>\n\n\n<div class=\"wp-block-image\">\n<figure class=\"aligncenter is-resized\"><img loading=\"lazy\" decoding=\"async\" src=\"https:\/\/maquisdelorris.fr\/resistance\/wp-content\/uploads\/2019\/04\/jean-h\u00e9au-aout-2017-1-1024x576.jpg\" alt=\"\" class=\"wp-image-5922\" style=\"width:715px;height:402px\" width=\"715\" height=\"402\" srcset=\"https:\/\/maquisdelorris.fr\/resistance\/wp-content\/uploads\/2019\/04\/jean-h\u00e9au-aout-2017-1-1024x576.jpg 1024w, https:\/\/maquisdelorris.fr\/resistance\/wp-content\/uploads\/2019\/04\/jean-h\u00e9au-aout-2017-1-300x169.jpg 300w, https:\/\/maquisdelorris.fr\/resistance\/wp-content\/uploads\/2019\/04\/jean-h\u00e9au-aout-2017-1-768x432.jpg 768w, https:\/\/maquisdelorris.fr\/resistance\/wp-content\/uploads\/2019\/04\/jean-h\u00e9au-aout-2017-1-640x360.jpg 640w\" sizes=\"auto, (max-width: 715px) 100vw, 715px\" \/><figcaption class=\"wp-element-caption\">Jean H\u00e9au aux c\u00f4t\u00e9s de ses camarades du maquis lors des c\u00e9r\u00e9monies au Carrefour de la R\u00e9sistance (Droits r\u00e9serv\u00e9s, AFAAM, ao\u00fbt 2017)<\/figcaption><\/figure>\n<\/div>\n\n\n<hr class=\"wp-block-separator has-css-opacity\"\/>\n\n\n\n<h3 class=\"wp-block-heading\">D\u00e9c\u00e8s de Maurice Le Noury (18 janvier 2019)<\/h3>\n\n\n\n<p>C\u2019est un personnage embl\u00e9matique et d\u2019une gentillesse incroyable qui dispara\u00eet avec Maurice Le Noury. Il n&rsquo;est pas un ancien du maquis, c&rsquo;est un para des SAS, mais il vivait \u00e0 Gien depuis plusieurs ann\u00e9es et se faisait un devoir d&rsquo;\u00eatre pr\u00e9sent \u00e0 chaque c\u00e9r\u00e9monie de comm\u00e9moration dans la r\u00e9gion, \u00e0 commencer par les c\u00e9r\u00e9monies du souvenir des victimes de l\u2019attaque du Maquis de Lorris par les Allemands le <a rel=\"noreferrer noopener\" aria-label=\"14 ao\u00fbt 1944 (s\u2019ouvre dans un nouvel onglet)\" href=\"https:\/\/maquisdelorris.fr\/resistance\/?page_id=105\" target=\"_blank\">14 ao\u00fbt 1944<\/a>, d&rsquo;o\u00f9 l&rsquo;hommage que l&rsquo;AFAAM tenait \u00e0 lui rendre ici-m\u00eame. Maurice Le Noury nous a quitt\u00e9 \u00e0 l\u2019\u00e2ge de 97 ans, son parcours est remarquable, et c&rsquo;est avec beaucoup de tristesse que je vous invite \u00e0 le d\u00e9couvrir.<\/p>\n\n\n<div class=\"wp-block-image\">\n<figure class=\"aligncenter is-resized\"><img loading=\"lazy\" decoding=\"async\" src=\"https:\/\/maquisdelorris.fr\/resistance\/wp-content\/uploads\/2019\/01\/M.Le-Noury-2016-1024x525.jpg\" alt=\"\" class=\"wp-image-5778\" style=\"width:867px;height:446px\" width=\"867\" height=\"446\" srcset=\"https:\/\/maquisdelorris.fr\/resistance\/wp-content\/uploads\/2019\/01\/M.Le-Noury-2016-1024x525.jpg 1024w, https:\/\/maquisdelorris.fr\/resistance\/wp-content\/uploads\/2019\/01\/M.Le-Noury-2016-300x154.jpg 300w, https:\/\/maquisdelorris.fr\/resistance\/wp-content\/uploads\/2019\/01\/M.Le-Noury-2016-768x394.jpg 768w, https:\/\/maquisdelorris.fr\/resistance\/wp-content\/uploads\/2019\/01\/M.Le-Noury-2016-640x328.jpg 640w\" sizes=\"auto, (max-width: 867px) 100vw, 867px\" \/><figcaption class=\"wp-element-caption\">Maurice Le Noury ici au centre avec son b\u00e9ret rouge, aux c\u00f4t\u00e9s de Bernard Chalopin et des anciens du maquis de Lorris, lors de la c\u00e9r\u00e9monie de comm\u00e9moration de l&rsquo;attaque du maquis par les Allemands le 14 ao\u00fbt 1944 (Droits r\u00e9serv\u00e9s, AFAAM, 2016)<\/figcaption><\/figure>\n<\/div>\n\n\n<p>N\u00e9 le 27 d\u00e9cembre 1921 \u00e0 Villegats, Maurice Le Noury a donc 19 ans en novembre 1941 lorsqu\u2019il d\u00e9cide de quitter la France alors occup\u00e9e par les troupes allemandes. Il franchit la ligne de d\u00e9marcation clandestinement et se retrouve en zone libre, direction Marseille. Il s\u2019embarque ainsi pour l\u2019Afrique du Nord o\u00f9 il s\u2019engage aussit\u00f4t \u00e0 Alger dans le 1<sup>er<\/sup>&nbsp;R\u00e9giment de Zouaves de l\u2019Arm\u00e9e d\u2019Afrique.<\/p>\n\n\n\n<p>En juillet 1943, \u00e0 Tizi Ouzou, le jeune Maurice se porte volontaire pour int\u00e9grer le French Squadron du 2<sup>nd<\/sup> SAS Regiment, une unit\u00e9 d&rsquo;\u00e9lite des forces sp\u00e9ciales des arm\u00e9es britanniques, et subit le dur entra\u00eenement des commandos \u00e0 Philippeville. La mission des SAS, contrairement aux troupes parachutistes classiques, n&rsquo;est pas d&rsquo;engager l&rsquo;arm\u00e9e allemande de front, mais d&rsquo;op\u00e9rer sur les arri\u00e8res de l\u2019ennemi des missions de gu\u00e9rilla, de sabotage et de harc\u00e8lement, sans appui, avec des effectifs r\u00e9duits.<\/p>\n\n\n\n<p>Brevet\u00e9 parachutiste en Angleterre \u00e0 Ringway en avril 1944, Maurice Le Noury s\u2019entra\u00eene \u00e0 Ayr et en \u00c9cosse, mais ne peut participer aux op\u00e9rations a\u00e9roport\u00e9es de son r\u00e9giment en Bretagne, \u00e0 cause d&rsquo;une blessure contract\u00e9e \u00e0 l&rsquo;entra\u00eenement dans le sud de l\u2019Angleterre, peu de temps avant le D\u00e9barquement du 6 juin.<\/p>\n\n\n\n<p>Il pourra n\u00e9anmoins participer \u00e0 la mission RUPERT dans la for\u00eat de Bar-le-Duc (Meuse) quelques semaines plus tard, o\u00f9 il est parachut\u00e9 dans la nuit du 9 au 10 ao\u00fbt 1944 avec ses \u00e9quipiers anglais. Chaque homme est \u00e9quip\u00e9 d&rsquo;un&nbsp;Colt 45, un poignard US et une carabine \u00e0 crosse repliable ou une mitraillette&nbsp;Sten. Seul fran\u00e7ais de son stick (une compagnie de combat compte une section de commandement et deux sections de combat \u00e0 quatre groupes, les sticks), il fera office d&rsquo;interpr\u00e8te et de relais aupr\u00e8s de la population lors de la lib\u00e9ration de Saint-Dizier.<\/p>\n\n\n<div class=\"wp-block-image\">\n<figure class=\"alignright\"><img loading=\"lazy\" decoding=\"async\" width=\"273\" height=\"398\" src=\"https:\/\/maquisdelorris.fr\/resistance\/wp-content\/uploads\/2019\/01\/M.Le-Noury-livre.jpg\" alt=\"\" class=\"wp-image-5779\" srcset=\"https:\/\/maquisdelorris.fr\/resistance\/wp-content\/uploads\/2019\/01\/M.Le-Noury-livre.jpg 273w, https:\/\/maquisdelorris.fr\/resistance\/wp-content\/uploads\/2019\/01\/M.Le-Noury-livre-206x300.jpg 206w\" sizes=\"auto, (max-width: 273px) 100vw, 273px\" \/><\/figure>\n<\/div>\n\n\n<p>De retour en Angleterre une fois la mission accomplie, il rejoint \u00e0 l\u2019automne 1944 le 3<sup>rd<\/sup> SAS Regiment, ou 3<sup>\u00e8me<\/sup> R\u00e9giment de Chasseurs Parachutistes (3<sup>\u00e8me<\/sup> RCP)&nbsp;pour les Fran\u00e7ais. Maurice Le Noury est de nouveau parachut\u00e9 le 8 avril 1945, cette fois en Hollande dans le cadre de l\u2019op\u00e9ration AMHERST. Les 2<sup>nd<\/sup> et 3<sup>rd<\/sup> SAS Regiments pr\u00e9c\u00e8dent le&nbsp;2<sup>\u00e8me<\/sup> Corps canadien et doivent cr\u00e9er la confusion chez l&rsquo;ennemi, l&#8217;emp\u00eacher d&rsquo;\u00e9tablir une ligne de d\u00e9fense et pr\u00e9server les ponts.  Maurice Le Noury est alors le radio du lieutenant colonel de Bollardi\u00e8re, et participe \u00e0 ses c\u00f4t\u00e9s \u00e0 la Lib\u00e9ration de Spier. L&rsquo;op\u00e9ration est un succ\u00e8s, mais les pertes des deux r\u00e9giments SAS sont lourdes, le 3<sup>\u00e8me<\/sup> RCP compte \u00e0 lui seul 12 tu\u00e9s, 40 disparus et 20 bless\u00e9s.<\/p>\n\n\n\n<p>Maurice Le Noury est d\u00e9mobilis\u00e9 \u00e0\nAngers le 11 septembre 1945 avec le grade de caporal, et recevra par la suite\nune multitude de d\u00e9corations&nbsp;en r\u00e9compense des services rendus : Chevalier\nde la L\u00e9gion d\u2019honneur, M\u00e9daille Militaire, Croix de Guerre 39-45 avec\ncitations, Croix du Combattant Volontaire.<\/p>\n\n\n\n<p>Je ne saurais trop vous conseiller la lecture de ses m\u00e9moires, r\u00e9dig\u00e9es avec l&rsquo;aide de son ami Gilles Br\u00e9, dans l&rsquo;ouvrage intitul\u00e9<em> En suivant mon \u00e9toile, m\u00e9moires&nbsp;de guerre d\u2019un ancien parachutiste SAS de la France Libre<\/em>,<em>&nbsp;<\/em>publi\u00e9 aux <a rel=\"noreferrer noopener\" aria-label=\"\u00c9ditions de l\u2019\u00c9cluse (s\u2019ouvre dans un nouvel onglet)\" href=\"http:\/\/www.editions-de-lecluse.com\/En-suivant-mon-etoile.html\" target=\"_blank\">\u00c9ditions de l\u2019\u00c9cluse<\/a> en ao\u00fbt dernier, et que vous trouverez sans peine en vente au <a rel=\"noreferrer noopener\" aria-label=\"Mus\u00e9e de la R\u00e9sistance et de la D\u00e9portation de Lorris (s\u2019ouvre dans un nouvel onglet)\" href=\"http:\/\/www.museelorris.fr\/\" target=\"_blank\">Mus\u00e9e de la R\u00e9sistance et de la D\u00e9portation de Lorris<\/a> qu\u2019il connaissait si bien.<\/p>\n\n\n\n<hr class=\"wp-block-separator has-css-opacity\"\/>\n\n\n\n<h3 class=\"wp-block-heading\"> Jean-Pierre Usseglio (d\u00e9c\u00e9d\u00e9 en mai 2018)<\/h3>\n\n\n<div class=\"wp-block-image\">\n<figure class=\"alignleft\"><img loading=\"lazy\" decoding=\"async\" width=\"180\" height=\"247\" src=\"https:\/\/maquisdelorris.fr\/resistance\/wp-content\/uploads\/2018\/05\/JP-usseglio.jpg\" alt=\"\" class=\"wp-image-5525\"\/><\/figure>\n<\/div>\n\n\n<p>Jean-Pierre Usseglio est n\u00e9 le 5 novembre 1925 \u00e0 Paris, il a donc \u00e0 peine 19 ans lorsqu\u2019il rentre dans la r\u00e9sistance au sein du&nbsp;<a href=\"https:\/\/maquisdelorris.fr\/resistance\/?page_id=313\" target=\"_blank\" rel=\"noreferrer noopener\">Maquis de Chambon-la-For\u00eat<\/a>. A la suite de l\u2019attaque du maquis par les Allemands le 6 ao\u00fbt 1944, il se r\u00e9fugie avec ses compagnons en for\u00eat d\u2019Orl\u00e9ans et vient grossir les rangs du maquis de Lorris dans lequel il int\u00e8gre la Compagnie Paul, sous les ordres du Capitaine Gramond. A l\u2019\u00e9t\u00e9 1944,&nbsp; il participe donc \u00e0 la&nbsp;<a href=\"https:\/\/maquisdelorris.fr\/resistance\/?page_id=1719\">lib\u00e9ration de Ch\u00e2teauneuf\/Loire, d\u2019Orl\u00e9ans<\/a>&nbsp;puis \u00e0&nbsp;<a href=\"https:\/\/maquisdelorris.fr\/resistance\/?page_id=1503\">celle de Paris<\/a>, aux c\u00f4t\u00e9s de ses camarades.<\/p>\n\n\n\n<p>Alors qu\u2019au retour de Paris le maquis gagne la r\u00e9gion de la Ni\u00e8vre et se charge de garder sous contr\u00f4le les prisonniers allemands de la colonne Elster, le maquis est dissous. Tandis que nombre de maquisards choisissent de regagner leurs foyers, Jean-Pierre Usseglio rejoint quant \u00e0 lui le 4th SAS \/ 2<sup>\u00e8me<\/sup>&nbsp;RCP \u00e0 Nevers en septembre 1944, et suit en Angleterre la formation de parachutiste \u00e0 l\u2019\u00e9cole de saut de Ringway (novembre-d\u00e9cembre 1944), en compagnie d\u2019autres anciens de la Compagnie Paul.<\/p>\n\n\n\n<p>Ces hommes seront du groupe parachut\u00e9 en Hollande lors de l\u2019op\u00e9ration&nbsp;<em>Amherst<\/em>&nbsp;en avril 1945, avec pour objectif de capturer intacts des canaux n\u00e9erlandais, ponts et a\u00e9rodromes pour permettre ensuite de d\u00e9ferler sur l\u2019Allemagne. Parachut\u00e9s dans la province de Drenthe, les paras occupent plusieurs ponts et m\u00e8nent des embuscades contre les troupes allemandes en retraite avant d\u2019\u00eatre violemment attaqu\u00e9s le 8 avril pr\u00e8s de Westdorp. Deux Fran\u00e7ais sont tu\u00e9s, Serge Levasseur et Ren\u00e9 Peron,&nbsp; Jean-Pierre Usseglio est gravement bless\u00e9&nbsp; \u00e0 la jambe, puis arr\u00eat\u00e9 avec plusieurs de ses camarades. Il \u00e9chappe de peu \u00e0 une ex\u00e9cution sommaire avant d\u2019\u00eatre lib\u00e9r\u00e9 par les troupes canadiennes.<\/p>\n\n\n\n<p>Rapatri\u00e9 vers l\u2019Angleterre le 20 mai 1945, Jean-Pierre Usseglio, tourneur-outilleur de formation, devient avocat. En 1948, il doit subir l\u2019amputation de sa jambe bless\u00e9e en Hollande.<\/p>\n\n\n\n<p>Officier de la L\u00e9gion d\u2019Honneur, M\u00e9daille Militaire, d\u00e9cor\u00e9 de la Croix de Guerre fran\u00e7aise 1939-1945 et de la Bronzen Kruis hollandaise, Jean-Pierre Usseglio&nbsp; s\u2019est toujours tenu \u00e0 l\u2019\u00e9cart des comm\u00e9morations et honneurs que son parcours l\u00e9gitimait pourtant sans contestation, il n\u2019est que justice de lui rendre hommage aujourd\u2019hui.<\/p>\n\n\n\n<hr class=\"wp-block-separator has-css-opacity\"\/>\n\n\n\n<h3 class=\"wp-block-heading\">\u00ab&nbsp;Le Marseillais&nbsp;\u00bb \u00c9tienne Girard s\u2019en est all\u00e9 (mars 2018)<\/h3>\n\n\n<div class=\"wp-block-image\">\n<figure class=\"alignright is-resized\"><a href=\"https:\/\/maquisdelorris.fr\/resistance\/?attachment_id=5446\"><img loading=\"lazy\" decoding=\"async\" src=\"https:\/\/maquisdelorris.fr\/resistance\/wp-content\/uploads\/2018\/03\/Etienne-Girard.jpg\" alt=\"\" class=\"wp-image-5446\" style=\"width:218px;height:363px\" width=\"218\" height=\"363\" srcset=\"https:\/\/maquisdelorris.fr\/resistance\/wp-content\/uploads\/2018\/03\/Etienne-Girard.jpg 384w, https:\/\/maquisdelorris.fr\/resistance\/wp-content\/uploads\/2018\/03\/Etienne-Girard-180x300.jpg 180w, https:\/\/maquisdelorris.fr\/resistance\/wp-content\/uploads\/2018\/03\/Etienne-Girard-300x499.jpg 300w\" sizes=\"auto, (max-width: 218px) 100vw, 218px\" \/><\/a><figcaption class=\"wp-element-caption\">\u00c9tienne Girard (Droits r\u00e9serv\u00e9s, Mus\u00e9e D\u00e9partemental de la R\u00e9sistance et de la D\u00e9portation de Lorris)<\/figcaption><\/figure>\n<\/div>\n\n\n<p><em>\u00ab&nbsp;Le Marseillais&nbsp;\u00bb<\/em>, c\u2019\u00e9tait le pseudonyme d\u2019\u00c9tienne Girard au maquis de Lorris. Son accent chantant ne pouvait tromper personne. Il nous a quitt\u00e9s.<\/p>\n\n\n\n<p>\u00c9tienne Girard est n\u00e9 \u00e0 Arles en 1925. Il quitte la cit\u00e9 romaine avec sa famille pour rejoindre le Loiret en 1937. La guerre d\u00e9bute en 1939. Parmi les cinq fr\u00e8res Girard, l\u2019a\u00een\u00e9 dispara\u00eet le le 18 mai 1940, puis un autre fr\u00e8re sera bless\u00e9 et fait prisonnier. C\u2019est \u00e0 ce moment l\u00e0 que les trois derniers entrent en R\u00e9sistance.<\/p>\n\n\n\n<p>En d\u00e9cembre 1943, \u00c9tienne Girard, alors \u00e2g\u00e9 de 18 ans, et son plus jeune fr\u00e8re de 15 ans, rejoignent dans un premier temps le maquis de l\u2019Etang-neuf \u00e0 Charny dans l\u2019Yonne.<\/p>\n\n\n\n<h5 class=\"wp-block-heading\"><em>Une quarantaine de maquis se sont implant\u00e9s dans l\u2019Yonne en 1943 et 1944.&nbsp;<\/em><em>Le plus important est celui de l\u2019Etang-neuf du r\u00e9seau&nbsp;Jean-Marie Buckmaster, dont le PC \u00e9tait implant\u00e9 depuis mai 1944 dans l\u2019Aillantais, et fort d\u2019une centaine de combattants en juillet 1944. D\u00e9pendant directement du SOE (Special Operations Executive) et disposant d\u2019importants moyens en armes, les maquisards y ont men\u00e9 des embuscades contre les soldats allemands.&nbsp;<\/em><em>Fin juillet, rep\u00e9r\u00e9 par les Allemands, le maquis doit \u00eatre \u00e9vacu\u00e9.&nbsp;<\/em><\/h5>\n\n\n\n<p>En juillet 1944, les fr\u00e8res Girard font partie de ces r\u00e9sistants qui se r\u00e9fugient en for\u00eat d\u2019Orl\u00e9ans et viennent grossir les rangs du maquis de Lorris (Compagnie Albin, groupe de Laubier). En 1944,&nbsp; \u00c9tienne Girard participe donc \u00e0 la&nbsp;<a href=\"https:\/\/maquisdelorris.fr\/resistance\/?page_id=1719\">lib\u00e9ration de la Ville d\u2019Orl\u00e9ans<\/a>&nbsp;puis \u00e0&nbsp;<a href=\"https:\/\/maquisdelorris.fr\/resistance\/?page_id=1503\">celle de Paris<\/a>, aux c\u00f4t\u00e9s de leurs camarades.<\/p>\n\n\n\n<p>C\u2019est 1956 qu\u2019il reviendra sur Arles, ville dans laquelle il n\u2019a cess\u00e9 depuis de t\u00e9moigner aupr\u00e8s des \u00e9l\u00e8ves des \u00e9tablissements scolaires, jusqu\u2019\u00e0 trente fois par an ces derni\u00e8res ann\u00e9es, pour raconter inlassablement son histoire aux plus jeunes, pour leur transmettre le flambeau,&nbsp; et les valeurs de la R\u00e9sistance.<\/p>\n\n\n<div class=\"wp-block-image\">\n<figure class=\"alignleft is-resized\"><a href=\"https:\/\/maquisdelorris.fr\/resistance\/wp-content\/uploads\/2013\/09\/E-Girard-Arles-2013.jpg\"><img loading=\"lazy\" decoding=\"async\" src=\"https:\/\/maquisdelorris.fr\/resistance\/wp-content\/uploads\/2013\/09\/E-Girard-Arles-2013.jpg\" alt=\"E Girard, Arles, 2013\" class=\"wp-image-2129\" style=\"width:301px;height:200px\" width=\"301\" height=\"200\" srcset=\"https:\/\/maquisdelorris.fr\/resistance\/wp-content\/uploads\/2013\/09\/E-Girard-Arles-2013.jpg 640w, https:\/\/maquisdelorris.fr\/resistance\/wp-content\/uploads\/2013\/09\/E-Girard-Arles-2013-300x199.jpg 300w\" sizes=\"auto, (max-width: 301px) 100vw, 301px\" \/><\/a><figcaption class=\"wp-element-caption\">Lors de la c\u00e9r\u00e9monie du 69e anniversaire de la Lib\u00e9ration d\u2019Arles, \u00c9tienne Girard a re\u00e7u des mains d\u2019\u00c9liane Mezy, les insignes de Chevalier dans l\u2019Ordre National de la L\u00e9gion d\u2019Honneur.<\/figcaption><\/figure>\n<\/div>\n\n\n<p>D\u00e9cor\u00e9 de la Croix du Combattant volontaire de la R\u00e9sistance en 1988,&nbsp; \u00c9tienne Girard s\u2019est \u00e9galement vu remettre lors du 69\u00e8me anniversaire de la lib\u00e9ration d\u2019Arles en 2013 les insignes de Chevalier dans l\u2019Ordre National de la L\u00e9gion d\u2019Honneur. Les plus assidus qui suivent notre actualit\u00e9 se rappelleront l\u2019<a href=\"https:\/\/maquisdelorris.fr\/resistance\/?p=2128\" target=\"_blank\" rel=\"noreferrer noopener\">article<\/a>&nbsp;qui lui a \u00e9t\u00e9 consacr\u00e9 sur notre site \u00e0 cette occasion.<\/p>\n\n\n\n<p>\u00c9tienne Girard revenait r\u00e9guli\u00e8rement dans la r\u00e9gion, malgr\u00e9 la distance, assister \u00e0 l\u2019Assembl\u00e9e g\u00e9n\u00e9rale de l\u2019AFAAM ou visiter le mus\u00e9e de la R\u00e9sistance et de la D\u00e9portation de Lorris qu\u2019il connaissait par coeur, pour rencontrer les anciens, aupr\u00e8s desquels il \u00e9tait toujours tr\u00e8s fier de poser pour la photo de famille. Il se faisait bien s\u00fbr un devoir d\u2019\u00eatre \u00e9galement pr\u00e9sent lors des c\u00e9r\u00e9monies comm\u00e9moratives du mois d\u2019ao\u00fbt.<\/p>\n\n\n<div class=\"wp-block-image\">\n<figure class=\"aligncenter is-resized\"><a href=\"https:\/\/maquisdelorris.fr\/resistance\/?attachment_id=4434\"><img loading=\"lazy\" decoding=\"async\" src=\"https:\/\/maquisdelorris.fr\/resistance\/wp-content\/uploads\/2017\/05\/20170514_120848.jpg\" alt=\"\" class=\"wp-image-4434\" style=\"width:725px;height:408px\" width=\"725\" height=\"408\" srcset=\"https:\/\/maquisdelorris.fr\/resistance\/wp-content\/uploads\/2017\/05\/20170514_120848.jpg 4160w, https:\/\/maquisdelorris.fr\/resistance\/wp-content\/uploads\/2017\/05\/20170514_120848-300x169.jpg 300w, https:\/\/maquisdelorris.fr\/resistance\/wp-content\/uploads\/2017\/05\/20170514_120848-768x432.jpg 768w, https:\/\/maquisdelorris.fr\/resistance\/wp-content\/uploads\/2017\/05\/20170514_120848-1024x576.jpg 1024w\" sizes=\"auto, (max-width: 725px) 100vw, 725px\" \/><\/a><figcaption class=\"wp-element-caption\">(de g. \u00e0 d.) : Jean H\u00e9au, Robert Turpin, Jacques Blain, Bernard Chalopin, \u00c9tienne Girard et Pierre Benoist (Droits r\u00e9serv\u00e9s, AFAAM, Lorris, 14 mai 2017)<\/figcaption><\/figure>\n<\/div>\n\n<div class=\"wp-block-image\">\n<figure class=\"aligncenter is-resized\"><a href=\"https:\/\/maquisdelorris.fr\/resistance\/?attachment_id=5449\"><img loading=\"lazy\" decoding=\"async\" src=\"https:\/\/maquisdelorris.fr\/resistance\/wp-content\/uploads\/2018\/03\/20170813_174133.jpg\" alt=\"\" class=\"wp-image-5449\" style=\"width:769px;height:433px\" width=\"769\" height=\"433\" srcset=\"https:\/\/maquisdelorris.fr\/resistance\/wp-content\/uploads\/2018\/03\/20170813_174133.jpg 4160w, https:\/\/maquisdelorris.fr\/resistance\/wp-content\/uploads\/2018\/03\/20170813_174133-300x169.jpg 300w, https:\/\/maquisdelorris.fr\/resistance\/wp-content\/uploads\/2018\/03\/20170813_174133-768x432.jpg 768w, https:\/\/maquisdelorris.fr\/resistance\/wp-content\/uploads\/2018\/03\/20170813_174133-1024x576.jpg 1024w\" sizes=\"auto, (max-width: 769px) 100vw, 769px\" \/><\/a><figcaption class=\"wp-element-caption\">(de g. \u00e0 d.) : Etienne Girard, Jean H\u00e9au, Jacques Blain, Pierre Benoist, Robert Turpin, Bernard Chalopin, Robert G\u00e9rard (Droits r\u00e9serv\u00e9s, AFAAM, Carrefour de la R\u00e9sistance, 13 ao\u00fbt 2017)<\/figcaption><\/figure>\n<\/div>\n\n\n<p>Avec \u00c9tienne Girard, c\u2019est une nouvelle part de l\u2019histoire du maquis qui s\u2019en va, il nous manquera \u00e0 tous. Lors de ses obs\u00e8ques \u00e0 Arles le 20 mai 2018, Bernard Chalopin, ancien maquisard de la Compagnie Albin \u00e9galement, n\u2019a pas manqu\u00e9 dans un dernier message lu devant l\u2019assistance r\u00e9unie \u00e0 l\u2019H\u00f4tel de Ville, de rappeler le courage et l\u2019engagement inalt\u00e9rables de son compagnon d\u2019armes (<a href=\"http:\/\/www.arles-info.fr\/2018\/03\/21\/lhommage-unanime-a-etienne-girard\/\" target=\"_blank\" rel=\"noreferrer noopener\">voir article d\u00e9di\u00e9 Arles-info<\/a>).<\/p>\n\n\n\n<p>Un hommage a \u00e9galement \u00e9t\u00e9 rendu \u00e0 \u00c9tienne Girard le 3 octobre 2018, l\u2019occasion pour l\u2019<a href=\"https:\/\/maquisdelorris.fr\/resistance\/?page_id=1145\" target=\"_blank\" rel=\"noreferrer noopener\">AFAAM<\/a>&nbsp;de d\u00e9poser une plaque \u00e0 sa m\u00e9moire sur sa tombe, dans le cimeti\u00e8re de Trinquetaille. Le Centre de la R\u00e9sistance et de la D\u00e9portation d\u2019Arles et du pays d\u2019Arles n\u2019a pas manqu\u00e9 de rappeler l\u2019investissement de \u00ab&nbsp;celui qui n\u2019a cess\u00e9 jusqu\u2019au bout de vouloir t\u00e9moigner de ses combats pour la libert\u00e9 aupr\u00e8s des \u00e9l\u00e8ves d\u2019Arles et du pays d\u2019Arles&nbsp;\u00bb. C\u2019est sur l\u2019air \u00ab&nbsp;Le temps des cerises&nbsp;\u00bb cher \u00e0 \u00c9tienne Girard que sa famille, les repr\u00e9sentants de l\u2019AFAAM et des \u00e9l\u00e8ves du coll\u00e8ge Morel (qui l\u2019avaient rencontr\u00e9 il y a quelques mois et \u00e9taient pass\u00e9s par le&nbsp;<a href=\"http:\/\/www.museelorris.fr\/\" target=\"_blank\" rel=\"noreferrer noopener\">Mus\u00e9e de la R\u00e9sistance et de la D\u00e9portation de Lorris<\/a>), se sont longuement recueillis avant de d\u00e9poser leurs gerbes de fleurs, puis d\u2019\u00e9couter l\u2019enregistrement d\u2019une de ses interventions \u00e0 l\u2019espace Mistral.<\/p>\n\n\n<div class=\"wp-block-image\">\n<figure class=\"aligncenter is-resized\"><a href=\"https:\/\/maquisdelorris.fr\/resistance\/?attachment_id=5452\"><img loading=\"lazy\" decoding=\"async\" src=\"https:\/\/maquisdelorris.fr\/resistance\/wp-content\/uploads\/2018\/03\/DSC_0941.jpg\" alt=\"\" class=\"wp-image-5452\" style=\"width:481px;height:723px\" width=\"481\" height=\"723\" srcset=\"https:\/\/maquisdelorris.fr\/resistance\/wp-content\/uploads\/2018\/03\/DSC_0941.jpg 4000w, https:\/\/maquisdelorris.fr\/resistance\/wp-content\/uploads\/2018\/03\/DSC_0941-199x300.jpg 199w, https:\/\/maquisdelorris.fr\/resistance\/wp-content\/uploads\/2018\/03\/DSC_0941-768x1155.jpg 768w, https:\/\/maquisdelorris.fr\/resistance\/wp-content\/uploads\/2018\/03\/DSC_0941-681x1024.jpg 681w, https:\/\/maquisdelorris.fr\/resistance\/wp-content\/uploads\/2018\/03\/DSC_0941-300x451.jpg 300w\" sizes=\"auto, (max-width: 481px) 100vw, 481px\" \/><\/a><figcaption class=\"wp-element-caption\">\u00c9tienne Girard (Droits r\u00e9serv\u00e9s, AFAAM, Lorris, 14 mai 2017)<\/figcaption><\/figure>\n<\/div>\n\n\n<hr class=\"wp-block-separator has-css-opacity\"\/>\n\n\n\n<h3 class=\"wp-block-heading\">Guy de Bodman (d\u00e9c\u00e9d\u00e9 en ao\u00fbt 2017)<\/h3>\n\n\n<div class=\"wp-block-image wp-image-4725\">\n<figure class=\"alignright is-resized\"><img loading=\"lazy\" decoding=\"async\" src=\"https:\/\/maquisdelorris.fr\/resistance\/wp-content\/uploads\/2017\/08\/DSCN1978.jpg\" alt=\"\" class=\"wp-image-4725\" style=\"width:242px;height:181px\" width=\"242\" height=\"181\" srcset=\"https:\/\/maquisdelorris.fr\/resistance\/wp-content\/uploads\/2017\/08\/DSCN1978.jpg 3648w, https:\/\/maquisdelorris.fr\/resistance\/wp-content\/uploads\/2017\/08\/DSCN1978-300x225.jpg 300w, https:\/\/maquisdelorris.fr\/resistance\/wp-content\/uploads\/2017\/08\/DSCN1978-768x576.jpg 768w, https:\/\/maquisdelorris.fr\/resistance\/wp-content\/uploads\/2017\/08\/DSCN1978-1024x768.jpg 1024w\" sizes=\"auto, (max-width: 242px) 100vw, 242px\" \/><figcaption class=\"wp-element-caption\">Trail des maquisards 2017 (Droits r\u00e9serv\u00e9s, AFAAM, 2017)<\/figcaption><\/figure>\n<\/div>\n\n\n<p>Nos&nbsp;anciens auront eu une pens\u00e9e toute particuli\u00e8re en ce mois d&rsquo;ao\u00fbt 2017 pour l&rsquo;un des leurs d\u00e9c\u00e9d\u00e9, Guy de Bodman (96 ans). Un hommage poignant lui a \u00e9t\u00e9 rendu lors du traditionnel trail des maquisards le 19 ao\u00fbt 2017, quelques jours apr\u00e8s sa mort. Son parcours \u00e9pouse au plus pr\u00e8s le destin des maquisards de Lorris puisqu&rsquo;il sera de tous leurs combats.  <\/p>\n\n\n<div class=\"wp-block-image\">\n<figure class=\"alignleft is-resized\"><a href=\"https:\/\/maquisdelorris.fr\/resistance\/?attachment_id=4731\" rel=\"attachment wp-att-4731\"><img loading=\"lazy\" decoding=\"async\" src=\"https:\/\/maquisdelorris.fr\/resistance\/wp-content\/uploads\/2017\/08\/DSCN3080.jpg\" alt=\"\" class=\"wp-image-4731\" style=\"width:425px;height:319px\" width=\"425\" height=\"319\" srcset=\"https:\/\/maquisdelorris.fr\/resistance\/wp-content\/uploads\/2017\/08\/DSCN3080.jpg 3648w, https:\/\/maquisdelorris.fr\/resistance\/wp-content\/uploads\/2017\/08\/DSCN3080-300x225.jpg 300w, https:\/\/maquisdelorris.fr\/resistance\/wp-content\/uploads\/2017\/08\/DSCN3080-768x576.jpg 768w, https:\/\/maquisdelorris.fr\/resistance\/wp-content\/uploads\/2017\/08\/DSCN3080-1024x768.jpg 1024w\" sizes=\"auto, (max-width: 425px) 100vw, 425px\" \/><\/a><figcaption class=\"wp-element-caption\">Remise de m\u00e9dailles comm\u00e9moratives par le sous-pr\u00e9fet de Montargis Paul Laville aux 8 anciens du maquis pour le 70\u00e8me anniversaire en 2014, Bernard Chalopin, Jean H\u00e9au, Robert Turpin, Michel Deprecq, Andr\u00e9 Rousseau, Jacques Blain, Robert G\u00e9rard et ici Guy de Bodman (Droits r\u00e9serv\u00e9s, AFAAM, 10 ao\u00fbt 2014)<\/figcaption><\/figure>\n<\/div>\n\n\n<p>Prisonnier de guerre au moment de la d\u00e9b\u00e2cle en 1940, Guy de Bodman s&rsquo;\u00e9vade avant d&rsquo;entrer en r\u00e9sistance. Il se fait d&rsquo;abord recruter par le Corps Franc Vengeance avant d&rsquo;int\u00e9grer le maquis de Lorris le 1<sup>er<\/sup>&nbsp;ao\u00fbt 1944. En temps que chef de section de la compagnie Albin, il participe aux <a href=\"https:\/\/maquisdelorris.fr\/resistance\/?page_id=3116\" target=\"_blank\" rel=\"noopener noreferrer\">combats de Chicamour<\/a> le 12 ao\u00fbt 1944 avant d&rsquo;affronter de nouveau les Allemands deux jours plus tard lors de l\u2019attaque du maquis le 14 ao\u00fbt.<\/p>\n\n\n\n<p>Il suivra ensuite la route des maquisards <a href=\"https:\/\/maquisdelorris.fr\/resistance\/?page_id=1719\" target=\"_blank\" rel=\"noopener noreferrer\">de Ch\u00e2teauneuf-sur-Loire \u00e0 Orl\u00e9ans<\/a>, et jusqu&rsquo;aux combats pour la <a href=\"https:\/\/maquisdelorris.fr\/resistance\/?page_id=1550\" target=\"_blank\" rel=\"noopener noreferrer\">lib\u00e9ration de Paris<\/a>, les 24, 25 et 26 ao\u00fbt 1944 : alors que la Compagnie Robert et la Compagnie Paul pr\u00e9parent l\u2019attaque de l\u2019Ecole Militaire, avec \u00e0 leur t\u00eate le colonel O\u2019Neill, la Compagnie Albin de Guy de Bodman est charg\u00e9e de former des t\u00eates de pont sur la rive droite de la Seine, du Pont de l\u2019Alma \u00e0 celui de la Concorde. Elle sera ensuite engag\u00e9e dans de durs affrontements pour la prise de la Chambre des D\u00e9put\u00e9s et du Minist\u00e8re des Affaires Etrang\u00e8res.<\/p>\n\n\n\n<p>De retour dans la r\u00e9gion, Guy de Bodman participe aux derniers combats pour la lib\u00e9ration de la Ni\u00e8vre en septembre 1944 avant de s&rsquo;engager \u00e0 la dissolution du maquis dans le 2<sup>\u00e8me<\/sup>&nbsp;r\u00e9giment de Hussards aux c\u00f4t\u00e9s du lieutenant-colonel Marc O\u2019Neill.<\/p>\n\n\n<div class=\"wp-block-image\">\n<figure class=\"aligncenter is-resized\"><a href=\"https:\/\/maquisdelorris.fr\/resistance\/?attachment_id=4730\" rel=\"attachment wp-att-4730\"><img loading=\"lazy\" decoding=\"async\" src=\"https:\/\/maquisdelorris.fr\/resistance\/wp-content\/uploads\/2017\/08\/Scan-Guy-de-BODMAN.jpg\" alt=\"\" class=\"wp-image-4730\" style=\"width:400px;height:384px\" width=\"400\" height=\"384\" srcset=\"https:\/\/maquisdelorris.fr\/resistance\/wp-content\/uploads\/2017\/08\/Scan-Guy-de-BODMAN.jpg 850w, https:\/\/maquisdelorris.fr\/resistance\/wp-content\/uploads\/2017\/08\/Scan-Guy-de-BODMAN-300x288.jpg 300w, https:\/\/maquisdelorris.fr\/resistance\/wp-content\/uploads\/2017\/08\/Scan-Guy-de-BODMAN-768x738.jpg 768w\" sizes=\"auto, (max-width: 400px) 100vw, 400px\" \/><\/a><\/figure>\n<\/div>\n\n\n<hr class=\"wp-block-separator has-css-opacity\"\/>\n\n\n<div class=\"wp-block-image\">\n<figure class=\"alignright\"><a href=\"https:\/\/maquisdelorris.fr\/resistance\/?attachment_id=4402\" rel=\"attachment wp-att-4402\"><img loading=\"lazy\" decoding=\"async\" width=\"384\" height=\"255\" src=\"https:\/\/maquisdelorris.fr\/resistance\/wp-content\/uploads\/2017\/05\/michel-deprecq.jpg\" alt=\"\" class=\"wp-image-4402\" srcset=\"https:\/\/maquisdelorris.fr\/resistance\/wp-content\/uploads\/2017\/05\/michel-deprecq.jpg 384w, https:\/\/maquisdelorris.fr\/resistance\/wp-content\/uploads\/2017\/05\/michel-deprecq-300x199.jpg 300w\" sizes=\"auto, (max-width: 384px) 100vw, 384px\" \/><\/a><figcaption class=\"wp-element-caption\">Michel Deprecq en compagnie de sa future \u00e9pouse, se remet de sa blessure apr\u00e8s Chicamour (Droits r\u00e9serv\u00e9s, Mus\u00e9e D\u00e9partemental de la R\u00e9sistance et de la D\u00e9portation, Lorris)<\/figcaption><\/figure>\n<\/div>\n\n\n<h3 class=\"wp-block-heading\"><strong>Michel Deprecq est d\u00e9c\u00e9d\u00e9 le 5 f\u00e9vrier 2017, il avait 93 ans<\/strong><\/h3>\n\n\n\n<p>Michel Deprecq, originaire du Nord, s\u2019est retrouv\u00e9 instituteur \u00e0 Bouzy-la-for\u00eat apr\u00e8s la d\u00e9b\u00e2cle, forc\u00e9 de fuir Calais devant l\u2019avanc\u00e9e allemande. Recrut\u00e9 dans le maquis de Lorris avec son fr\u00e8re Lucien en juillet 1944, Il s\u2019entra\u00eene dans la compagnie Robert au maniement du FM (fusil-mitrailleur), et fait partie des 2 sections de maquisards engag\u00e9s dans l\u2019<a href=\"https:\/\/maquisdelorris.fr\/resistance\/?page_id=3116\" target=\"_blank\" rel=\"noreferrer noopener\">embuscade de Chicamour<\/a>, le 12 ao\u00fbt 1944, bapt\u00eame du feu au cours duquel il est gravement bless\u00e9. Il sera d\u00e9cor\u00e9 de la&nbsp;Croix du Combattant Volontaire de la R\u00e9sistance en 1993.<\/p>\n\n\n\n<p><a href=\"https:\/\/maquisdelorris.fr\/resistance\/?page_id=3116\" target=\"_blank\" rel=\"noreferrer noopener\">Pour relire le t\u00e9moignage de Michel Deprecq de l\u2019attaque de Chicamour du 12 ao\u00fbt 1944<\/a><\/p>\n\n\n\n<hr class=\"wp-block-separator has-css-opacity\"\/>\n\n\n<div class=\"wp-block-image\">\n<figure class=\"alignleft is-resized\"><a href=\"https:\/\/maquisdelorris.fr\/resistance\/?attachment_id=4398\" rel=\"attachment wp-att-4398\"><img loading=\"lazy\" decoding=\"async\" src=\"https:\/\/maquisdelorris.fr\/resistance\/wp-content\/uploads\/2017\/05\/andr\u00e9-rousseau.jpg\" alt=\"\" class=\"wp-image-4398\" style=\"width:165px;height:222px\" width=\"165\" height=\"222\" srcset=\"https:\/\/maquisdelorris.fr\/resistance\/wp-content\/uploads\/2017\/05\/andr\u00e9-rousseau.jpg 384w, https:\/\/maquisdelorris.fr\/resistance\/wp-content\/uploads\/2017\/05\/andr\u00e9-rousseau-223x300.jpg 223w, https:\/\/maquisdelorris.fr\/resistance\/wp-content\/uploads\/2017\/05\/andr\u00e9-rousseau-300x403.jpg 300w\" sizes=\"auto, (max-width: 165px) 100vw, 165px\" \/><\/a><figcaption class=\"wp-element-caption\">Andr\u00e9 Rousseau (Droits r\u00e9serv\u00e9s, Mus\u00e9e D\u00e9partemental de la R\u00e9sistance et de la D\u00e9portation, Lorris)<\/figcaption><\/figure>\n<\/div>\n\n\n<h3 class=\"wp-block-heading\"><strong>Andr\u00e9 Rousseau est d\u00e9c\u00e9d\u00e9 le 8 avril 2017, \u00e0 l&rsquo;\u00e2ge de 94 ans<\/strong><\/h3>\n\n\n\n<p>Originaire de Thimory, il entre en r\u00e9sistance en f\u00e9vrier 1944, dans l\u2019OCM (Organisation civile et militaire), groupe de Montargis, avant d\u2019incorporer le maquis de Vitry aux Loges. Il int\u00e8grera ensuite le maquis de Lorris apr\u00e8s l\u2019attaque des Allemands contre le maquis de Vitry le 17 juillet 1944. Il fait alors partie de la compagnie Albin, groupe Renaud, et participe \u00e0 toutes les missions&nbsp;: embuscades des Bordes le 6 juin 1944, Bellegarde le 15 juin, le pont des Beignets le 29 juillet. Il participe \u00e9galement au combat de&nbsp;<a href=\"https:\/\/maquisdelorris.fr\/resistance\/?page_id=3116\" target=\"_blank\" rel=\"noreferrer noopener\">Chicamour<\/a> le 12 aout avec Michel Deprecq, et affronte les Allemands du r\u00e9giment de s\u00e9curit\u00e9 1010 pr\u00e8s du Carrefour d&rsquo;Orl\u00e9ans le <a href=\"https:\/\/maquisdelorris.fr\/resistance\/?page_id=105\" target=\"_blank\" rel=\"noreferrer noopener\">14 ao\u00fbt<\/a>. Il sera de toutes les batailles qui suivront, participant activement \u00e0 la <a href=\"https:\/\/maquisdelorris.fr\/resistance\/?page_id=1719\" target=\"_blank\" rel=\"noreferrer noopener\">lib\u00e9ration de Ch\u00e2teauneuf sur Loire, puis Orl\u00e9ans et enfin Paris<\/a>.<\/p>\n\n\n\n<p>Membre actif de l\u2019AFAAM, il participait sans rel\u00e2che aux c\u00e9r\u00e9monies comm\u00e9moratives du Carrefour aux c\u00f4t\u00e9s de ses camarades.<\/p>\n\n\n<div class=\"wp-block-image\">\n<figure class=\"aligncenter is-resized\"><a href=\"https:\/\/maquisdelorris.fr\/resistance\/?attachment_id=4410\" rel=\"attachment wp-att-4410\"><img loading=\"lazy\" decoding=\"async\" src=\"https:\/\/maquisdelorris.fr\/resistance\/wp-content\/uploads\/2017\/05\/Les-anciens-m\u00e9morial-2-aout-2016.jpg\" alt=\"\" class=\"wp-image-4410\" style=\"width:755px;height:561px\" width=\"755\" height=\"561\"\/><\/a><figcaption class=\"wp-element-caption\">Andr\u00e9 Rousseau (3\u00e8me en partant de la gauche) et Michel Deprecq (6\u00e8me) \u00e0 la derni\u00e8re c\u00e9r\u00e9monie du Carrefour le 14 ao\u00fbt 2016 (Droits r\u00e9serv\u00e9s, AFAAM, 2016)<\/figcaption><\/figure>\n<\/div>\n\n\n<hr class=\"wp-block-separator has-css-opacity\"\/>\n\n\n\n<h3 class=\"wp-block-heading\"><strong>Le g\u00e9n\u00e9ral (C.R.) Jacques de Veyssi\u00e8re est d\u00e9c\u00e9d\u00e9 le 7 f\u00e9vrier 2017, \u00e0 l\u2019\u00e2ge de 92 ans<\/strong><\/h3>\n\n\n\n<p>C\u2019\u00e9tait un ancien \u00ab&nbsp;<a href=\"https:\/\/maquisdelorris.fr\/resistance\/?page_id=95\" target=\"_blank\" rel=\"noreferrer noopener\">Cyrard<\/a>&nbsp;\u00bb, int\u00e9gr\u00e9 au maquis de Lorris au printemps 1944, et devenu est un des chefs de groupe de la compagnie Albin. Il \u00e9tait commandeur de la L\u00e9gion d&rsquo;Honneur et de l&rsquo;ordre National du M\u00e9rite.<\/p>\n\n\n\n<hr class=\"wp-block-separator has-css-opacity\"\/>\n\n\n\n<h3 class=\"wp-block-heading\">Maurice P\u00e9ron (d\u00e9c\u00e9d\u00e9 en janvier 2017)<\/h3>\n\n\n\n<p>Maurice P\u00e9ron \u00e9tait un maquisard de la Compagnie Robert. Il s&rsquo;\u00e9tait engag\u00e9 \u00e0&#8230; 16 ans ! Vous pourrez consulter sa fiche au Mus\u00e9e D\u00e9partemental de la R\u00e9sistance et de la D\u00e9portation de Lorris<\/p>\n\n\n\n<hr class=\"wp-block-separator has-css-opacity\"\/>\n\n\n<div class=\"wp-block-image\">\n<figure class=\"alignleft is-resized\"><a href=\"https:\/\/maquisdelorris.fr\/resistance\/?attachment_id=4400\" rel=\"attachment wp-att-4400\"><img loading=\"lazy\" decoding=\"async\" src=\"https:\/\/maquisdelorris.fr\/resistance\/wp-content\/uploads\/2017\/05\/leger_charles.jpg\" alt=\"\" class=\"wp-image-4400\" style=\"width:192px;height:211px\" width=\"192\" height=\"211\" srcset=\"https:\/\/maquisdelorris.fr\/resistance\/wp-content\/uploads\/2017\/05\/leger_charles.jpg 384w, https:\/\/maquisdelorris.fr\/resistance\/wp-content\/uploads\/2017\/05\/leger_charles-274x300.jpg 274w, https:\/\/maquisdelorris.fr\/resistance\/wp-content\/uploads\/2017\/05\/leger_charles-300x329.jpg 300w\" sizes=\"auto, (max-width: 192px) 100vw, 192px\" \/><\/a><figcaption class=\"wp-element-caption\">Charles L\u00e9ger \u00e0 la fin de la guerre (Droits r\u00e9serv\u00e9s, Mus\u00e9e D\u00e9partemental de la R\u00e9sistance et de la D\u00e9portation, Lorris)<\/figcaption><\/figure>\n<\/div>\n\n\n<h3 class=\"wp-block-heading\"><strong>Charles L\u00e9ger est d\u00e9c\u00e9d\u00e9 le 13 novembre 2016, \u00e0 l\u2019\u00e2ge de 93 ans<\/strong><\/h3>\n\n\n\n<p>Originaire de Dampierre-en-Burly, il int\u00e8gre le maquis de Lorris au printemps 1944 dans la compagnie Robert. Il se distingue lors de l\u2019attaque du <a href=\"https:\/\/maquisdelorris.fr\/resistance\/?page_id=105\" target=\"_blank\" rel=\"noreferrer noopener\">14 ao\u00fbt 1944<\/a>, en posant huit mines antichars au carrefour du ch\u00eane coquetier pour retarder les allemands. Il participe ensuite aux les <a href=\"https:\/\/maquisdelorris.fr\/resistance\/?page_id=1719\" target=\"_blank\" rel=\"noreferrer noopener\">combats pour la lib\u00e9ration de Ch\u00e2teauneuf-sur-Loire, d\u2019Orl\u00e9ans et de Paris<\/a>. A la dissolution des maquis, en septembre 1944, Charles L\u00e9ger choisi d\u2019int\u00e9grer la premi\u00e8re Arm\u00e9e (Rhin et Danube) du g\u00e9n\u00e9ral de Lattre de Tassigny, et participe alors activement aux campagnes d\u2019Alsace et d\u2019Allemagne jusqu\u2019\u00e0 la capitulation allemande. Il est m\u00e9daill\u00e9 de la Croix du Combattant 1939-1945.<\/p>\n\n\n\n<p><a href=\"https:\/\/maquisdelorris.fr\/resistance\/?page_id=1557\" target=\"_blank\" rel=\"noreferrer noopener\">Pour relire le t\u00e9moignage de Charles L\u00e9ger \u00e0 propos des victimes d\u2019Ouzouer-sur-Loire<\/a><\/p>\n\n\n\n<p><a href=\"https:\/\/maquisdelorris.fr\/resistance\/?page_id=105\" target=\"_blank\" rel=\"noreferrer noopener\">Pour revoir son t\u00e9moignage de l&rsquo;attaque du 14 ao\u00fbt 1944<\/a><\/p>\n\n\n\n<hr class=\"wp-block-separator has-css-opacity\"\/>\n\n\n\n<h3 class=\"wp-block-heading\"><strong>Ren\u00e9e Elise est d\u00e9c\u00e9d\u00e9e le 27 octobre 2016, elle avait 90 ans<\/strong><\/h3>\n\n\n<div class=\"wp-block-image\">\n<figure class=\"alignright is-resized\"><a href=\"https:\/\/maquisdelorris.fr\/resistance\/?attachment_id=4401\" rel=\"attachment wp-att-4401\"><img loading=\"lazy\" decoding=\"async\" src=\"https:\/\/maquisdelorris.fr\/resistance\/wp-content\/uploads\/2017\/05\/Les-Barnab\u00e9s-famille-Elise-.jpg\" alt=\"\" class=\"wp-image-4401\" style=\"width:332px;height:256px\" width=\"332\" height=\"256\" srcset=\"https:\/\/maquisdelorris.fr\/resistance\/wp-content\/uploads\/2017\/05\/Les-Barnab\u00e9s-famille-Elise-.jpg 592w, https:\/\/maquisdelorris.fr\/resistance\/wp-content\/uploads\/2017\/05\/Les-Barnab\u00e9s-famille-Elise--300x232.jpg 300w\" sizes=\"auto, (max-width: 332px) 100vw, 332px\" \/><\/a><figcaption class=\"wp-element-caption\">Les Barnab\u00e9s, famille Elise, PC de Chalandon (Droits r\u00e9serv\u00e9s, Mus\u00e9e D\u00e9partemental de la R\u00e9sistance et de la D\u00e9portation, Lorris)<\/figcaption><\/figure>\n<\/div>\n\n\n<p>Originaire de Belgique, c\u2019est toute la famille Elise qui est venue s\u2019installer \u00e0 la ferme des Barnab\u00e9s \u00e0 Lorris. D\u00e8s le d\u00e9barquement en juin 1944, de nombreux volontaires recrut\u00e9s pour constituer des <a href=\"https:\/\/maquisdelorris.fr\/resistance\/?page_id=95\" target=\"_blank\" rel=\"noreferrer noopener\">groupes de r\u00e9sistance&nbsp;en for\u00eat d\u2019Orl\u00e9ans<\/a>, passent par les Barnab\u00e9s. Parmi eux, Albin Chalandon, membre de l\u2019ORA (Organisation de r\u00e9sistance de l\u2019arm\u00e9e), est charg\u00e9 par le <a href=\"https:\/\/maquisdelorris.fr\/resistance\/?page_id=299\" target=\"_blank\" rel=\"noreferrer noopener\">colonel Marc O\u2019Neill<\/a>, responsable du secteur, de rassembler tous les volontaires de la r\u00e9gion de Lorris : les hommes sont recrut\u00e9s dans les communes de Nogent sur Vernisson, Montereau, Noyers, Le Moulinet, Vieilles Maisons, Thimory\u2026 Certains sont int\u00e9gr\u00e9s \u00e0 l\u2019ORA (Organisation de la R\u00e9sistance Arm\u00e9e), les autres au \u00ab&nbsp;Corps Franc Li\u00e9nart&nbsp;\u00bb. Dans la clandestinit\u00e9, ils re\u00e7oivent une instruction militaire sur le maniement des armes et des explosifs. Albin Chalandon installe alors son PC dans la ferme des Barnab\u00e9s. C\u2019est de l\u00e0 que seront organis\u00e9s de nombreux parachutages et sessions d\u2019entra\u00eenement des volontaires, l\u00e0 o\u00f9 sont h\u00e9berg\u00e9s de nombreux r\u00e9sistants malgr\u00e9 les \u00e9normes risques encourus par la famille Elise, qui prendra \u00e9galement en charge le ravitaillement des hommes.<\/p>\n\n\n\n<hr class=\"wp-block-separator has-css-opacity\"\/>\n\n\n<div class=\"wp-block-image\">\n<figure class=\"alignleft is-resized\"><a href=\"https:\/\/maquisdelorris.fr\/resistance\/?attachment_id=4399\" rel=\"attachment wp-att-4399\"><img loading=\"lazy\" decoding=\"async\" src=\"https:\/\/maquisdelorris.fr\/resistance\/wp-content\/uploads\/2017\/05\/Jean-Fr\u00e9mont.jpg\" alt=\"\" class=\"wp-image-4399\" style=\"width:372px;height:245px\" width=\"372\" height=\"245\" srcset=\"https:\/\/maquisdelorris.fr\/resistance\/wp-content\/uploads\/2017\/05\/Jean-Fr\u00e9mont.jpg 6712w, https:\/\/maquisdelorris.fr\/resistance\/wp-content\/uploads\/2017\/05\/Jean-Fr\u00e9mont-300x197.jpg 300w, https:\/\/maquisdelorris.fr\/resistance\/wp-content\/uploads\/2017\/05\/Jean-Fr\u00e9mont-768x505.jpg 768w, https:\/\/maquisdelorris.fr\/resistance\/wp-content\/uploads\/2017\/05\/Jean-Fr\u00e9mont-1024x674.jpg 1024w\" sizes=\"auto, (max-width: 372px) 100vw, 372px\" \/><\/a><figcaption class=\"wp-element-caption\">Jean Fr\u00e9mont (en gris) sur le chantier forestier (Droits r\u00e9serv\u00e9s, Mus\u00e9e D\u00e9partemental de la R\u00e9sistance et de la D\u00e9portation, Lorris)<\/figcaption><\/figure>\n<\/div>\n\n\n<h3 class=\"wp-block-heading\"><strong>Jean Fr\u00e9mont nous a quitt\u00e9s le 1er septembre 2016, \u00e0 l\u2019\u00e2ge de 94 ans.<\/strong><\/h3>\n\n\n\n<p>Originaire d\u2019Amboise, il habite Orl\u00e9ans lorsqu\u2019il d\u00e9cide d\u2019ignorer sa convocation au STO (Service du Travail Obligatoire) Gr\u00e2ce \u00e0 de faux papiers d\u2019identit\u00e9, il rejoint comme bon nombre d\u2019autres r\u00e9fractaires le chantier forestier du Carrefour d\u2019Orl\u00e9ans o\u00f9 il travaille avec Ren\u00e9 Charton, en contact direct avec les maquisards de Lorris. Il est trahi par un agent infiltr\u00e9 de la Gestapo au chantier, Ren\u00e9 Rebours, alias Jacques Collinet, qui le fait arr\u00eater alors qu\u2019il passe un message sur Orl\u00e9ans. Interrog\u00e9 et tortur\u00e9 au si\u00e8ge de la Gestapo aux num\u00e9ros 47-48 du boulevard Alexandre Martin \u00e0 Orl\u00e9ans, il est d\u2019abord transf\u00e9r\u00e9 \u00e0 la prison allemande de la rue Eug\u00e8ne Vignat avant d\u2019\u00eatre affect\u00e9 sur la base sous-marine de Lorient o\u00f9 il doit travailler pour les Allemands. Il s\u2019\u00e9vade une premi\u00e8re fois, est repris, mais la seconde tentative sera la bonne. Il pourra rentrer \u00e0 Orl\u00e9ans peu avant la Lib\u00e9ration en ao\u00fbt 1944.<\/p>\n\n\n\n<hr class=\"wp-block-separator has-css-opacity\"\/>\n\n\n\n<h3 class=\"wp-block-heading\">Paul Jacquemart (d\u00e9c\u00e9d\u00e9 en mai 2016)<\/h3>\n\n\n\n<p>Paul Jacquemart (n\u00e9 en 1927) est un ancien maquisard de la Compagnie de r\u00e9serve (voir <a rel=\"noreferrer noopener\" aria-label=\"article d\u00e9di\u00e9 \u00e0 l'organisation du maquis (s\u2019ouvre dans un nouvel onglet)\" href=\"https:\/\/maquisdelorris.fr\/resistance\/?page_id=99\" target=\"_blank\">article d\u00e9di\u00e9 \u00e0 l&rsquo;organisation du maquis<\/a>). Il sera arr\u00eat\u00e9 par la Gestapo \u00e0 Orl\u00e9ans. Il est d\u00e9c\u00e9d\u00e9 \u00e0 l&rsquo;\u00e2ge de 89 ans. Vous pourrez consulter sa fiche au Mus\u00e9e D\u00e9partemental de la R\u00e9sistance et de la D\u00e9portation de Lorris.<\/p>\n\n\n\n<hr class=\"wp-block-separator has-css-opacity\"\/>\n\n\n\n<h3 class=\"wp-block-heading\">D\u00e9c\u00e8s du Colonel Claude Morraglia, ancien cyrard du maquis de Lorris et d\u00e9port\u00e9 \u00e0 Buchenwald (janvier 2016)<\/h3>\n\n\n\n<p>Le Colonel Claude Morraglia  (n\u00e9 le 1<sup>er<\/sup>&nbsp;janvier 1923 \u00e0 Metz) est d\u00e9c\u00e9d\u00e9 dans la nuit du 12 au 13 janvier 2016, \u00e0 l&rsquo;\u00e2ge de 93 ans. <\/p>\n\n\n<div class=\"wp-block-image\">\n<figure class=\"alignleft is-resized\"><img loading=\"lazy\" decoding=\"async\" src=\"https:\/\/maquisdelorris.fr\/resistance\/wp-content\/uploads\/2019\/07\/C.-Morraglia.jpg\" alt=\"\" class=\"wp-image-6409\" style=\"width:204px;height:250px\" width=\"204\" height=\"250\" srcset=\"https:\/\/maquisdelorris.fr\/resistance\/wp-content\/uploads\/2019\/07\/C.-Morraglia.jpg 781w, https:\/\/maquisdelorris.fr\/resistance\/wp-content\/uploads\/2019\/07\/C.-Morraglia-245x300.jpg 245w, https:\/\/maquisdelorris.fr\/resistance\/wp-content\/uploads\/2019\/07\/C.-Morraglia-768x942.jpg 768w, https:\/\/maquisdelorris.fr\/resistance\/wp-content\/uploads\/2019\/07\/C.-Morraglia-640x785.jpg 640w\" sizes=\"auto, (max-width: 204px) 100vw, 204px\" \/><\/figure>\n<\/div>\n\n\n<p>Claude Morraglia est un <a rel=\"noreferrer noopener\" href=\"https:\/\/maquisdelorris.fr\/resistance\/?page_id=95\" target=\"_blank\">cyrard<\/a>, un de ces jeunes \u00e9tudiants, \u00e9l\u00e8ves officiers de l\u2019arm\u00e9e fran\u00e7aise du lyc\u00e9e militaire de Saint-Cyr au Lyc\u00e9e Janson-de-Sailly \u00e0 Paris, transf\u00e9r\u00e9 dans un premier temps \u00e0 Aix-en-Provence en octobre 1940 puis ferm\u00e9 en 1942.&nbsp;Claude Morraglia est recrut\u00e9 par un ancien officier instructeur, le capitaine de Montangon (alias \u00ab\u00a0Li\u00e9nart\u00a0\u00bb) de l&rsquo;ORA, l\u2019Organisation de R\u00e9sistance de l\u2019Arm\u00e9e. Il  entre ainsi en r\u00e9sistance et arrive \u00e0 Montargis le 7 juin 1944 en compagnie d\u2019autres jeunes cyrards. Tous sont d&rsquo;abord cach\u00e9s dans des fermes aux environs de Lorris et commencent le recrutement de jeunes volontaires autour de la commune.<\/p>\n\n\n<div class=\"wp-block-image\">\n<figure class=\"alignright is-resized\"><img loading=\"lazy\" decoding=\"async\" src=\"https:\/\/maquisdelorris.fr\/resistance\/wp-content\/uploads\/2019\/07\/C.-Morraglia-2-355x1024.jpg\" alt=\"\" class=\"wp-image-6408\" style=\"width:161px;height:464px\" width=\"161\" height=\"464\" srcset=\"https:\/\/maquisdelorris.fr\/resistance\/wp-content\/uploads\/2019\/07\/C.-Morraglia-2-355x1024.jpg 355w, https:\/\/maquisdelorris.fr\/resistance\/wp-content\/uploads\/2019\/07\/C.-Morraglia-2-104x300.jpg 104w, https:\/\/maquisdelorris.fr\/resistance\/wp-content\/uploads\/2019\/07\/C.-Morraglia-2-768x2218.jpg 768w, https:\/\/maquisdelorris.fr\/resistance\/wp-content\/uploads\/2019\/07\/C.-Morraglia-2-640x1848.jpg 640w, https:\/\/maquisdelorris.fr\/resistance\/wp-content\/uploads\/2019\/07\/C.-Morraglia-2.jpg 982w\" sizes=\"auto, (max-width: 161px) 100vw, 161px\" \/><figcaption class=\"wp-element-caption\">Claude Morraglia d\u00e9cor\u00e9 de la L\u00e9gion d&rsquo;Honneur en 1979 (Droits r\u00e9serv\u00e9s, Mus\u00e9e D\u00e9partemental de la R\u00e9sistance et de la D\u00e9portation de Lorris)<\/figcaption><\/figure>\n<\/div>\n\n\n<p>Claude Morraglia int\u00e8gre rapidement le maquis de Lorris et devient chef de groupe dans la Compagnie Albin. Il met \u00e0 profit sa formation militaire pour entra\u00eener les jeunes recrues au maniement des armes et des explosifs. Son groupe participe pleinement aux <a rel=\"noreferrer noopener\" aria-label=\"actions entreprises \u00e0 l'\u00e9t\u00e9 1944 (s\u2019ouvre dans un nouvel onglet)\" href=\"https:\/\/maquisdelorris.fr\/resistance\/?page_id=103\" target=\"_blank\">actions entreprises \u00e0 l&rsquo;\u00e9t\u00e9 1944<\/a>, en particulier les missions de sabotage de ponts et de voie ferr\u00e9es. C&rsquo;est paradoxalement lors d&rsquo;une mission a priori moins risqu\u00e9e qu&rsquo;il sera arr\u00eat\u00e9 le 14 juillet 1944. Le maquis avait besoin de v\u00e9hicules pour mener ses missions et n&rsquo;h\u00e9sitait pas \u00e0 en r\u00e9quisitionner aupr\u00e8s des habitants de la r\u00e9gion (je vous renvoie \u00e0 l&rsquo;in\u00e9narrable \u00e9pisode de la traction du cur\u00e9 de Varennes \u00e0 laquelle a particip\u00e9 Bernard Chalopin et racont\u00e9 dans <a rel=\"noreferrer noopener\" aria-label=\"Les Sangliers sortent du bois (s\u2019ouvre dans un nouvel onglet)\" href=\"https:\/\/maquisdelorris.fr\/resistance\/?page_id=286\" target=\"_blank\">Les Sangliers sortent du bois<\/a> !). Le propri\u00e9taire de la traction en question \u00e0 Lorris refusa cat\u00e9goriquement de c\u00e9der son v\u00e9hicule et alerta une patrouille de gendarmes fran\u00e7ais. Ceux-ci mirent aussit\u00f4t Claude Morraglia en \u00e9tat d&rsquo;arrestation avant de l&rsquo;incarc\u00e9rer \u00e0 la prison de Montargis. Le 21 juillet, il est remis \u00e0 la Feldgendarmerie. D\u00e8s le lendemain, il passe sous la responsabilit\u00e9 de la Gestapo d\u2019Orl\u00e9ans qui le livrera aussit\u00f4t \u00e0 une s\u00e9rie d&rsquo;interrogatoires muscl\u00e9s&#8230;<\/p>\n\n\n\n<p>Devant son mutisme, l&rsquo;occupant d\u00e9cide alors de transf\u00e9rer Claude Morraglia au camp de Compi\u00e8gne-Royallieu le 28 juillet. Il sera finalement d\u00e9port\u00e9 au camp de Buchenwald le 17 ao\u00fbt. Il y re\u00e7oit le matricule 78706 et est affect\u00e9 au kommando de Neu-Stassfurt. Avec ses cod\u00e9tenus, il travaille alors plusieurs mois dans une usine souterraine d&rsquo;armement (une ancienne mine de sel reconvertie). Il tiendra 8 mois ainsi dans des conditions \u00e9pouvantables avant d&rsquo;\u00eatre lib\u00e9r\u00e9 en compagnie des autres survivants le 8 mai 1945 \u00e0 Annaberg.<\/p>\n\n\n\n<p>Claude Morraglia, contrairement \u00e0 bon nombre d&rsquo;anciens maquisards retourn\u00e9s \u00e0 la vie civile \u00e0 la fin de la guerre, poursuivra logiquement sa carri\u00e8re militaire entam\u00e9e \u00e0 Saint-Cyr et sera donc de tous les combats de l&rsquo;arm\u00e9e fran\u00e7aise dans les colonies d&rsquo;Indochine puis d&rsquo;Alg\u00e9rie. Il y gagnera ses galons de colonel.<\/p>\n\n\n\n<p>Claude Morraglia sera d\u00e9cor\u00e9 le 5 septembre 1979 de la plaque de Grand Officier de la L\u00e9gion d\u2019Honneur par le pr\u00e9sident de la R\u00e9publique en personne, Val\u00e9ry Giscard d\u2019Estaing. Les honneurs militaires lui ont \u00e9t\u00e9 rendus pour ses obs\u00e8ques le 19 janvier 2016, dans la coll\u00e9giale Notre Dame d&rsquo;Ecouis (Eure). <\/p>\n","protected":false},"excerpt":{"rendered":"<p>Chaque ann\u00e9e, l\u2019Assembl\u00e9e g\u00e9n\u00e9rale de l\u2019AFAAM est l\u2019occasion de rendre un dernier hommage aux anciens maquisards disparus r\u00e9cemment. Depuis quelques ann\u00e9es, ils sont malheureusement nombreux \u00e0 nous avoir quitt\u00e9s. Cette rubrique ne peut \u00eatre exhaustive, il s&rsquo;agit avant tout de mettre en lumi\u00e8re le r\u00f4le d&rsquo;hommes particuli\u00e8rement engag\u00e9s, au sein de l&rsquo;AFAAM comme aupr\u00e8s des &hellip; <\/p>\n<p><a class=\"more-link btn\" href=\"https:\/\/maquisdelorris.fr\/resistance\/?page_id=5952\">Lire la suite<\/a><\/p>\n","protected":false},"author":5,"featured_media":0,"parent":1145,"menu_order":10,"comment_status":"closed","ping_status":"closed","template":"","meta":{"footnotes":""},"class_list":["post-5952","page","type-page","status-publish","hentry","nodate","item-wrap"],"aioseo_notices":[],"_links":{"self":[{"href":"https:\/\/maquisdelorris.fr\/resistance\/index.php?rest_route=\/wp\/v2\/pages\/5952","targetHints":{"allow":["GET"]}}],"collection":[{"href":"https:\/\/maquisdelorris.fr\/resistance\/index.php?rest_route=\/wp\/v2\/pages"}],"about":[{"href":"https:\/\/maquisdelorris.fr\/resistance\/index.php?rest_route=\/wp\/v2\/types\/page"}],"author":[{"embeddable":true,"href":"https:\/\/maquisdelorris.fr\/resistance\/index.php?rest_route=\/wp\/v2\/users\/5"}],"replies":[{"embeddable":true,"href":"https:\/\/maquisdelorris.fr\/resistance\/index.php?rest_route=%2Fwp%2Fv2%2Fcomments&post=5952"}],"version-history":[{"count":0,"href":"https:\/\/maquisdelorris.fr\/resistance\/index.php?rest_route=\/wp\/v2\/pages\/5952\/revisions"}],"up":[{"embeddable":true,"href":"https:\/\/maquisdelorris.fr\/resistance\/index.php?rest_route=\/wp\/v2\/pages\/1145"}],"wp:attachment":[{"href":"https:\/\/maquisdelorris.fr\/resistance\/index.php?rest_route=%2Fwp%2Fv2%2Fmedia&parent=5952"}],"curies":[{"name":"wp","href":"https:\/\/api.w.org\/{rel}","templated":true}]}}